{"id":1005,"date":"2021-10-27T16:22:26","date_gmt":"2021-10-27T15:22:26","guid":{"rendered":"http:\/\/pravavpraze.fun\/?page_id=1005"},"modified":"2025-11-03T11:33:06","modified_gmt":"2025-11-03T10:33:06","slug":"uvod","status":"publish","type":"page","link":"https:\/\/law.prf.cuni.cz\/pravavpraze\/","title":{"rendered":"Studuj pr\u00e1va v Praze  na Univerzit\u011b Karlov\u011b"},"content":{"rendered":"\n<div style=\"height:15px\" aria-hidden=\"true\" class=\"wp-block-spacer\"><\/div>\n\n\n<div class=\"wp-block-image is-style-default\">\n<figure class=\"aligncenter size-full is-resized\"><img loading=\"lazy\" decoding=\"async\" width=\"1080\" height=\"671\" src=\"https:\/\/law.prf.cuni.cz\/pravavpraze\/wp-content\/uploads\/sites\/2\/2024\/10\/11.png\" alt=\"\" class=\"wp-image-2312\" style=\"object-fit:cover;width:1234px;height:693px\"\/><\/figure><\/div>\n\n\n<div style=\"height:40px\" aria-hidden=\"true\" class=\"wp-block-spacer\"><\/div>\n\n\n\n<div class=\"wp-block-buttons is-horizontal is-content-justification-center is-layout-flex wp-container-core-buttons-is-layout-1 wp-block-buttons-is-layout-flex\">\n<div class=\"wp-block-button is-style-primary\"><a class=\"wp-block-button__link wp-element-button\" href=\"https:\/\/is.cuni.cz\/studium\/prijimacky\/index.php?do=detail_obor&amp;id_obor=34229\" target=\"_blank\" rel=\"noreferrer noopener\">PODAT P\u0158IHL\u00c1\u0160KU<\/a><\/div>\n<\/div>\n\n\n\n<div style=\"height:40px\" aria-hidden=\"true\" class=\"wp-block-spacer\"><\/div>\n\n\n\n<h1 class=\"wp-block-heading has-text-align-center has-neve-link-hover-color-color has-text-color\"> Pro\u010d studovat pr\u00e1va v Praze<br>na Pr\u00e1vnick\u00e9 fakult\u011b <br>Univerzity Karlovy? <\/h1>\n\n\n\n<p><\/p>\n\n\n\n<p><\/p>\n\n\n\n<p><\/p>\n\n\n\n<h3 class=\"wp-block-heading has-text-align-center has-neve-link-color-color has-text-color\">R\u00e1di byste pom\u00e1hali druh\u00fdm a zaj\u00edm\u00e1 v\u00e1s PR\u00c1VO? <\/h3>\n\n\n\n<h3 class=\"wp-block-heading has-text-align-center has-neve-link-color-color has-text-color\">Chcete mu porozum\u011bt? <\/h3>\n\n\n\n<h3 class=\"wp-block-heading has-text-align-center has-neve-link-color-color has-text-color\">Nech\u00e1te se pr\u00e1vn\u00edm labyrintem prov\u00e1d\u011bt nad\u0161en\u00fdmi u\u010diteli a vn\u00edmav\u00fdmi mentory?<\/h3>\n\n\n\n<h3 class=\"wp-block-heading has-text-align-center has-neve-link-color-color has-text-color\">Chcete, aby v\u00e1s do jeho taj\u016f zasv\u011btily \u0161pi\u010dky v oboru?<\/h3>\n\n\n\n<h3 class=\"wp-block-heading has-text-align-center delay-6s has-neve-link-color-color has-text-color\">Pak jsme pro v\u00e1s nejlep\u0161\u00ed volba!<\/h3>\n\n\n\n<h3 class=\"wp-block-heading has-text-align-center delay-6s has-neve-link-color-color has-text-color\">Studujte pr\u00e1va v Praze.<\/h3>\n\n\n\n<p><\/p>\n\n\n<div class=\"wp-block-image\">\n<figure class=\"aligncenter size-large\"><img decoding=\"async\" src=\"https:\/\/law.prf.cuni.cz\/pravavpraze\/wp-content\/uploads\/sites\/2\/2021\/10\/heureka2.png\" alt=\"Pro\u010d studovat pr\u00e1vo\"\/><\/figure><\/div>\n\n<div class=\"wp-block-image\">\n<figure class=\"aligncenter size-large\"><img decoding=\"async\" src=\"https:\/\/law.prf.cuni.cz\/pravavpraze\/wp-content\/uploads\/sites\/2\/2021\/10\/rozdeleni_B-1024x11.png\" alt=\"Jak se st\u00e1t na\u0161\u00ed studentkou \u010di na\u0161\u00edm studentem\"\/><\/figure><\/div>\n\n\n<h2 class=\"wp-block-heading has-text-align-center has-neve-link-hover-color-color has-text-color\">A jak se st\u00e1t na\u0161\u00ed studentkou <br>\u010di na\u0161\u00edm studentem?<\/h2>\n\n\n\n<p class=\"has-text-align-center\" style=\"font-size:26px\">Sta\u010d\u00ed \u00fasp\u011b\u0161n\u011b proj\u00edt <a href=\"https:\/\/law.prf.cuni.cz\/pravavpraze\/prijimaci-rizeni\/\" target=\"_blank\" rel=\"noopener\" title=\"P\u0159ij\u00edmac\u00ed \u0159\u00edzen\u00ed Pr\u00e1vnick\u00e9 fakulty Univerzity Karlovy\">p\u0159ij\u00edmac\u00edm \u0159\u00edzen\u00edm<\/a>, kter\u00e9 je<\/p>\n\n\n\n<div class=\"wp-block-columns has-nv-dark-bg-color has-text-color is-layout-flex wp-container-core-columns-is-layout-1 wp-block-columns-is-layout-flex\">\n<div class=\"wp-block-column is-layout-flow wp-block-column-is-layout-flow\"><div class=\"wp-block-image icon-style is-style-rounded\">\n<figure class=\"aligncenter size-large\"><img decoding=\"async\" src=\"https:\/\/law.prf.cuni.cz\/pravavpraze\/wp-content\/uploads\/sites\/2\/2021\/10\/O.png\" alt=\"Objektivn\u00ed studium pr\u00e1va v Praze\"\/><\/figure><\/div>\n\n\n<h3 class=\"wp-block-heading has-text-align-center has-neve-text-color-color has-text-color\">OBJEKTIVN\u00cd<\/h3>\n\n\n\n<p class=\"has-text-align-center\">Vych\u00e1z\u00edme z va\u0161ich v\u00fdsledk\u016f v p\u00edsemn\u00fdch Scio testech, p\u0159ipraven\u00fdch fundovan\u00fdmi a zku\u0161en\u00fdmi odborn\u00edky na testov\u00e1n\u00ed. Nem\u016f\u017ee se tak st\u00e1t, \u017ee jedna varianta testu je obt\u00ed\u017en\u011bj\u0161\u00ed, ne\u017e jin\u00e1.<\/p>\n\n\n\n<div style=\"height:20px\" aria-hidden=\"true\" class=\"wp-block-spacer\"><\/div>\n<\/div>\n\n\n\n<div class=\"wp-block-column is-layout-flow wp-block-column-is-layout-flow\"><div class=\"wp-block-image icon-style is-style-rounded\">\n<figure class=\"aligncenter size-large\"><img decoding=\"async\" src=\"https:\/\/law.prf.cuni.cz\/pravavpraze\/wp-content\/uploads\/sites\/2\/2021\/10\/T.png\" alt=\"Transparentn\u00ed studium pr\u00e1va v Praze\" title=\"\"\/><\/figure><\/div>\n\n\n<h3 class=\"wp-block-heading has-text-align-center has-neve-text-color-color has-text-color\">TRANSPARENTN\u00cd<\/h3>\n\n\n\n<p class=\"has-text-align-center\">Neexistuj\u00ed \u017e\u00e1dn\u00e9 kli\u010dky nebo bo\u010dn\u00ed uli\u010dky, jak se na pr\u00e1vnickou fakultu prosm\u00fdknout bez spln\u011bn\u00ed jasn\u011b dan\u00fdch a zve\u0159ejn\u011bn\u00fdch podm\u00ednek pro p\u0159ijet\u00ed.<\/p>\n\n\n\n<div style=\"height:20px\" aria-hidden=\"true\" class=\"wp-block-spacer\"><\/div>\n<\/div>\n\n\n\n<div class=\"wp-block-column has-nv-dark-bg-color has-text-color is-layout-flow wp-block-column-is-layout-flow\"><div class=\"wp-block-image icon-style is-style-rounded\">\n<figure class=\"aligncenter size-large\"><img decoding=\"async\" src=\"https:\/\/law.prf.cuni.cz\/pravavpraze\/wp-content\/uploads\/sites\/2\/2021\/10\/P.png\" alt=\"P\u0159edv\u00eddateln\u00e9 studium pr\u00e1va v Praze\"\/><\/figure><\/div>\n\n\n<h3 class=\"wp-block-heading has-text-align-center has-neve-text-color-color has-text-color\">P\u0158EDV\u00cdDATELN\u00c9<\/h3>\n\n\n\n<p class=\"has-text-align-center\">Uve\u0159ejn\u011bn\u00e9 podm\u00ednky pro p\u0159ijet\u00ed a pr\u016fb\u011b\u017en\u00e9 informace na webu a facebooku Pr\u00e1vnick\u00e9 fakulty UK umo\u017e\u0148uj\u00ed ka\u017ed\u00e9mu, aby v ka\u017ed\u00e9m okam\u017eiku v\u011bd\u011bl, jak\u00e9 \u0161ance na p\u0159ijet\u00ed m\u00e1 a co je\u0161t\u011b m\u016f\u017ee ud\u011blat pro to, aby je zv\u00fd\u0161il.<\/p>\n\n\n\n<div style=\"height:20px\" aria-hidden=\"true\" class=\"wp-block-spacer\"><\/div>\n<\/div>\n<\/div>\n\n\n\n<h2 class=\"wp-block-heading has-text-align-center has-neve-link-hover-color-color has-text-color\">Kde se je\u0161t\u011b m\u016f\u017eeme potkat?<\/h2>\n\n\n\n<div class=\"wp-block-columns is-layout-flex wp-container-core-columns-is-layout-2 wp-block-columns-is-layout-flex\">\n<div class=\"wp-block-column is-vertically-aligned-bottom is-layout-flow wp-block-column-is-layout-flow\" style=\"flex-basis:50%\">\n<figure class=\"wp-block-image size-full\"><img loading=\"lazy\" decoding=\"async\" width=\"600\" height=\"600\" src=\"https:\/\/law.prf.cuni.cz\/pravavpraze\/wp-content\/uploads\/sites\/2\/2023\/10\/4.png\" alt=\"\" class=\"wp-image-2178\"\/><\/figure>\n<\/div>\n\n\n\n<div class=\"wp-block-column is-vertically-aligned-center is-layout-flow wp-block-column-is-layout-flow\" style=\"flex-basis:50%\">\n<div style=\"height:20px\" aria-hidden=\"true\" class=\"wp-block-spacer\"><\/div>\n\n\n\n<h2 class=\"wp-block-heading has-text-align-left has-neve-text-color-color has-text-color\">GAUDEAMUS <br>Nitra<\/h2>\n\n\n\n<p class=\"has-text-align-left has-neve-text-color-color has-text-color\" style=\"font-size:17px\"><strong>23. &#8211; 24. z\u00e1\u0159\u00ed 2025, AGROKOMPLEX NITRA<\/strong><\/p>\n\n\n\n<div class=\"wp-block-buttons is-horizontal is-content-justification-center is-layout-flex wp-container-core-buttons-is-layout-2 wp-block-buttons-is-layout-flex\">\n<div class=\"wp-block-button is-style-primary\"><a class=\"wp-block-button__link wp-element-button\" href=\"https:\/\/gaudeamus.cz\/nitra\">V\u00cdCE ZDE<\/a><\/div>\n<\/div>\n<\/div>\n<\/div>\n\n\n\n<div class=\"wp-block-columns is-layout-flex wp-container-core-columns-is-layout-3 wp-block-columns-is-layout-flex\">\n<div class=\"wp-block-column is-vertically-aligned-bottom is-layout-flow wp-block-column-is-layout-flow\" style=\"flex-basis:50%\">\n<figure class=\"wp-block-image size-full\"><img loading=\"lazy\" decoding=\"async\" width=\"600\" height=\"600\" src=\"https:\/\/law.prf.cuni.cz\/pravavpraze\/wp-content\/uploads\/sites\/2\/2023\/10\/2.png\" alt=\"\" class=\"wp-image-2176\"\/><\/figure>\n<\/div>\n\n\n\n<div class=\"wp-block-column is-vertically-aligned-center is-layout-flow wp-block-column-is-layout-flow\" style=\"flex-basis:50%\">\n<div style=\"height:20px\" aria-hidden=\"true\" class=\"wp-block-spacer\"><\/div>\n\n\n\n<h2 class=\"wp-block-heading has-text-align-left has-neve-text-color-color has-text-color\">GAUDEAMUS <br>Bratislava<\/h2>\n\n\n\n<p class=\"has-text-align-left has-neve-text-color-color has-text-color\" style=\"font-size:17px\"><strong>7. &#8211; 9. \u0159\u00edjna 2025, INCHEBA EXPO BRATISLAVA<\/strong><\/p>\n\n\n\n<div class=\"wp-block-buttons is-horizontal is-content-justification-center is-layout-flex wp-container-core-buttons-is-layout-3 wp-block-buttons-is-layout-flex\">\n<div class=\"wp-block-button is-style-primary\"><a class=\"wp-block-button__link wp-element-button\" href=\"https:\/\/gaudeamus.cz\/bratislava\">V\u00cdCE ZDE<\/a><\/div>\n<\/div>\n<\/div>\n<\/div>\n\n\n\n<div class=\"wp-block-columns is-layout-flex wp-container-core-columns-is-layout-4 wp-block-columns-is-layout-flex\">\n<div class=\"wp-block-column is-vertically-aligned-bottom is-layout-flow wp-block-column-is-layout-flow\" style=\"flex-basis:50%\">\n<figure class=\"wp-block-image size-full\"><img loading=\"lazy\" decoding=\"async\" width=\"600\" height=\"600\" src=\"https:\/\/law.prf.cuni.cz\/pravavpraze\/wp-content\/uploads\/sites\/2\/2023\/10\/1.png\" alt=\"\" class=\"wp-image-2174\"\/><\/figure>\n<\/div>\n\n\n\n<div class=\"wp-block-column is-vertically-aligned-center is-layout-flow wp-block-column-is-layout-flow\" style=\"flex-basis:50%\">\n<div style=\"height:20px\" aria-hidden=\"true\" class=\"wp-block-spacer\"><\/div>\n\n\n\n<h2 class=\"wp-block-heading has-text-align-left has-neve-text-color-color has-text-color\">GAUDEAMUS <br>Brno<\/h2>\n\n\n\n<p class=\"has-text-align-left has-neve-text-color-color has-text-color\" style=\"font-size:17px\"><strong>21. &#8211; 24. \u0159\u00edjna 2025, BRN\u011aNSK\u00c9 V\u00ddSTAVI\u0160T\u011a<\/strong><\/p>\n\n\n\n<div class=\"wp-block-buttons is-horizontal is-content-justification-center is-layout-flex wp-container-core-buttons-is-layout-4 wp-block-buttons-is-layout-flex\">\n<div class=\"wp-block-button is-style-primary\"><a class=\"wp-block-button__link wp-element-button\" href=\"https:\/\/gaudeamus.cz\/brno\">V\u00cdCE ZDE<\/a><\/div>\n<\/div>\n<\/div>\n<\/div>\n\n\n\n<div class=\"wp-block-columns is-layout-flex wp-container-core-columns-is-layout-5 wp-block-columns-is-layout-flex\">\n<div class=\"wp-block-column is-vertically-aligned-bottom is-layout-flow wp-block-column-is-layout-flow\" style=\"flex-basis:50%\">\n<figure class=\"wp-block-image size-full\"><img loading=\"lazy\" decoding=\"async\" width=\"601\" height=\"601\" src=\"https:\/\/law.prf.cuni.cz\/pravavpraze\/wp-content\/uploads\/sites\/2\/2023\/09\/7.png\" alt=\"\" class=\"wp-image-2152\"\/><\/figure>\n<\/div>\n\n\n\n<div class=\"wp-block-column is-vertically-aligned-center is-layout-flow wp-block-column-is-layout-flow\" style=\"flex-basis:50%\">\n<div style=\"height:20px\" aria-hidden=\"true\" class=\"wp-block-spacer\"><\/div>\n\n\n\n<h2 class=\"wp-block-heading has-text-align-left has-neve-text-color-color has-text-color\">ProEduco  <br>Ko\u0161ice<\/h2>\n\n\n\n<p class=\"has-text-align-left has-neve-text-color-color has-text-color\" style=\"font-size:17px\"><strong>10. &#8211; 11. listopadu 2025, Kas\u00e1rne\/Kulturpark<\/strong><\/p>\n\n\n\n<div class=\"wp-block-buttons is-horizontal is-content-justification-center is-layout-flex wp-container-core-buttons-is-layout-5 wp-block-buttons-is-layout-flex\">\n<div class=\"wp-block-button is-style-primary\"><a class=\"wp-block-button__link wp-element-button\" href=\"https:\/\/proeduco.sk\/\">V\u00cdCE ZDE<\/a><\/div>\n<\/div>\n<\/div>\n<\/div>\n\n\n\n<div class=\"wp-block-columns is-layout-flex wp-container-core-columns-is-layout-6 wp-block-columns-is-layout-flex\">\n<div class=\"wp-block-column is-vertically-aligned-bottom is-layout-flow wp-block-column-is-layout-flow\" style=\"flex-basis:50%\">\n<figure class=\"wp-block-image size-full\"><img loading=\"lazy\" decoding=\"async\" width=\"600\" height=\"600\" src=\"https:\/\/law.prf.cuni.cz\/pravavpraze\/wp-content\/uploads\/sites\/2\/2022\/09\/nakarlovku.png\" alt=\"\" class=\"wp-image-1982\" srcset=\"https:\/\/law.prf.cuni.cz\/pravavpraze\/wp-content\/uploads\/sites\/2\/2022\/09\/nakarlovku.png 600w, https:\/\/law.prf.cuni.cz\/pravavpraze\/wp-content\/uploads\/sites\/2\/2022\/09\/nakarlovku-300x300.png 300w, https:\/\/law.prf.cuni.cz\/pravavpraze\/wp-content\/uploads\/sites\/2\/2022\/09\/nakarlovku-150x150.png 150w\" sizes=\"auto, (max-width: 600px) 100vw, 600px\" \/><\/figure>\n<\/div>\n\n\n\n<div class=\"wp-block-column is-vertically-aligned-center is-layout-flow wp-block-column-is-layout-flow\" style=\"flex-basis:50%\">\n<div style=\"height:20px\" aria-hidden=\"true\" class=\"wp-block-spacer\"><\/div>\n\n\n\n<h2 class=\"wp-block-heading has-text-align-left has-neve-text-color-color has-text-color\">Na Karlovku <br>PF UK, Praha<\/h2>\n\n\n\n<p class=\"has-text-align-left has-neve-text-color-color has-text-color\" style=\"font-size:17px\"><strong>22. listopadu 2025 <\/strong>(budova Pr\u00e1vnick\u00e9 fakulty UK, Praha)<\/p>\n\n\n\n<div class=\"wp-block-buttons is-horizontal is-content-justification-center is-layout-flex wp-container-core-buttons-is-layout-6 wp-block-buttons-is-layout-flex\">\n<div class=\"wp-block-button is-style-primary\"><a class=\"wp-block-button__link wp-element-button\" href=\"https:\/\/nakarlovku.cz\/\">V\u00cdCE ZDE<\/a><\/div>\n<\/div>\n<\/div>\n<\/div>\n\n\n\n<div class=\"wp-block-columns is-layout-flex wp-container-core-columns-is-layout-7 wp-block-columns-is-layout-flex\">\n<div class=\"wp-block-column is-vertically-aligned-bottom is-layout-flow wp-block-column-is-layout-flow\" style=\"flex-basis:50%\">\n<figure class=\"wp-block-image size-full\"><img loading=\"lazy\" decoding=\"async\" width=\"601\" height=\"601\" src=\"https:\/\/law.prf.cuni.cz\/pravavpraze\/wp-content\/uploads\/sites\/2\/2023\/09\/3.png\" alt=\"\" class=\"wp-image-2123\"\/><\/figure>\n<\/div>\n\n\n\n<div class=\"wp-block-column is-vertically-aligned-center is-layout-flow wp-block-column-is-layout-flow\" style=\"flex-basis:50%\">\n<div style=\"height:20px\" aria-hidden=\"true\" class=\"wp-block-spacer\"><\/div>\n\n\n\n<h2 class=\"wp-block-heading has-text-align-left has-neve-text-color-color has-text-color\">GAUDEAMUS <br>Praha<\/h2>\n\n\n\n<p class=\"has-text-align-left has-neve-text-color-color has-text-color\" style=\"font-size:17px\"><strong>20. &#8211; 22. ledna 2026, PVA Expo Praha, hala 4<\/strong><\/p>\n\n\n\n<div class=\"wp-block-buttons is-horizontal is-content-justification-center is-layout-flex wp-container-core-buttons-is-layout-7 wp-block-buttons-is-layout-flex\">\n<div class=\"wp-block-button is-style-primary\"><a class=\"wp-block-button__link wp-element-button\" href=\"https:\/\/gaudeamus.cz\/praha\">V\u00cdCE ZDE<\/a><\/div>\n<\/div>\n<\/div>\n<\/div>\n\n\n\n<div class=\"wp-block-columns is-layout-flex wp-container-core-columns-is-layout-8 wp-block-columns-is-layout-flex\">\n<div class=\"wp-block-column is-vertically-aligned-bottom is-layout-flow wp-block-column-is-layout-flow\" style=\"flex-basis:50%\">\n<figure class=\"wp-block-image size-large\"><img decoding=\"async\" src=\"https:\/\/law.prf.cuni.cz\/pravavpraze\/wp-content\/uploads\/sites\/2\/2021\/11\/DOD_new.jpg\" alt=\"Den otev\u0159en\u00fdch dve\u0159\u00ed pr\u00e1va\"\/><\/figure>\n<\/div>\n\n\n\n<div class=\"wp-block-column is-vertically-aligned-center is-layout-flow wp-block-column-is-layout-flow\" style=\"flex-basis:50%\">\n<div style=\"height:20px\" aria-hidden=\"true\" class=\"wp-block-spacer\"><\/div>\n\n\n\n<h2 class=\"wp-block-heading has-text-align-left has-neve-text-color-color has-text-color\">Den otev\u0159en\u00fdch dve\u0159\u00ed<\/h2>\n\n\n\n<p class=\"has-text-align-left has-neve-text-color-color has-text-color\" style=\"font-size:17px\"><strong>6.<\/strong> a <strong>7.<\/strong> <strong>\u00fanora 2026, na Pr\u00e1vnick\u00e9 fakult\u011b<\/strong><br><\/p>\n\n\n\n<div class=\"wp-block-buttons is-horizontal is-content-justification-center is-layout-flex wp-container-core-buttons-is-layout-8 wp-block-buttons-is-layout-flex\">\n<div class=\"wp-block-button is-style-primary\"><a class=\"wp-block-button__link wp-element-button\" href=\"https:\/\/www.prf.cuni.cz\/uchazeci\/den-otevrenych-dveri\">V\u00cdCE ZDE<\/a><\/div>\n<\/div>\n<\/div>\n<\/div>\n\n\n\n<div class=\"wp-block-columns is-layout-flex wp-container-core-columns-is-layout-9 wp-block-columns-is-layout-flex\">\n<div class=\"wp-block-column is-vertically-aligned-bottom is-layout-flow wp-block-column-is-layout-flow\" style=\"flex-basis:50%\">\n<figure class=\"wp-block-image size-large\"><a href=\"https:\/\/www.youtube.com\/watch?v=q3VTCWmTDsY&amp;t=0s\" target=\"_blank\" rel=\"noreferrer noopener\"><img decoding=\"async\" src=\"https:\/\/law.prf.cuni.cz\/pravavpraze\/wp-content\/uploads\/sites\/2\/2021\/10\/video.jpeg\" alt=\"Fakulta Praha\"\/><\/a><\/figure>\n<\/div>\n\n\n\n<div class=\"wp-block-column is-vertically-aligned-center is-layout-flow wp-block-column-is-layout-flow\" style=\"flex-basis:50%\">\n<div style=\"height:20px\" aria-hidden=\"true\" class=\"wp-block-spacer\"><\/div>\n\n\n\n<h2 class=\"wp-block-heading has-text-align-left has-neve-text-color-color has-text-color\">Virtu\u00e1ln\u00ed prohl\u00eddka<br>fakulty<\/h2>\n\n\n\n<p class=\"has-text-align-left has-neve-text-color-color has-text-color\" style=\"font-size:17px\"><\/p>\n\n\n\n<div class=\"wp-block-buttons is-horizontal is-content-justification-center is-layout-flex wp-container-core-buttons-is-layout-9 wp-block-buttons-is-layout-flex\">\n<div class=\"wp-block-button is-style-primary\"><a class=\"wp-block-button__link wp-element-button\" href=\"https:\/\/www.youtube.com\/watch?v=q3VTCWmTDsY&amp;t=0s\" target=\"_blank\" rel=\"noreferrer noopener\">V\u00cdCE ZDE<\/a><\/div>\n<\/div>\n<\/div>\n<\/div>\n\n\n\n<h2 class=\"wp-block-heading alignfull has-text-align-center has-neve-link-hover-color-color has-text-color\"> Co o n\u00e1s \u0159\u00edkaj\u00ed na\u0161i studenti?<\/h2>\n\n\n\r\n         <div class='wpm_6310_loading'>\r\n            <img src='https:\/\/law.prf.cuni.cz\/pravavpraze\/wp-content\/plugins\/team-showcase-supreme\/assets\/images\/loading.gif' \/>\r\n         <\/div>\r\n         <div \r\n            class='wpm_main_template wpm_main_template_1'\r\n            wpm-6310-carousel-styleName='template-08'\r\n            wpm-6310-carousel-itemPerRow='3'\r\n            wpm-6310-carousel-itemPerRow-tablet='1'\r\n            wpm-6310-carousel-itemPerRow-mobile='1'\r\n            wpm-6310-carousel-id='1'\r\n            wpm-6310-carousel-active='1'\r\n            wpm-6310-carousel-autoPlay='6000'\r\n            wpm-6310-carousel-nav='false'\r\n            wpm-6310-carousel-dot='true'\r\n            wpm-6310-carousel-navText='fas fa-angle'\r\n            wpm-6310-category-active='0'\r\n            wpm-6310-search-active='0'\r\n            wpm-6310-item-margin='30'\r\n            wpm-6310-padding='40'\r\n            wpm_6310_progress_bar_animation='0'\r\n            wpm_6310_progress_bar_border_radius='10'\r\n   ><div class=''><div class='wpm-6310-carousel'>\r\n            <div id='wpm-6310-slider-1' class='wpm-6310-owl-carousel'>         <div class=\"wpm-6310-item-1\">\r\n            <div  class='wpm_6310_team_style_1 wpm_6310_team_member_info' link-id='0' team-id='12'>\r\n               <div class=\"wpm_6310_team_style_1_pic\">\r\n               <img decoding=\"async\" src=\"https:\/\/law.prf.cuni.cz\/pravavpraze\/wp-content\/uploads\/sites\/2\/2021\/10\/S1-m2.jpg\" data-6310-hover-image=\"\" alt=\"Ad\u00e9la\" data-wpm-6310-image-attr=\"https:\/\/law.prf.cuni.cz\/pravavpraze\/wp-content\/uploads\/sites\/2\/2021\/10\/S1-m2.jpg\">\r\n               <\/div>\r\n               <div class=\"wpm_6310_team_style_1_team_content\">\r\n                  <div class=\"wpm_6310_team_style_1_title\">\r\n                     Ad\u00e9la                  <\/div>\r\n                  <div class=\"wpm_6310_team_style_1_border\"><\/div>\r\n                  <div class=\"wpm_6310_team_style_1_designation\">\r\n                                      <\/div>\r\n                  \t<div class='wpm_6310_team_style_1_description'>Studium na fakult\u011b mi p\u0159ineslo je\u0161t\u011b v\u00edc, ne\u017e jsem od n\u011bj o\u010dek\u00e1vala. Inspirativn\u00ed osobnosti z \u0159ad vyu\u010duj\u00edc\u00edch, motivaci v\u011bnovat se pr\u00e1vu a st\u00e1t se dobrou pr\u00e1vni\u010dkou a spoustu p\u0159\u00e1tel, kte\u0159\u00ed nejsou jen kolegov\u00e9.\r\nM\u00e1m pocit, \u017ee na fakult\u011b se n\u00e1m st\u00e1le otev\u00edraj\u00ed dal\u0161\u00ed a dal\u0161\u00ed pomysln\u00e9 dve\u0159e s nov\u00fdmi mo\u017enostmi, a\u0165 si pod nimi p\u0159edstav\u00edme zaj\u00edmav\u00e9 p\u0159edm\u011bty, pr\u00e1vnick\u00e9 sout\u011b\u017ee \u010di nab\u00eddky r\u016fzn\u00fdch st\u00e1\u017e\u00ed. Tak\u00e9 oce\u0148uji mno\u017estv\u00ed pr\u00e1vn\u00edch odv\u011btv\u00ed, se kter\u00fdmi se b\u011bhem studia m\u016f\u017eu setkat a postupn\u011b zji\u0161\u0165ovat, \u010demu bych se r\u00e1da v\u011bnovala v budoucnu.\r\nPokud se st\u00e1le rozhodujete, jestli jsou pr\u00e1va v Praze dobrou volbou, s \u010dist\u00fdm sv\u011bdom\u00edm m\u016f\u017eu \u0159\u00edct, \u017ee ano. Pozn\u00e1te skv\u011bl\u00e9 lidi, p\u0159\u00e1tele, pedagogy, proniknete do problematiky pr\u00e1va a mo\u017en\u00e1 se v\u00e1m d\u00edky studiu na pra\u017esk\u00e9 pr\u00e1vnick\u00e9 fakult\u011b otev\u0159ou mo\u017enosti, o kter\u00fdch se v\u00e1m ani nesnilo.<\/div>               <\/div>\r\n            <\/div>\r\n         <\/div>\r\n               <div class=\"wpm-6310-item-1\">\r\n            <div  class='wpm_6310_team_style_1 wpm_6310_team_member_info' link-id='0' team-id='7'>\r\n               <div class=\"wpm_6310_team_style_1_pic\">\r\n               <img decoding=\"async\" src=\"https:\/\/law.prf.cuni.cz\/pravavpraze\/wp-content\/uploads\/sites\/2\/2021\/10\/Havlicek.jpg\" data-6310-hover-image=\"\" alt=\"Honza\" data-wpm-6310-image-attr=\"https:\/\/law.prf.cuni.cz\/pravavpraze\/wp-content\/uploads\/sites\/2\/2021\/10\/Havlicek.jpg\">\r\n               <\/div>\r\n               <div class=\"wpm_6310_team_style_1_team_content\">\r\n                  <div class=\"wpm_6310_team_style_1_title\">\r\n                     Honza                  <\/div>\r\n                  <div class=\"wpm_6310_team_style_1_border\"><\/div>\r\n                  <div class=\"wpm_6310_team_style_1_designation\">\r\n                                      <\/div>\r\n                  \t<div class='wpm_6310_team_style_1_description'>Proto\u017ee nepoch\u00e1z\u00edm z Prahy, bylo pro m\u011b studium na pr\u00e1vech v hlavn\u00edm m\u011bst\u011b velkou v\u00fdzvou. Rozhodn\u011b jsem ale r\u00e1d, \u017ee jsem se ji nezaleknul, proto\u017ee na\u0161e fakulta nab\u00edz\u00ed opravdu hodn\u011b mo\u017enost\u00ed \u2013 st\u00e1\u017ee, praxe, spolky a spoustu dal\u0161\u00edho, tak\u017ee jsem nad\u0161en\u00fd z toho, \u017ee si \u010dlov\u011bk m\u016f\u017ee studium opravdu vyladit podle toho, co ho zaj\u00edm\u00e1 a bav\u00ed.\r\nNa na\u0161\u00ed fakult\u011b se mi l\u00edb\u00ed, \u017ee j\u00ed tvo\u0159\u00ed spole\u010denstv\u00ed skv\u011bl\u00fdch lid\u00ed, a\u0165 u\u017e jsou to inspirativn\u00ed vyu\u010duj\u00edc\u00ed anebo p\u0159\u00e1tel\u00e9, kter\u00e9 jsem si na\u0161el mezi dal\u0161\u00edmi studenty. Pr\u00e1v\u011b kv\u016fli nim se na fakultu v\u017edy t\u011b\u0161\u00edm a je pro m\u011b p\u0159\u00edjemn\u00fdm prost\u0159ed\u00edm.\r\nPro m\u011b osobn\u011b bylo studium pr\u00e1v na na\u0161\u00ed fakult\u011b nejlep\u0161\u00ed rozhodnut\u00ed v \u017eivot\u011b. Praha je n\u00e1dhern\u00e9 m\u011bsto a zdej\u0161\u00ed Pr\u00e1vnick\u00e1 fakulta je skv\u011blou volbou pro vysoko\u0161kolsk\u00e9 studium, kter\u00e9 rozhodn\u011b nebudete litovat!<\/div>               <\/div>\r\n            <\/div>\r\n         <\/div>\r\n               <div class=\"wpm-6310-item-1\">\r\n            <div  class='wpm_6310_team_style_1 wpm_6310_team_member_info' link-id='0' team-id='14'>\r\n               <div class=\"wpm_6310_team_style_1_pic\">\r\n               <img decoding=\"async\" src=\"https:\/\/law.prf.cuni.cz\/pravavpraze\/wp-content\/uploads\/sites\/2\/2021\/10\/s3-ms.jpg\" data-6310-hover-image=\"\" alt=\"Johanka\" data-wpm-6310-image-attr=\"https:\/\/law.prf.cuni.cz\/pravavpraze\/wp-content\/uploads\/sites\/2\/2021\/10\/s3-ms.jpg\">\r\n               <\/div>\r\n               <div class=\"wpm_6310_team_style_1_team_content\">\r\n                  <div class=\"wpm_6310_team_style_1_title\">\r\n                     Johanka                  <\/div>\r\n                  <div class=\"wpm_6310_team_style_1_border\"><\/div>\r\n                  <div class=\"wpm_6310_team_style_1_designation\">\r\n                                      <\/div>\r\n                  \t<div class='wpm_6310_team_style_1_description'>Na\u0161e fakulta mi od prvn\u00edho dne seznamov\u00e1ku p\u0159inesla skv\u011bl\u00fd kamar\u00e1dy, s kter\u00fdmi sd\u00edl\u00edm nejen studium. A nen\u00ed nic lep\u0161\u00edho, ne\u017e ka\u017ed\u00fd den propojovat v\u00fdbornou akademickou str\u00e1nku s tou kamar\u00e1dskou.\r\nStra\u0161n\u011b se mi l\u00edb\u00ed mno\u017estv\u00ed p\u0159\u00edle\u017eitost\u00ed, kter\u00e9 s sebou studium na PFUK nese - pestr\u00e1 nab\u00eddka voliteln\u00fdch p\u0159edm\u011bt\u016f, praxe, zahrani\u010dn\u00ed v\u00fdjezdy, spolky a taky skv\u011bl\u00e9 neform\u00e1ln\u00ed akce.\r\nPraha je jedine\u010dn\u00e9 m\u011bsto pro budouc\u00ed pr\u00e1vn\u00edky - m\u016f\u017eete chodit na praxe na ministerstva, do nejlep\u0161\u00edch advok\u00e1tn\u00edch kancel\u00e1\u0159\u00ed a taky m\u00e1me z oken nejhez\u010d\u00ed v\u00fdhled!<\/div>               <\/div>\r\n            <\/div>\r\n         <\/div>\r\n               <div class=\"wpm-6310-item-1\">\r\n            <div  class='wpm_6310_team_style_1 wpm_6310_team_member_info' link-id='0' team-id='9'>\r\n               <div class=\"wpm_6310_team_style_1_pic\">\r\n               <img decoding=\"async\" src=\"https:\/\/law.prf.cuni.cz\/pravavpraze\/wp-content\/uploads\/sites\/2\/2021\/10\/novak.jpg\" data-6310-hover-image=\"\" alt=\"Karel\" data-wpm-6310-image-attr=\"https:\/\/law.prf.cuni.cz\/pravavpraze\/wp-content\/uploads\/sites\/2\/2021\/10\/novak.jpg\">\r\n               <\/div>\r\n               <div class=\"wpm_6310_team_style_1_team_content\">\r\n                  <div class=\"wpm_6310_team_style_1_title\">\r\n                     Karel                  <\/div>\r\n                  <div class=\"wpm_6310_team_style_1_border\"><\/div>\r\n                  <div class=\"wpm_6310_team_style_1_designation\">\r\n                                      <\/div>\r\n                  \t<div class='wpm_6310_team_style_1_description'>D\u00edky \u00fa\u017easn\u00fdm lidem nap\u0159\u00ed\u010d v\u0161emi ro\u010dn\u00edky, kte\u0159\u00ed m\u011b od prvn\u00edho dne p\u0159ijali a pomohli mi se v prvn\u00edch okam\u017eic\u00edch rozkoukat, v kombinaci s vyu\u010duj\u00edc\u00edmi, \u0161pi\u010dkov\u00fdmi kapacitami v oboru a mo\u017enostmi, kter\u00e9 Praha, nejen v pr\u00e1vu nab\u00edz\u00ed, je to jasn\u00e1 volba.\r\n\r\nNejv\u00edce m\u011b bav\u00ed setk\u00e1v\u00e1n\u00ed s dal\u0161\u00edmi a dal\u0161\u00edmi zaj\u00edmav\u00fdmi lidmi z \u0159ad student\u016f, vyu\u010duj\u00edc\u00edch nebo lid\u00ed z oboru, a to nejen na p\u016fd\u011b fakulty, ale i v r\u00e1mci r\u016fzn\u00fdch kav\u00e1rensk\u00fdch semin\u00e1\u0159\u016f, nebo obecn\u011b spolkov\u00fdch akc\u00ed.\r\n\r\nNikde jinde nenajdete pom\u011br kvalita\/cena u sma\u017een\u00e9ho s\u00fdru tak v\u00fdhodn\u00fd, jako v na\u0161\u00ed fakultn\u00ed menze.<\/div>               <\/div>\r\n            <\/div>\r\n         <\/div>\r\n               <div class=\"wpm-6310-item-1\">\r\n            <div  class='wpm_6310_team_style_1 wpm_6310_team_member_info' link-id='0' team-id='8'>\r\n               <div class=\"wpm_6310_team_style_1_pic\">\r\n               <img decoding=\"async\" src=\"https:\/\/law.prf.cuni.cz\/pravavpraze\/wp-content\/uploads\/sites\/2\/2021\/10\/prochazkovaa.jpg\" data-6310-hover-image=\"\" alt=\"Lucie\" data-wpm-6310-image-attr=\"https:\/\/law.prf.cuni.cz\/pravavpraze\/wp-content\/uploads\/sites\/2\/2021\/10\/prochazkovaa.jpg\">\r\n               <\/div>\r\n               <div class=\"wpm_6310_team_style_1_team_content\">\r\n                  <div class=\"wpm_6310_team_style_1_title\">\r\n                     Lucie                  <\/div>\r\n                  <div class=\"wpm_6310_team_style_1_border\"><\/div>\r\n                  <div class=\"wpm_6310_team_style_1_designation\">\r\n                                      <\/div>\r\n                  \t<div class='wpm_6310_team_style_1_description'>U\u017e od prv\u00e1ku oce\u0148uji, jak moc m\u016f\u017eu podobu sv\u00e9ho studia ovlivnit tak, aby mi vyhovovalo. V\u00fdsledn\u00e1 podoba rozvrhu je toti\u017e zcela v rukou jednotliv\u00fdch student\u016f, kte\u0159\u00ed si z nab\u00eddky vol\u00ed semin\u00e1\u0159e v den a \u010das, kter\u00fd jim vyhovuje nejv\u00edc. D\u00edky t\u00e9to mo\u017enosti se v\u00e1m nestane, \u017ee mus\u00edte vst\u00e1vat na semin\u00e1\u0159 v 8, i kdy\u017e nejste zrovna rann\u00ed pt\u00e1\u010data.\r\n\r\nBav\u00ed m\u011b, jak\u00e9 mo\u017enosti rozv\u00edjet sv\u00e9 znalosti a dovednosti fakulta student\u016fm nab\u00edz\u00ed. A\u0165 u\u017e v\u00e1s bav\u00ed jak\u00fdkoli obor pr\u00e1va, d\u00edky \u0161irok\u00e9mu v\u00fdb\u011bru voliteln\u00fdch p\u0159edm\u011bt\u016f a prax\u00ed se mu m\u016f\u017eete pod taktovkou naprost\u00fdch \u0161pi\u010dek v oboru skute\u010dn\u011b v\u011bnovat, a to jak po str\u00e1nce teoretick\u00e9, tak praktick\u00e9.\r\n\r\nHned v prv\u00e1ku m\u011b opravdu mile p\u0159ekvapilo, jak p\u0159\u00e1telsk\u00e1 a vst\u0159\u00edcn\u00e1 atmosf\u00e9ra mezi studenty panuje, a to i nap\u0159\u00ed\u010d jednotliv\u00fdmi ro\u010dn\u00edky. Star\u0161\u00ed studenti se n\u00e1m u\u017e od za\u010d\u00e1tku ochotn\u011b v\u011bnovali a d\u00edky nim jsem nikdy nem\u011bla pocit, \u017ee bych si s n\u011b\u010d\u00edm nev\u011bd\u011bla rady.<\/div>               <\/div>\r\n            <\/div>\r\n         <\/div>\r\n               <div class=\"wpm-6310-item-1\">\r\n            <div  class='wpm_6310_team_style_1 wpm_6310_team_member_info' link-id='0' team-id='13'>\r\n               <div class=\"wpm_6310_team_style_1_pic\">\r\n               <img decoding=\"async\" src=\"https:\/\/law.prf.cuni.cz\/pravavpraze\/wp-content\/uploads\/sites\/2\/2021\/10\/S2-ms.jpg\" data-6310-hover-image=\"\" alt=\"Martin\" data-wpm-6310-image-attr=\"https:\/\/law.prf.cuni.cz\/pravavpraze\/wp-content\/uploads\/sites\/2\/2021\/10\/S2-ms.jpg\">\r\n               <\/div>\r\n               <div class=\"wpm_6310_team_style_1_team_content\">\r\n                  <div class=\"wpm_6310_team_style_1_title\">\r\n                     Martin                  <\/div>\r\n                  <div class=\"wpm_6310_team_style_1_border\"><\/div>\r\n                  <div class=\"wpm_6310_team_style_1_designation\">\r\n                                      <\/div>\r\n                  \t<div class='wpm_6310_team_style_1_description'>Fakulta je pro m\u011b m\u00edstem, kde se mohu v p\u0159\u00e1telsk\u00e9m prost\u0159ed\u00ed potk\u00e1vat s kamar\u00e1dy, stejn\u011b jako s nejv\u011bt\u0161\u00edmi kapacitami z r\u016fzn\u00fdch oblast\u00ed pr\u00e1va.\r\nOd prv\u00e1ku jsem nad\u0161en\u00fd z mo\u017enost\u00ed, kter\u00e9 studium na pra\u017esk\u00fdch pr\u00e1vech nab\u00edz\u00ed. A\u0165 u\u017e se jedn\u00e1 o pestrost zaj\u00edmav\u00fdch p\u0159edm\u011bt\u016f, prax\u00ed \u010di st\u00e1\u017e\u00ed, kter\u00e9 lze b\u011bhem studia absolvovat, nebo o \u0161irok\u00e9 spektrum mo\u017enost\u00ed v\u00fdjezd\u016f na zahrani\u010dn\u00ed univerzity.<\/div>               <\/div>\r\n            <\/div>\r\n         <\/div>\r\n               <div class=\"wpm-6310-item-1\">\r\n            <div  class='wpm_6310_team_style_1 wpm_6310_team_member_info' link-id='0' team-id='6'>\r\n               <div class=\"wpm_6310_team_style_1_pic\">\r\n               <img decoding=\"async\" src=\"https:\/\/law.prf.cuni.cz\/pravavpraze\/wp-content\/uploads\/sites\/2\/2021\/11\/natalie-K.jpeg\" data-6310-hover-image=\"\" alt=\"Nat\u00e1lie\" data-wpm-6310-image-attr=\"https:\/\/law.prf.cuni.cz\/pravavpraze\/wp-content\/uploads\/sites\/2\/2021\/11\/natalie-K.jpeg\">\r\n               <\/div>\r\n               <div class=\"wpm_6310_team_style_1_team_content\">\r\n                  <div class=\"wpm_6310_team_style_1_title\">\r\n                     Nat\u00e1lie                  <\/div>\r\n                  <div class=\"wpm_6310_team_style_1_border\"><\/div>\r\n                  <div class=\"wpm_6310_team_style_1_designation\">\r\n                                      <\/div>\r\n                  \t<div class='wpm_6310_team_style_1_description'>Na\u0161e fakulta mi p\u0159ijde skv\u011bl\u00e1 v tom, \u017ee d\u00e1v\u00e1 mo\u017enost \u0161irok\u00e9ho v\u00fdb\u011bru nejen pr\u00e1vn\u00edch oblast\u00ed, ze kter\u00fdch se d\u00e1 na\u010derpat super z\u00e1klad a z\u00edskat rozhled. \u010clov\u011bk m\u00e1 tak mo\u017enost zjistit, co ho skute\u010dn\u011b bav\u00ed a \u010demu se chce do budoucna v\u011bnovat, a to t\u0159eba od trestn\u00edho nebo obchodn\u00edho pr\u00e1va a\u017e po specifi\u010dt\u011bj\u0161\u00ed oblasti typu zdravotnick\u00e9 pr\u00e1vo \u010di pr\u00e1vo IT. Pr\u00e1vo pova\u017euji za obor, kter\u00fd z\u00e1rove\u0148 otev\u00edr\u00e1 dve\u0159e do nejr\u016fzn\u011bj\u0161\u00edch profes\u00ed, a to nejen do t\u011bch klasick\u00fdch pr\u00e1vn\u00edch jako je nap\u0159\u00edklad soudce nebo advok\u00e1t. D\u00edky rozhledu, kter\u00fd um\u00ed na\u0161e fakulta zprost\u0159edkovat se ani po \u0161kole ve sv\u011bt\u011b neztrat\u00edte.<\/div>               <\/div>\r\n            <\/div>\r\n         <\/div>\r\n               <div class=\"wpm-6310-item-1\">\r\n            <div  class='wpm_6310_team_style_1 wpm_6310_team_member_info' link-id='0' team-id='11'>\r\n               <div class=\"wpm_6310_team_style_1_pic\">\r\n               <img decoding=\"async\" src=\"https:\/\/law.prf.cuni.cz\/pravavpraze\/wp-content\/uploads\/sites\/2\/2021\/10\/hrebenar.jpg\" data-6310-hover-image=\"\" alt=\"Petr\" data-wpm-6310-image-attr=\"https:\/\/law.prf.cuni.cz\/pravavpraze\/wp-content\/uploads\/sites\/2\/2021\/10\/hrebenar.jpg\">\r\n               <\/div>\r\n               <div class=\"wpm_6310_team_style_1_team_content\">\r\n                  <div class=\"wpm_6310_team_style_1_title\">\r\n                     Petr                  <\/div>\r\n                  <div class=\"wpm_6310_team_style_1_border\"><\/div>\r\n                  <div class=\"wpm_6310_team_style_1_designation\">\r\n                                      <\/div>\r\n                  \t<div class='wpm_6310_team_style_1_description'>V\u00fdb\u011bru pr\u00e1v v Praze nelituji, proto\u017ee jsou v Praze, kde m\u00e1m nespo\u010det mo\u017enost\u00ed na sv\u00e9 uplatn\u011bn\u00ed a z\u00edsk\u00e1n\u00ed zku\u0161enost\u00ed b\u011bhem studia.\r\nBav\u00ed m\u011b flexibilita a to, \u017ee se studium p\u0159izp\u016fsobuje mn\u011b a ne j\u00e1 jemu - a\u0165 u\u017e \u010dasov\u011b nebo obsahov\u011b.\r\nNev\u00edm o jin\u00e9m tolik univerz\u00e1ln\u00edm oboru jako jsou pr\u00e1va. Nemus\u00edte b\u00fdt po \u0161kole automaticky soudce nebo advok\u00e1t, ale m\u016f\u017eete b\u00fdt k\u00fdmkoliv, proto\u017ee pr\u00e1vo vstupuje do na\u0161ich \u017eivot\u016f v jak\u00e9koliv situaci.<\/div>               <\/div>\r\n            <\/div>\r\n         <\/div>\r\n      <\/div>\r\n        <\/div>\r\n\r\n\r\n\r\n<style type=\"text\/css\">\r\n.wpm_6310_modal_template_before, .wpm_6310_modal_template_after{\r\n  position: absolute;\r\n  cursor: pointer;\r\n  z-index: 99999999;\r\n  border-radius: 50%;\r\n}\r\n.wpm_6310_modal_template_before{\r\n  content: url('https:\/\/law.prf.cuni.cz\/pravavpraze\/wp-content\/plugins\/team-showcase-supreme\/assets\/images\/prev.png');\r\n  left: -50px;\r\n  top: calc(50% - 30px);\r\n}\r\n.wpm_6310_modal_template_after{\r\n  content: url('https:\/\/law.prf.cuni.cz\/pravavpraze\/wp-content\/plugins\/team-showcase-supreme\/assets\/images\/next.png');\r\n  right: -50px;\r\n  top: calc(50% - 30px);\r\n}\r\n.wpm_6310_team_style_1{\r\n  height: 100%;\r\n}\r\n.wpm-6310-no-carousel {\r\n  width: calc(100% + 30px);\r\n  margin-left: -15px;\r\n}\r\n.wpm-6310-item-1{\r\n    width: 100% !important;\r\n}\r\n.wpm-6310-owl-stage{\r\n  display: -webkit-flex;\r\n    display: -ms-flexbox;\r\n    display: flex;\r\n    min-width: 10317px;\r\n    -webkit-flex-wrap: wrap;\r\n    -ms-flex-wrap: wrap;\r\n    flex-wrap: wrap;\r\n}\r\n.wpm-6310-owl-item{\r\n  display: -webkit-flex;\r\n    display: -ms-flexbox;\r\n    display: flex;\r\n    height: auto !important;\r\n}\r\n  .wpm-6310-tooltip:hover:after {\r\n  display: -webkit-flex;\r\n  display: flex;\r\n  -webkit-justify-content: center;\r\n  justify-content: center;\r\n  background: rgba(0, 119, 181, 1);\r\n  border-radius: 5px;\r\n  color: #fff;\r\n  content: attr(tooltip-href);\r\n  margin: -85px 5px 0;\r\n  font-size: 14px;\r\n  line-height: 25px;\r\n  padding: 8px 10px;\r\n  position: absolute;\r\n  z-index: 999;\r\n  min-width: 140px;\r\n}\r\n.wpm_main_template{\r\n  position: relative;\r\n  z-index: 0;\r\n}\r\n.wpm_main_template *, .wpm_6310_modal * {\r\n  box-sizing: border-box !important;\r\n  word-break: break-word !important; \r\n}\r\n.wpm-6310-row img, .wpm-6310-owl-item img{\r\n  float: left !important;\r\n  width: 100% !important;\r\n}\r\n.wpm_main_template, .wpm_main_template a{\r\n  box-shadow: none !important;\r\n}\r\n.wpm-6310-row{\r\n  width: 100%;\r\n  clear: both;\r\n  text-align: center;\r\n  font-size: 0;\r\n  display: flex;\r\n  flex-wrap: wrap;\r\n  justify-content: center;\r\n}\r\n.wpm-6310-img-responsive{\r\n  width: 100%;\r\n  height: auto;\r\n}\r\n.wpm_6310_team_style_1 figcaption{\r\n  padding: 0;\r\n  margin: 0;\r\n  border: none;\r\n}\r\n.wpm-6310-owl-carousel .wpm-6310-item-1{\r\n  padding: 5px 0;\r\n}\r\n.wpm_6310_team_member_info{\r\n  cursor: pointer;\r\n}\r\n.wpm-6310-col-1{\r\n  width: 100%;\r\n  margin-bottom: 30px !important;\r\n  float: left;\r\n  position: relative;\r\n}\r\n.wpm-6310-col-2, .wpm-6310-col-3, .wpm-6310-col-4, .wpm-6310-col-5, .wpm-6310-col-6{\r\n  margin-bottom: 30px !important;\r\n  display: inline-block;\r\n  margin-left: 15px;\r\n  margin-right: 15px;\r\n  vertical-align: top;\r\n  padding: 0  !important;\r\n}\r\n.wpm-6310-col-2{\r\n  width: calc(50% - 30px);\r\n}\r\n.wpm-6310-col-3{\r\n  width: calc(33.33% - 30px);\r\n}\r\n.wpm-6310-col-4{\r\n  width: calc(25% - 30px);\r\n}\r\n.wpm-6310-col-5{\r\n  width: calc(20% - 30px);\r\n}\r\n.wpm-6310-col-6{\r\n  width: calc(16.6667% - 30px);\r\n}\r\nul.wpm_6310_team_style_1_social li a{\r\n  line-height: 35px !important;\r\n  width: 37px !important;\r\n  height: 37px !important; \r\n}\r\nul.wpm_6310_team_style_1_social i[class*=\"fa-\"]{\r\n  line-height: 35px !important;\r\n  width: 35px !important;\r\n  height: 35px !important;;\r\n}\r\n@media screen and (max-width: 767px) {\r\n  .wpm-6310-col-2, .wpm-6310-col-3, .wpm-6310-col-4, .wpm-6310-col-5, .wpm-6310-col-6{\r\n    width: 100% !important;\r\n  }\r\n}\r\n  #wpm-6310-slider-1 .wpm-6310-owl-nav div {\r\n    position: absolute;\r\n    top: calc(50% - 36px);\r\n    background: rgba(0, 0, 0, 0.8);\r\n    color: rgba(255, 255, 255, 1);\r\n    margin: 0;\r\n    transition: all 0.3s ease-in-out;\r\n    text-align: center;\r\n    padding: 0;\r\n  }\r\n  #wpm-6310-slider-1 .wpm-6310-owl-nav div:hover{\r\n    background: rgba(130, 130, 130, 0.81);\r\n    color: rgba(255, 255, 255, 1);\r\n  }\r\n  #wpm-6310-slider-1 .wpm-6310-owl-nav div.wpm-6310-owl-prev {\r\n    left: 0;\r\n    border-radius: 0 10% 10% 0;\r\n  }\r\n  #wpm-6310-slider-1 .wpm-6310-owl-nav div.wpm-6310-owl-next {\r\n    right: 0px;    border-radius: 10% 0 0 10%;\r\n  }\r\n  #wpm-6310-slider-1 .wpm-6310-owl-nav div.wpm-6310-owl-prev,\r\n  #wpm-6310-slider-1 .wpm-6310-owl-nav div.wpm-6310-owl-next{\r\n    line-height: 36px;\r\n    height: 36px;\r\n    width: 36px;\r\n  }\r\n  #wpm-6310-slider-1 .wpm-6310-owl-nav div.wpm-6310-owl-prev i[class*=\"fa-\"], #wpm-6310-slider-1 .wpm-6310-owl-nav div.wpm-6310-owl-next i[class*=\"fa-\"]{\r\n    color: rgba(255, 255, 255, 1);\r\n    top: 0;\r\n    font-size: 18px;\r\n    line-height: 36px;\r\n    height: 36px;\r\n    width: 36px;\r\n  }\r\n  #wpm-6310-slider-1 .wpm-6310-owl-nav div.wpm-6310-owl-prev:hover i[class*=\"fa-\"],\r\n  #wpm-6310-slider-1 .wpm-6310-owl-nav div.wpm-6310-owl-next:hover i[class*=\"fa-\"]{\r\n    color: rgba(255, 255, 255, 1);\r\n  }\r\n  #wpm-6310-slider-1 .wpm-6310-wpm-6310-owl-dots {\r\n    text-align: center;\r\n    padding-top: 15px;\r\n  }\r\n  #wpm-6310-slider-1 .wpm-6310-wpm-6310-owl-dots div {\r\n    width: 10px;\r\n    height: 10px;\r\n    border-radius: 50%;\r\n    display: inline-block;\r\n    background-color: rgba(190, 190, 190, 1);\r\n    margin: 0 3px;\r\n  }\r\n  #wpm-6310-slider-1 .wpm-6310-wpm-6310-owl-dots div.active {\r\n    background-color: rgba(0, 0, 0, 0.94);\r\n  }\r\n  <\/style>\r\n<style type=\"text\/css\">\r\n.wpm_6310_modal, .wpm_6310_loading {\r\n  display: none; \/* Hidden by default *\/\r\n  position: fixed; \/* Stay in place *\/\r\n  z-index: 99999999; \/* Sit on top *\/\r\n  padding-top: 50px; \/* Location of the box *\/\r\n  left: 0;\r\n  top: 0;\r\n  width: 100%; \/* Full width *\/\r\n  height: 100%; \/* Full height *\/\r\n  overflow: auto; \/* Enable scroll if needed *\/\r\n  background-color: rgba(0,0,0,0.8); \/* Black w\/ opacity *\/\r\n  font-family: sans-serif;\r\n}\r\n\/* wpm_6310_modal Content *\/\r\n.wpm_6310_modal-content {\r\n  position: relative;\r\n  background-color: transparent;\r\n  margin: auto;\r\n  padding: 0;\r\n  width: 75%;\r\n  border-radius: 5px;\r\n  -webkit-animation-duration: 0.4s;\r\n  animation-duration: 0.4s;\r\n  margin-bottom: 50px;\r\n}\r\n\/* Add Animation *\/\r\n@-webkit-keyframes wpm-animatetop {\r\n  from {top:-300px; opacity:0}\r\n  to {top:0; opacity:1}\r\n}\r\n@keyframes wpm-animatetop {\r\n  from {top:-300px; opacity:0}\r\n  to {top:0; opacity:1}\r\n}\r\n@keyframes wpm-animatebottom {\r\n  from {bottom:-300px; opacity:0}\r\n  to {bottom:0; opacity:1}\r\n}\r\n@-webkit-keyframes wpm-animatebottom {\r\n  from {bottom:-300px; opacity:0}\r\n  to {bottom:0; opacity:1}\r\n}\r\n@keyframes wpm-animateleft {\r\n  from {left:-300px; opacity:0}\r\n  to {left:0; opacity:1}\r\n}\r\n@-webkit-keyframes wpm-animateleft {\r\n  from {left:-300px; opacity:0}\r\n  to {left:0; opacity:1}\r\n}\r\n@keyframes wpm-animateright {\r\n  from {right:-300px; opacity:0}\r\n  to {right:0; opacity:1}\r\n}\r\n@-webkit-keyframes wpm-animateright {\r\n  from {right:-300px; opacity:0}\r\n  to {right:0; opacity:1}\r\n}\r\n\/* The Close Button *\/\r\n.wpm-6310-close {\r\n  color: #000;\r\n  float: right;\r\n  font-size: 18px;\r\n  font-weight: bold;\r\n  line-height: 0px;\r\n  padding: 0;\r\n  margin: 0;\r\n  position: absolute;\r\n  right: 20px;\r\n  top: 25px;\r\n  z-index: 999;\r\n}\r\n.wpm-6310-close:hover,\r\n.wpm-6310-close:focus {\r\n  color: #878787;\r\n  text-decoration: none;\r\n  cursor: pointer;\r\n}\r\n.wpm_6310_modal_body_picture {\r\n  float: left;\r\n  width: 300px;\r\n  padding-right: 15px;}\r\n  .wpm_6310_modal_body_content{\r\n    width: calc(100% - 315px);\r\n    float: left;\r\n  }\r\n  .wpm_6310_modal_body_picture img{\r\n    width: calc(100% - 12px) !important;\r\n    height: auto;\r\n    border: 1px solid #ccc;\r\n    padding: 5px;\r\n  }\r\n  #wpm_6310_modal_designation{\r\n    font-size: 14px;\r\n    text-transform: uppercase;\r\n    font-weight: 300;\r\n    color: #727272\r\n  }\r\n  #wpm_6310_modal_name{\r\n    text-transform: capitalize;\r\n    font-size: 22px;\r\n    line-height: 30px;\r\n    margin: 0 0 25px;\r\n    font-weight: 600;\r\n    color: #272727;\r\n  }\r\n  #wpm_6310_modal_details, #wpm_6310_modal_details p{\r\n    font-size: 14px;\r\n    line-height: 20px;\r\n    color: #272727;\r\n    padding: 0;\r\n    margin: 0 0 10px 0;\r\n  }\r\n  .wpm_6310_modal_social a{\r\n    width: 36px !important;\r\n    height: 36px !important;\r\n    line-height: 36px !important;\r\n    float:  left;\r\n    margin: 15px 10px 0 0 !important;\r\n    font-size: 18px !important;\r\n    border-radius: 3px !important;\r\n    text-align: center !important;\r\n    cursor: pointer;\r\n    -webkit-transition: all 0.3s ease 0s;\r\n    -moz-transition: all 0.3s ease 0s;\r\n    -ms-transition: all 0.3s ease 0s;\r\n    -o-transition: all 0.3s ease 0s;\r\n    transition: all 0.3s ease 0s;\r\n    padding: 0;\r\n    box-shadow: none;\r\n    text-decoration: none;\r\n  }\r\n  .wpm_6310_modal_social a i {\r\n    font-size: 18px !important;\r\n    line-height: 30px !important;\r\n  }\r\n  .wpm_6310_modal_social a:hover{\r\n    box-shadow: none;\r\n  }\r\n  .wpm_6310_modal .wpm_6310_modal_social{\r\n    float: left;\r\n    position: relative;\r\n    width: 100%\r\n  }\r\n  .wpm_6310_modal .wpm-6310-tooltip:hover:after{\r\n    margin-left: -60px !important;\r\n  }\r\n  .wpm_6310_modal-footer {\r\n    padding: 10px 15px;\r\n    color: white;\r\n  }\r\n  br.wpm_6310_clear{\r\n    clear: both;\r\n  }\r\n  .mywpm_6310_modal{\r\n    display: none;\r\n  }\r\n  .wpm_6310_loading{\r\n    width: 100% !important;\r\n    max-width: 100% !important;\r\n    padding-top: 170px; \/* Location of the box *\/\r\n    text-align: center;\r\n    background-color: rgba(0,0,0,0.5); \/* Black w\/ opacity *\/\r\n    display:none;\r\n  }\r\n  .wpm_6310_loading img{\r\n    border-radius: 50%;\r\n    width: 100px;\r\n    height: 100px;\r\n    position: absolute;\r\n    left: calc(50% - 50px);\r\n    top: calc(50% - 50px);\r\n  }\r\n  @media only screen and (max-width: 600px) {\r\n    .wpm_6310_modal-content{\r\n      width: 90% !important;\r\n    }\r\n    .wpm-6310-close {\r\n      top: -20px;\r\n      right: 0;\r\n      font-size: 30px;\r\n      font-weight: 100;\r\n      color: lightgray;\r\n    }\r\n    .wpm_6310_modal_body_content, .wpm_6310_modal_body_picture img{\r\n      width: 100% !important;\r\n    }\r\n    .wpm_6310_modal_body_picture{\r\n      width: 100% !important;\r\n      padding: 0 !important;\r\n    }\r\n    #wpm_6310_modal_designation{\r\n      margin-top: 15px;\r\n    }\r\n  }\r\n<\/style>\r\n<!-- #####################  Slider Section Start #################### -->\r\n<style>\r\n  .wpm_6310_mmt_1 .wpm_6310_modal_template_1 {\r\n      float: left;\r\n      width: 100%;\r\n      padding: 20px;\r\n      background: #fefefe;\r\n      border: 1px solid #888;\r\n      border-radius: 5px;\r\n      box-shadow: 0 4px 8px 0 rgba(0, 0, 0, 0.2), 0 6px 20px 0 rgba(0, 0, 0, 0.19);\r\n    }\r\n    .wpm_6310_mmt_1 .wpm_6310_modal_template_1 .wpm_6310_modal_body_picture img {\r\n      border: 1px solid #ccc;\r\n    }\r\n    .wpm_6310_mmt_1 .wpm_6310_modal_template_1 .wpm_6310_modal_designation {\r\n      font-size: 14px;\r\n      line-height: 20px;\r\n      font-family: Arimo;\r\n      color: rgb(0, 0, 0);\r\n      text-transform: uppercase;\r\n      font-weight: 300;\r\n    }\r\n    @media only screen and (max-width: 767px){\r\n      .wpm_6310_mmt_1 .wpm_6310_modal_template_1 .wpm_6310_modal_designation {\r\n        margin-top: 15px;\r\n      }\r\n    }\r\n    .wpm_6310_mmt_1 .wpm_6310_modal_template_1 .wpm_6310_modal_name {\r\n      font-size: 22px;\r\n      line-height: 27px;\r\n      font-family: Arimo;\r\n      color: rgb(17, 1, 0);\r\n      text-transform: capitalize;\r\n      margin-bottom: 25px;\r\n      line-height: 30px;\r\n      font-weight: 600;\r\n    }\r\n    .wpm_6310_mmt_1 .wpm_6310_modal_template_1 .wpm_6310_modal_details {\r\n      font-size: 14px;\r\n      line-height: 19px;\r\n      font-family: Arimo;\r\n      color: rgb(0, 0, 0);\r\n      line-height: calc(14px + 6px);\r\n    }\r\n    .wpm_6310_mmt_1 .wpm_6310_modal_template_1 .wpm_6310_modal_contact {\r\n      padding: 0;\r\n    }\r\n    .wpm_6310_mmt_1 .wpm_6310_modal_template_1 .wpm-custom-fields-list-label {\r\n      font-size: 18px;\r\n      font-family: Amaranth;\r\n      color: rgb(0, 100, 0);\r\n      font-weight: 300;\r\n      line-height: calc(18px + 2px);\r\n    }\r\n    .wpm_6310_mmt_1 .wpm_6310_modal_template_1 .wpm-custom-fields-list:hover .wpm-custom-fields-list-label {\r\n      color: rgb(0, 0, 0);\r\n    }\r\n    .wpm_6310_mmt_1 .wpm_6310_modal_template_1 .wpm-custom-fields-list-content {\r\n      font-size: 14px;\r\n      font-family: Amaranth;\r\n      color: rgb(0, 0, 0);\r\n      font-weight: 300;\r\n      line-height: calc(14px + 6px);\r\n    }\r\n    .wpm_6310_mmt_1 .wpm_6310_modal_template_1 .wpm-custom-fields-list:hover .wpm-custom-fields-list-content {\r\n      color: rgb(0, 100, 0);\r\n    }\r\n    .wpm_6310_mmt_1 .wpm_6310_modal_template_1 .wpm_6310_member_skills_wrapper .wpm_6310_skills_label_1 {\r\n      color: rgb(0, 0, 0) !important;\r\n    }\r\n    .wpm_6310_mmt_1 .wpm_6310_modal_template_6 .wpm-custom-fields-list{\r\n      display: flex;\r\n    }\r\n    .wpm_6310_mmt_1 .wpm_6310_modal_template_4 .wpm_6310_member_skills_wrapper {\r\n        display: inline-block !important;\r\n        width: 80% !important;\r\n      }\r\n      .wpm_6310_mmt_1 .wpm_6310_modal_template_4 .wpm_6310_skills_prog_1 {\r\n        margin: auto !important;\r\n      }\r\n.wpm_6310_member_skills_wrapper_1, .wpm_6310_member_skills_wrapper {\r\n  margin: 0;\r\n  width: 100%;\r\n  float: left;\r\n  margin-top: 10px;\r\n  margin-bottom: 0px;\r\n}\r\n.wpm_6310_member_skills_wrapper_1 {\r\n  display: block;\r\n}\r\n.wpm_6310_modal .wpm_6310_member_skills_wrapper {\r\n  width: 50%;  \r\n}\r\n.wpm_6310_skills_label_1 {\r\n  font-size: 12px;\r\n  text-transform: capitalize;\r\n  color: rgb(0, 62, 112);\r\n  font-weight: 100;\r\n  font-family: Amaranth;\r\n  line-height: 16px;\r\n  margin-bottom: 2px;\r\n  text-align: left;\r\n  display: block;\r\n}\r\n.wpm_6310_team_style_1:hover .wpm_6310_member_skills_wrapper_1 .wpm_6310_skills_label_1 {\r\n  color: rgb(0, 0, 0);\r\n}\r\n.wpm_6310_skills_prog_1 {\r\n  flex: 1;\r\n  height: 6px;\r\n  margin-bottom: 6px;\r\n  border-radius: 10px;\r\n  -webkit-border-radius: 10px;\r\n  -moz-border-radius: 10px;\r\n  -o-border-radius: 10px;\r\n  border:  1px solid rgb(55, 110, 55);\r\n  background-color: rgb(255, 255, 255);\r\n  box-shadow: none;\r\n  -o-box-shadow: none;\r\n  -moz-box-shadow: none;\r\n  -webkit-box-shadow: none;\r\n  box-sizing: border-box;\r\n}\r\n  .wpm_6310_modal_template_4 .wpm_6310_skills_prog_1 {\r\n\t\tmargin: 0 5px;\r\n\t}\r\n  .wpm_6310_modal_template_6 .wpm_6310_skills_prog_1 {\r\n\t\tmargin: 0 5px;\r\n\t}\r\n\t.wpm_6310_modal_template_6 .wpm_6310_member_skills_section{\r\n\t\tjustify-content: center !important;\r\n\t}\r\n  .wpm_6310_modal_template_6 .wpm_6310_member_skills_wrapper{\r\n    align-items: center;\r\n  }\r\n  .wpm_6310_modal_template_6 .wpm_6310_skills_prog_1 .wpm-custom-fields-list{\r\n      display: flex;\r\n  }\r\n.wpm_6310_fill_1 {\r\n  float: left;\r\n  background-color: rgb(2, 157, 209);\r\n  height: 100%;\r\n  background-size: 20px 20px;\r\n  position: relative;\r\n} \r\n.wpm_6310_skills_prog_1 .wpm-6310-tooltip-percent{\r\n    position: absolute;\r\n    width: 34px;\r\n    background-color: rgb(2, 157, 209);\r\n    color: #fff;\r\n    height: 20px;\r\n    line-height: 20px;\r\n    text-align: center;\r\n    right: -17px;\r\n    top: -29px;\r\n    display: none;\r\n    border-radius: 5px;\r\n    font-weight: 400;\r\n    font-size: 11px;\r\n    border-radius: 2px;\r\n    transition: all .33s; \r\n    font-family: Amaranth;\r\n  }\t\t\r\n  .wpm_6310_skills_prog_1:hover .wpm-6310-tooltip-percent, \r\n  .wpm_6310_skills_prog_1 .wpm_6310_skills_prog:hover .wpm-6310-tooltip-percent{\r\n    display: block\r\n  }\r\n  .wpm_6310_skills_prog_1 .wpm-6310-tooltip-percent::after {\r\n    position: absolute;\r\n    content: '';\r\n    height: 0;\r\n    border-left: 7px solid transparent;\r\n    border-right: 7px solid transparent;\r\n    border-top: 7px solid rgb(2, 157, 209);\r\n    top: 20px;\r\n    right: 10px;\r\n    z-index: 1;\r\n  }\r\n  \/* ################### Description CSS #################### *\/\r\n  .wpm_6310_team_style_1_description{\r\n    float: left;\r\n    width: 100%;\r\n    display:  block;\r\n    font-size: 14px;\r\n    line-height: 20px;\r\n    color: rgb(0, 0, 0);\r\n    font-family: Roboto !important;\r\n    font-weight: 100;\r\n    text-transform: none;\r\n    text-align: left;\r\n    margin-top: 2px;\r\n    margin-bottom: 18px;\r\n  }\r\n  .wpm_6310_team_style_1:hover .wpm_6310_team_style_1_description{\r\n    color: rgb(255, 255, 255);\r\n  }\r\n  .wpm-6310-p-l-r-10{\r\n    padding-left: 10px;\r\n    padding-right: 10px;\r\n  }\r\n  #wpm-6310-slider-1 .wpm-6310-owl-nav div.wpm-6310-owl-prev i[class*=\"fa-\"], #wpm-6310-slider-1 .wpm-6310-owl-nav div.wpm-6310-owl-next i[class*=\"fa-\"]{\r\n    line-height: 36px !important;\r\n  }\r\n  .wpm_6310_team_member_internal_link{\r\n   cursor: pointer;\r\n}\r\n<\/style>    <style type=\"text\/css\">\r\n    ul.wpm_6310_team_style_1_social{\r\n      padding: 0 !important;\r\n      list-style: none !important;\r\n    }\r\n    ul.wpm_6310_team_style_1_social li{\r\n      display: inline-block !important;\r\n      padding: 0 !important;\r\n    }\r\n    ul.wpm_6310_team_style_1_social li a{\r\n      display: inline-block !important;\r\n      box-shadow: none !important;\r\n      text-decoration: none !important;\r\n      padding: 0 !important;\r\n      margin: 0 !important;\r\n    }\r\n    ul.wpm_6310_team_style_1_social li a:hover{\r\n      box-shadow: none !important;\r\n      text-decoration: none !important;\r\n    }\r\n    <\/style>\r\n    <\/div><\/div>\n\n\n\n<div class=\"wp-block-cover alignfull\" style=\"min-height:300px;aspect-ratio:unset;\"><span aria-hidden=\"true\" class=\"wp-block-cover__background has-neve-link-color-background-color has-background-dim-80 has-background-dim\"><\/span><div class=\"wp-block-cover__inner-container is-layout-flow wp-block-cover-is-layout-flow\">\n<h2 class=\"wp-block-heading has-text-align-center has-nv-text-dark-bg-color has-text-color\"><\/h2>\n\n\n\n<h2 class=\"wp-block-heading has-text-align-center has-nv-text-dark-bg-color has-text-color\">P\u0159ihlaste se Pr\u00e1vnickou fakultu <br>Univerzity Karlovy! <\/h2>\n\n\n\n<p class=\"has-text-align-center has-nv-site-bg-color has-text-color has-link-color has-medium-font-size wp-elements-674b97d6d30b7465876d1105afcd254c\"><strong>P\u0159ijet\u00ed ke studiu je pouze ve va\u0161ich rukou!<\/strong><\/p>\n\n\n\n<div class=\"wp-block-buttons is-horizontal is-content-justification-center is-layout-flex wp-container-core-buttons-is-layout-10 wp-block-buttons-is-layout-flex\">\n<div class=\"wp-block-button is-style-primary\"><a class=\"wp-block-button__link wp-element-button\" href=\"https:\/\/is.cuni.cz\/studium\/prijimacky\/index.php?do=detail_obor&amp;id_obor=34229\" target=\"_blank\" rel=\"noreferrer noopener\">PODAT P\u0158IHL\u00c1\u0160KU<\/a><\/div>\n<\/div>\n\n\n\n<p><\/p>\n<\/div><\/div>\n\n\n\n<p><\/p>\n","protected":false},"excerpt":{"rendered":"<p>Pro\u010d studovat pr\u00e1va v Prazena Pr\u00e1vnick\u00e9 fakult\u011b Univerzity Karlovy? R\u00e1di byste pom\u00e1hali druh\u00fdm a zaj\u00edm\u00e1 v\u00e1s PR\u00c1VO? Chcete mu porozum\u011bt? Nech\u00e1te se pr\u00e1vn\u00edm labyrintem prov\u00e1d\u011bt nad\u0161en\u00fdmi u\u010diteli a vn\u00edmav\u00fdmi mentory? Chcete, aby v\u00e1s do jeho taj\u016f zasv\u011btily \u0161pi\u010dky v oboru? Pak jsme pro v\u00e1s nejlep\u0161\u00ed volba! Studujte pr\u00e1va v Praze. A jak se st\u00e1t na\u0161\u00ed&hellip;&nbsp;<a href=\"https:\/\/law.prf.cuni.cz\/pravavpraze\/\" rel=\"bookmark\">\u010c\u00edst d\u00e1le &raquo;<span class=\"screen-reader-text\">Studuj pr\u00e1va v Praze  na Univerzit\u011b Karlov\u011b<\/span><\/a><\/p>\n","protected":false},"author":2,"featured_media":0,"parent":0,"menu_order":0,"comment_status":"closed","ping_status":"closed","template":"","meta":{"_monsterinsights_skip_tracking":false,"_monsterinsights_sitenote_active":false,"_monsterinsights_sitenote_note":"","_monsterinsights_sitenote_category":0,"neve_meta_sidebar":"default","neve_meta_container":"contained","neve_meta_enable_content_width":"on","neve_meta_content_width":100,"neve_meta_title_alignment":"center","neve_meta_author_avatar":"","neve_post_elements_order":"","neve_meta_disable_header":"off","neve_meta_disable_footer":"","neve_meta_disable_title":"on","_kadence_starter_templates_imported_post":false,"footnotes":""},"class_list":["post-1005","page","type-page","status-publish","hentry"],"aioseo_notices":[],"_links":{"self":[{"href":"https:\/\/law.prf.cuni.cz\/pravavpraze\/wp-json\/wp\/v2\/pages\/1005","targetHints":{"allow":["GET"]}}],"collection":[{"href":"https:\/\/law.prf.cuni.cz\/pravavpraze\/wp-json\/wp\/v2\/pages"}],"about":[{"href":"https:\/\/law.prf.cuni.cz\/pravavpraze\/wp-json\/wp\/v2\/types\/page"}],"author":[{"embeddable":true,"href":"https:\/\/law.prf.cuni.cz\/pravavpraze\/wp-json\/wp\/v2\/users\/2"}],"replies":[{"embeddable":true,"href":"https:\/\/law.prf.cuni.cz\/pravavpraze\/wp-json\/wp\/v2\/comments?post=1005"}],"version-history":[{"count":121,"href":"https:\/\/law.prf.cuni.cz\/pravavpraze\/wp-json\/wp\/v2\/pages\/1005\/revisions"}],"predecessor-version":[{"id":2423,"href":"https:\/\/law.prf.cuni.cz\/pravavpraze\/wp-json\/wp\/v2\/pages\/1005\/revisions\/2423"}],"wp:attachment":[{"href":"https:\/\/law.prf.cuni.cz\/pravavpraze\/wp-json\/wp\/v2\/media?parent=1005"}],"curies":[{"name":"wp","href":"https:\/\/api.w.org\/{rel}","templated":true}]}}