{"id":2026,"date":"2023-06-24T23:16:38","date_gmt":"2023-06-24T21:16:38","guid":{"rendered":"https:\/\/law.prf.cuni.cz\/juridikum\/?page_id=2026"},"modified":"2026-02-14T10:30:41","modified_gmt":"2026-02-14T09:30:41","slug":"llm-pravni-ochrana-dat","status":"publish","type":"page","link":"https:\/\/law.prf.cuni.cz\/juridikum\/llm-pravni-ochrana-dat\/","title":{"rendered":"LLM-Pr\u00e1vn\u00ed ochrana dat"},"content":{"rendered":"\n<section id=\"gm0f7db5b\" class=\"wp-block-gutentor-m3 section-gm0f7db5b gutentor-module gutentor-container-cover\"><div class=\"grid-container\">\n<div id=\"section-g209e3e\" class=\"wp-block-gutentor-e1 section-g209e3e gutentor-element gutentor-element-advanced-text text-align-left-desktop text-align-left-tablet text-align-center-mobile\"><div class=\"gutentor-text-wrap\"><h2 class=\"gutentor-text\">LL.M. \u2013 Pr\u00e1vn\u00ed ochrana dat<\/h2><\/div><\/div>\n<\/div><\/section>\n\n\n\n<section id=\"gm64e76fb\" class=\"wp-block-gutentor-m4 section-gm64e76fb gutentor-module gutentor-advanced-columns\"><div class=\"grid-container\"><div class=\"grid-row\">\n<div id=\"col-gmd53662\" class=\"wp-block-gutentor-m4-col col-gmd53662 gutentor-single-column  grid-lg-8 grid-md-12 grid-12\"><div id=\"section-gmd53662\" class=\"section-gmd53662 gutentor-col-wrap\">\n<section id=\"section-d5195c45-309c-44e3-a2a3-eb82fb5a7a0e\" class=\"wp-block-gutentor-image-slider gutentor-section gutentor-image-slider imageSlider-template1\"><div class=\"gutentor-grid-item-wrap\"><div class=\"gutentor-slider-wrapper\" data-dots=\"true\" data-arrows=\"false\" data-infinite=\"false\" data-nextarrow=\"fas fa-angle-right\" data-prevarrow=\"fas fa-angle-left\" data-autoplay=\"false\" data-autoplayspeed=\"5000\" data-fade=\"false\" data-speed=\"3000\"><div class=\"gutentor-slider-item\"><div class=\"gutentor-single-item gutentor-single-item-0\"><div class=\"gutentor-single-item-wrap\"><div class=\"gutentor-single-item-image-box\"><div class=\"gutentor-bg-image\"><\/div><\/div><\/div><\/div><\/div><\/div><\/div><\/section>\n\n\n\n<section id=\"ad8f44\" class=\"section-ad8f44 gutentor-module gutentor-module-tabs gutentor-tabs-layout-horizontal gutentor-tabs-pos-top\"><div class=\"grid-container\"><div class=\"gutentor-module-tabs-wrap gutentor-tabs-style-outline\" data-id=\"ad8f44\"><div class=\"gutentor-module-tabs-nav text-align-left-desktop\"><span class=\"gutentor-module-tabs-item gm-tt-ad8f44 gutentor-tabs-nav-active\"><span class=\"gutentor-module-tabs-title\">P\u0159ehled<\/span><\/span><span class=\"gutentor-module-tabs-item gm-tt-ad8f44\"><span class=\"gutentor-module-tabs-title\">Anotace<\/span><\/span><span class=\"gutentor-module-tabs-item gm-tt-ad8f44\"><span class=\"gutentor-module-tabs-title\">Sylabus<\/span><\/span><span class=\"gutentor-module-tabs-item gm-tt-ad8f44\"><span class=\"gutentor-module-tabs-title\">Kontakt<\/span><\/span><\/div><div class=\"gutentor-module-tabs-body\">\n<div class=\"wp-block-gutentor-m7-tab gutentor-module-tabs-content gm-tc-ad8f44 gutentor-tabs-content-active\">\n<div id=\"section-ge063c4\" class=\"wp-block-gutentor-e1 section-ge063c4 gutentor-element gutentor-element-advanced-text text-align-left-desktop text-align-left-tablet text-align-left-mobile\"><div class=\"gutentor-text-wrap\"><a class=\"gutentor-element-advanced-text-link\" href=\"#\"><h4 class=\"gutentor-text\">Pr\u00e1vn\u00ed ochrana dat<\/h4><\/a><\/div><\/div>\n\n\n\n<div id=\"section-g231c53\" class=\"wp-block-gutentor-e1 section-g231c53 gutentor-element gutentor-element-advanced-text text-align-left-desktop text-align-left-tablet text-align-left-mobile\"><div class=\"gutentor-text-wrap\"><p class=\"gutentor-text\">C\u00edlem navrhovan\u00e9ho LL.M. kurzu je poskytnut\u00ed celistv\u00e9ho vzd\u011bl\u00e1n\u00ed sv\u00fdch absolvent\u016f v oblasti ochrany dat. Absolventi tohoto kurzu by m\u011bli b\u00fdt odborn\u00edky na danou oblast, kte\u0159\u00ed si osvojili zejm\u00e9na praktick\u00e9 znalosti a dovednosti. Absolventi n\u00e1sledn\u011b mohou nal\u00e9zt uplatn\u011bn\u00ed v oblasti ochrany osobn\u00edch \u00fadaj\u016f na pozic\u00edch pov\u011b\u0159enc\u016f pro ochranu osobn\u00edch \u00fadaj\u016f a\u0165 u\u017e ve st\u00e1tn\u00ed spr\u00e1v\u011b, samospr\u00e1v\u011b, \u010di soukrom\u00e9m sektoru, podnikov\u00fdch pr\u00e1vn\u00edk\u016f nebo compliance officer\u016f. Obdobn\u011b mohou absolventi nal\u00e9zt uplatn\u011bn\u00ed v advok\u00e1tn\u00edch kancel\u00e1\u0159\u00edch specializuj\u00edc\u00edch se na oblast pr\u00e1va informa\u010dn\u00edch a komunika\u010dn\u00edch technologi\u00ed nebo oblast ochrany osobn\u00edch \u00fadaj\u016f.<br><br>Absolvov\u00e1n\u00ed LL.M. kurzu bude&nbsp;<strong>\u010ceskou advok\u00e1tn\u00ed komorou<\/strong>&nbsp;uzn\u00e1no jako absolvov\u00e1n\u00ed povinn\u011b voliteln\u00fdch semin\u00e1\u0159\u016f pro advok\u00e1tn\u00ed koncipienty, nebo budou p\u0159izn\u00e1ny kredity&nbsp; pro advok\u00e1ty \u00fa\u010dastn\u00edc\u00ed se projektu&nbsp;Dal\u0161\u00edho vzd\u011bl\u00e1v\u00e1n\u00ed advok\u00e1t\u016f.<\/p><\/div><\/div>\n<\/div>\n\n\n\n<div class=\"wp-block-gutentor-m7-tab gutentor-module-tabs-content gm-tc-ad8f44\">\n<div id=\"section-g4bc87a\" class=\"wp-block-gutentor-e1 section-g4bc87a gutentor-element gutentor-element-advanced-text text-align-left-desktop text-align-left-tablet text-align-left-mobile\"><div class=\"gutentor-text-wrap\"><a class=\"gutentor-element-advanced-text-link\" href=\"#\"><h4 class=\"gutentor-text\">Organizace programu:<\/h4><\/a><\/div><\/div>\n\n\n\n<div id=\"section-g1cacaf\" class=\"wp-block-gutentor-e1 section-g1cacaf gutentor-element gutentor-element-advanced-text text-align-left-desktop text-align-left-tablet text-align-left-mobile\"><div class=\"gutentor-text-wrap\"><p class=\"gutentor-text\">Program <strong><em>\u201ePr\u00e1vn\u00ed ochrana dat<\/em><\/strong>\u201c p\u0159edstavuje specializovan\u00fd program zam\u011b\u0159en\u00fd na pr\u00e1vn\u00ed \u00fapravu dat v \u0161ir\u0161\u00edm slova smyslu. Tematicky pokr\u00fdv\u00e1 ot\u00e1zky spojen\u00e9 s daty z pohledu ochrany osobn\u00edch \u00fadaj\u016f, autorsk\u00e9ho pr\u00e1va, datab\u00e1zov\u00e9ho pr\u00e1va, ob\u010dansk\u00e9ho pr\u00e1va a pr\u00e1va \u00fastavn\u00edho. Jedn\u00e1 se o \u00fazkou specializaci, kter\u00e1 jde nad r\u00e1mec b\u011b\u017en\u00e9 v\u00fduky v magistersk\u00fdch studijn\u00edch programech pr\u00e1vo a pr\u00e1vn\u00ed v\u011bda. <br><br>Pr\u00e1vn\u00ed problematika dat p\u0159itom nab\u00fdv\u00e1 v posledn\u00edch letech na v\u00fdznamu, a to zejm\u00e9na od doby \u00fa\u010dinnosti obecn\u00e9ho na\u0159\u00edzen\u00ed o ochran\u011b osobn\u00edch \u00fadaj\u016f (GDPR). V sou\u010dasn\u00e9 dob\u011b se nav\u00edc objevuje cel\u00e1 \u0159ada dal\u0161\u00edch p\u0159edpis\u016f souvisej\u00edc\u00edch s ochranou dat. Jedn\u00e1 se nap\u0159\u00edklad o sm\u011brnici NIS2 zam\u011b\u0159uj\u00edc\u00ed se na kyberbezpe\u010dnost nebo Evropskou uni\u00ed navrhovan\u00e1 na\u0159\u00edzen\u00ed Data Act a Data Governance Act. S daty souvis\u00ed tak\u00e9 n\u011bkolik dal\u0161\u00edch nov\u00fdch unijn\u00edch p\u0159edpis\u016f \u2013 Akt o digit\u00e1ln\u00edch trz\u00edch, Akt o digit\u00e1ln\u00edch slu\u017eb\u00e1ch nebo Na\u0159\u00edzen\u00ed o um\u011bl\u00e9 inteligenci. V n\u00e1sleduj\u00edc\u00edch letech se tedy bude zvy\u0161ovat popt\u00e1vka po pr\u00e1vn\u00edc\u00edch specializuj\u00edc\u00edch se na tuto pr\u00e1vn\u00ed \u00fapravu, nebo\u0165 ve\u0161ker\u00e1 legislativa p\u0159in\u00e1\u0161\u00ed pro sv\u00e9 adres\u00e1ty celou \u0161k\u00e1lu nov\u00fdch povinnost\u00ed. Odpov\u00eddaj\u00edc\u00ed specializovan\u00e1 nab\u00eddka vzd\u011bl\u00e1n\u00ed v\u0161ak chyb\u00ed. Program Pr\u00e1vn\u00ed ochrana dat je ur\u010den zejm\u00e9na pro ty, kte\u0159\u00ed se ve sv\u00e9 praxi v\u011bnuj\u00ed pr\u00e1ci s osobn\u00edmi i neosobn\u00edmi daty, nebo pro ty, kte\u0159\u00ed maj\u00ed z\u00e1jem si roz\u0161\u00ed\u0159it sv\u00e9 znalosti nad r\u00e1mec obecn\u00e9ho magistersk\u00e9ho programu v oboru pr\u00e1vo a pr\u00e1vn\u00ed v\u011bda. <br><br>Program je vhodn\u00fd zejm\u00e9na pro pracovn\u00edky v oblasti korpor\u00e1tn\u00ed compliance, pov\u011b\u0159ence pro ochranu osobn\u00edch \u00fadaj\u016f, podnikov\u00e9 pr\u00e1vn\u00edky, advok\u00e1ty, nebo pr\u00e1vn\u00edky ze st\u00e1tn\u00ed spr\u00e1vy a samospr\u00e1vy. Kurz LL.M. je orientov\u00e1n na specifickou pr\u00e1vn\u00ed \u00fapravu ochrany dat. Ve\u0161ker\u00e1 v\u00fduka by m\u011bla m\u00edt siln\u00fd dovednostn\u00ed prvek a b\u00fdt orientov\u00e1na na praxi. Od obecn\u00fdch z\u00e1klad\u016f bude postupn\u011b p\u0159ech\u00e1zeno ke specifick\u00fdm t\u00e9mat\u016fm. Bli\u017e\u0161\u00ed informace k obsahov\u00e9 n\u00e1plni kurzu LL.M. a individu\u00e1ln\u00edch p\u0159edm\u011bt\u016f je mo\u017en\u00e9 nal\u00e9zt n\u00ed\u017ee.<\/p><\/div><\/div>\n\n\n\n<div id=\"section-g6a76c0\" class=\"wp-block-gutentor-e1 section-g6a76c0 gutentor-element gutentor-element-advanced-text text-align-left-desktop text-align-left-tablet text-align-left-mobile\"><div class=\"gutentor-text-wrap\"><a class=\"gutentor-element-advanced-text-link\" href=\"#\"><h4 class=\"gutentor-text\">Profil absolventa kurzu<\/h4><\/a><\/div><\/div>\n\n\n\n<div id=\"section-gba2e1d\" class=\"wp-block-gutentor-e1 section-gba2e1d gutentor-element gutentor-element-advanced-text text-align-left-desktop text-align-left-tablet text-align-left-mobile\"><div class=\"gutentor-text-wrap\"><p class=\"gutentor-text\">C\u00edlem navrhovan\u00e9ho LL.M. kurzu je poskytnut\u00ed celistv\u00e9ho vzd\u011bl\u00e1n\u00ed sv\u00fdch absolvent\u016f v oblasti ochrany dat. Absolventi tohoto kurzu by m\u011bli b\u00fdt odborn\u00edky na danou oblast, kte\u0159\u00ed si osvojili zejm\u00e9na praktick\u00e9 znalosti a dovednosti. Absolventi n\u00e1sledn\u011b mohou nal\u00e9zt uplatn\u011bn\u00ed v oblasti ochrany osobn\u00edch \u00fadaj\u016f na pozic\u00edch pov\u011b\u0159enc\u016f pro ochranu osobn\u00edch \u00fadaj\u016f a\u0165 u\u017e ve st\u00e1tn\u00ed spr\u00e1v\u011b, samospr\u00e1v\u011b, \u010di soukrom\u00e9m sektoru, podnikov\u00fdch pr\u00e1vn\u00edk\u016f nebo compliance officer\u016f. Obdobn\u011b mohou absolventi nal\u00e9zt uplatn\u011bn\u00ed v advok\u00e1tn\u00edch kancel\u00e1\u0159\u00edch specializuj\u00edc\u00edch se na oblast pr\u00e1va informa\u010dn\u00edch a komunika\u010dn\u00edch technologi\u00ed nebo oblast ochrany osobn\u00edch \u00fadaj\u016f.<\/p><\/div><\/div>\n\n\n\n<div id=\"section-gc416d0\" class=\"wp-block-gutentor-e1 section-gc416d0 gutentor-element gutentor-element-advanced-text text-align-left-desktop text-align-left-tablet text-align-left-mobile\"><div class=\"gutentor-text-wrap\"><a class=\"gutentor-element-advanced-text-link\" href=\"#\"><h4 class=\"gutentor-text\">Term\u00edn a d\u00e9lka<\/h4><\/a><\/div><\/div>\n\n\n\n<div id=\"section-g8bd4bb\" class=\"wp-block-gutentor-e1 section-g8bd4bb gutentor-element gutentor-element-advanced-text text-align-left-desktop text-align-left-tablet text-align-left-mobile\"><div class=\"gutentor-text-wrap\"><p class=\"gutentor-text\"><strong>Otev\u00edr\u00e1n v akad. roce: <\/strong>2026\/2027<br><strong>Zah\u00e1jen\u00ed: <\/strong>zimn\u00ed semestr<br><br>Kurz je koncipov\u00e1n jako \u010dty\u0159semestr\u00e1ln\u00ed s t\u00edm, \u017ee prvn\u00ed t\u0159i semestry by m\u011bly b\u00fdt realizov\u00e1ny formou prezen\u010dn\u00ed blokov\u00e9 v\u00fduky v prostor\u00e1ch PF UK, kter\u00e1 se bude konat \u010dty\u0159ikr\u00e1t za semestr (dle p\u0159edem zve\u0159ejn\u011bn\u00e9ho v\u00fdukov\u00e9ho harmonogramu v re\u017eimu p\u00e1tek a sobota). Ka\u017ed\u00e1 blokov\u00e1 v\u00fduka bude vymezena pro v\u00fduku jednoho modulu. Ka\u017ed\u00fd semestr se tedy uskute\u010dn\u00ed celkem 4 moduly, ka\u017ed\u00fd v r\u00e1mci jedn\u00e9 blokov\u00e9 v\u00fduky.<\/p><\/div><\/div>\n\n\n\n<div id=\"section-ge3afee\" class=\"wp-block-gutentor-e1 section-ge3afee gutentor-element gutentor-element-advanced-text text-align-left-desktop text-align-left-tablet text-align-left-mobile\"><div class=\"gutentor-text-wrap\"><a class=\"gutentor-element-advanced-text-link\" href=\"#\"><h4 class=\"gutentor-text\">Kurzovn\u00e9<\/h4><\/a><\/div><\/div>\n\n\n\n<div id=\"section-g177a9a\" class=\"wp-block-gutentor-e1 section-g177a9a gutentor-element gutentor-element-advanced-text text-align-left-desktop text-align-left-tablet text-align-left-mobile\"><div class=\"gutentor-text-wrap\"><p class=\"gutentor-text\"><strong>Kurzovn\u00e9 za program LL.M. jako celek (celkem 4 semestry programu) je stanoveno na 179 500 K\u010d.<\/strong><br><br>Vedle poplatku za kurz LL.M. uveden\u00e9ho v\u00fd\u0161e je stanoven poplatek za pod\u00e1n\u00ed p\u0159ihl\u00e1\u0161ky ve v\u00fd\u0161i 1 000 K\u010d za \u00fa\u010delem pokryt\u00ed n\u00e1klad\u016f spojen\u00fdch s p\u0159ij\u00edmac\u00edm \u0159\u00edzen\u00edm.<br><br><strong>V p\u0159\u00edpad\u011b nespln\u011bn\u00ed p\u0159edepsan\u00fdch povinnost\u00ed v uveden\u00e9 lh\u016ft\u011b zanik\u00e1 \u00fa\u010dast v programu LL.M. automaticky bez n\u00e1roku na vr\u00e1cen\u00ed uhrazen\u00e9ho kurzovn\u00e9ho.<\/strong> D\u0159\u00edve uhrazen\u00e9 kurzovn\u00e9 se nevrac\u00ed ani v p\u0159\u00edpad\u011b odstoupen\u00ed z programu LL.M. z d\u016fvod\u016f na stran\u011b \u00fa\u010dastn\u00edka a d\u00e1le t\u00e9\u017e v p\u0159\u00edpad\u011b neuhrazen\u00ed zb\u00fdvaj\u00edc\u00edch \u010d\u00e1st\u00ed kurzovn\u00e9ho v p\u0159edepsan\u00fdch lh\u016ft\u00e1ch (bl\u00ed\u017ee viz sekce Kurzovn\u00e9). V\u00fdjimky z t\u011bchto pravidel m\u016f\u017ee ve zvl\u00e1\u0161\u0165 od\u016fvodn\u011bn\u00fdch p\u0159\u00edpadech povolit v p\u0159edstihu p\u0159ed jejich napln\u011bn\u00edm na z\u00e1klad\u011b p\u00edsemn\u00e9 \u017e\u00e1dosti \u00fa\u010dastn\u00edka d\u011bkan fakulty, pop\u0159. j\u00edm pov\u011b\u0159en\u00fd prod\u011bkan.<br><br>Ukon\u010den\u00ed \u00fa\u010dasti v programu je d\u00e1le bez n\u00e1roku na vr\u00e1cen\u00ed d\u0159\u00edve uhrazen\u00e9ho kurzovn\u00e9ho vyhrazeno v p\u0159\u00edpadech prok\u00e1zan\u00e9ho plagi\u00e1torstv\u00ed u \u00fa\u010dastn\u00edkem odevzdan\u00fdch esej\u00ed, dal\u0161\u00edch p\u00edsemn\u00fdch studijn\u00edch povinnost\u00ed a z\u00e1v\u011bre\u010dn\u00e9 LL.M. pr\u00e1ce. Identicky to plat\u00ed p\u0159i pokusech o jin\u00e9 podvody p\u0159i skl\u00e1d\u00e1n\u00ed studijn\u00edch povinnost\u00ed.<\/p><\/div><\/div>\n\n\n\n<div id=\"section-g624226\" class=\"wp-block-gutentor-e1 section-g624226 gutentor-element gutentor-element-advanced-text text-align-left-desktop text-align-left-tablet text-align-left-mobile\"><div class=\"gutentor-text-wrap\"><a class=\"gutentor-element-advanced-text-link\" href=\"#\"><h4 class=\"gutentor-text\">Po\u017eadavky na uchaze\u010de<\/h4><\/a><\/div><\/div>\n\n\n\n<div id=\"section-g2523a1\" class=\"wp-block-gutentor-e1 section-g2523a1 gutentor-element gutentor-element-advanced-text text-align-left-desktop text-align-left-tablet text-align-left-mobile\"><div class=\"gutentor-text-wrap\"><p class=\"gutentor-text\">I. Absolutorium vysoko\u0161kolsk\u00e9ho vzd\u011bl\u00e1n\u00ed v oboru pr\u00e1va, resp. jemu narove\u0148 postaven\u00e9ho typu vzd\u011bl\u00e1n\u00ed (v od\u016fvodn\u011bn\u00fdch p\u0159\u00edpadech je mo\u017eno p\u0159ijmout i nap\u0159. absolventy jin\u00e9ho vysoko\u0161kolsk\u00e9ho vzd\u011bl\u00e1n\u00ed, pokud se v praxi v\u011bnuj\u00ed ochran\u011b osobn\u00edch \u00fadaj\u016f nebo compliance). <strong>Ov\u011b\u0159enou kopii diplomu je nutn\u00e9 dolo\u017eit do 30. 9.<\/strong>, jinak se tato podm\u00ednka pova\u017euje za nespln\u011bnou. <br>II. \u017divotopis;<br>III. Motiva\u010dn\u00ed dopis v rozsahu cca. 1-2 strany textu;<br><br>Kapacita programu m\u016f\u017ee b\u00fdt omezena, otev\u0159en\u00ed programu je s v\u00fdhradou dostate\u010dn\u00e9ho po\u010dtu p\u0159ihl\u00e1\u0161en\u00fdch z\u00e1jemc\u016f.<br><br>V p\u0159\u00edpad\u011b p\u0159ijet\u00ed bude uchaze\u010di sou\u010dasn\u011b pod\u00e1na nab\u00eddka uzav\u0159en\u00ed Smlouvy o vzd\u011bl\u00e1v\u00e1n\u00ed v mezin\u00e1rodn\u011b uzn\u00e1van\u00e9m kurzu LL.M. za podm\u00ednek uveden\u00fdch v t\u00e9to sekci str\u00e1nek PF UK a p\u0159\u00edpadn\u00fdch bli\u017e\u0161\u00edch podm\u00ednek dan\u00fdch touto Smlouvou. <br><br>P\u0159ijet\u00ed do programu LL.M. je podm\u00edne\u010dn\u00e9 do zaplacen\u00ed kurzovn\u00e9ho v pln\u00e9 v\u00fd\u0161i dle podm\u00ednek stanoven\u00fdch v sekci Kurzovn\u00e9 a dolo\u017een\u00ed ov\u011b\u0159en\u00e9 kopie p\u0159edchoz\u00edho vysoko\u0161kolsk\u00e9ho diplomu uchaze\u010de.<\/p><\/div><\/div>\n\n\n\n<p><\/p>\n<\/div>\n\n\n\n<div class=\"wp-block-gutentor-m7-tab gutentor-module-tabs-content gm-tc-ad8f44\">\n<div id=\"section-gaa7a3a\" class=\"wp-block-gutentor-e1 section-gaa7a3a gutentor-element gutentor-element-advanced-text text-align-left-desktop text-align-left-tablet text-align-left-mobile\"><div class=\"gutentor-text-wrap\"><p class=\"gutentor-text\"><strong>Modul 1 &#8211; Data a jejich zakotven\u00ed v pr\u00e1vn\u00edm po\u0159\u00e1dku<\/strong><br><strong><em>doc. JUDr. PhDr. Marek Anto\u0161, LL.M., JUDr. Bc. Zden\u011bk Ku\u010dera, Ph.D.<\/em><\/strong><br>Ot\u00e1zky pr\u00e1vn\u00edho postaven\u00ed dat v Listin\u011b a \u00damluv\u011b, ob\u010dansk\u00e9m z\u00e1kon\u00edku a dal\u0161\u00edch pr\u00e1vn\u00edch p\u0159edpisech, definice dat a zp\u016fsob jejich ochrany.  Modul se bude v\u011bnovat zachycen\u00ed dat v pr\u00e1vn\u00edm \u0159\u00e1du \u010cesk\u00e9 republiky a EU. Pozornost bude v\u011bnov\u00e1na zejm\u00e9na obsahu pojm\u016f data, informace, \u010di osobn\u00ed \u00fadaj. Tyto pojmy pak budou analyzov\u00e1ny<br>zejm. z pohledu ob\u010dansk\u00e9ho z\u00e1kon\u00edku, z\u00e1kona o archivnictv\u00ed, \u010di nov\u00e9 \u00fapravy digit\u00e1ln\u00edho zbo\u017e\u00ed a slu\u017eeb. Samostatn\u011b prob\u00edranou kategori\u00ed pak bude postaven\u00ed osobn\u00edch \u00fadaj\u016f v Listin\u011b a \u00damluv\u011b, sou\u010dasn\u00e1 judikatura a ot\u00e1zka komoditizace dat.<br><br><strong>Modul 2 &#8211; Pr\u00e1vo du\u0161evn\u00edho vlastnictv\u00ed a data<\/strong><br><em><strong>JUDr. Bc. Zden\u011bk Ku\u010dera, Ph.D., Mgr. \u0160t\u011bp\u00e1nka Havl\u00edkov\u00e1, LL.M.<\/strong><\/em><br>Ot\u00e1zky \u00fapravy dat a jejich ochrany v autorsk\u00e9m z\u00e1kon\u011b, pr\u00e1vn\u00ed ochrana datab\u00e1z\u00ed. V tomto modulu bude v\u011bnov\u00e1na pozornost ochran\u011b du\u0161evn\u00edho vlastnictv\u00ed a jej\u00ed aplikovatelnosti na data a informace. \u00da\u010dastn\u00edci budou sezn\u00e1meni s po\u017eadavky na ochranu prost\u0159ednictv\u00edm autorsk\u00e9ho pr\u00e1va, a to ve vztahu k autorsk\u00e9mu d\u00edlu \u010di datab\u00e1zi chr\u00e1n\u011bn\u00e9 autorsk\u00fdm pr\u00e1vem, a d\u00e1le sui generis datab\u00e1zov\u00e9ho pr\u00e1va, a to se zam\u011b\u0159en\u00edm na ot\u00e1zku ochrany dat a informac\u00ed prost\u0159ednictv\u00edm pr\u00e1va du\u0161evn\u00edho vlastnictv\u00ed. Pozornost bude v\u011bnov\u00e1na harmonizovan\u00e9 pr\u00e1vn\u00ed \u00faprav\u011b na evropsk\u00e9 \u00farovni a souvisej\u00edc\u00ed judikatu\u0159e evropsk\u00e9ho soudn\u00edho dvora, d\u00e1le bude p\u0159edstavena n\u00e1rodn\u00ed pr\u00e1vn\u00ed \u00faprava a judikatura \u010desk\u00fdch soud\u016f. D\u00e1le bude diskutov\u00e1n rozsah ochrany poskytovan\u00e9 autorsk\u00fdm pr\u00e1vem a sui generis datab\u00e1zov\u00fdm pr\u00e1vem, jako\u017e i v\u00fdjimky a omezen\u00ed z t\u011bchto pr\u00e1v. Zvl\u00e1\u0161tn\u00ed pozornost bude d\u00e1le v\u011bnov\u00e1na v\u00fdjimce z ochrany pro text a data mining na z\u00e1klad\u011b sm\u011brnice o pr\u00e1vu autorsk\u00e9m na jednotn\u00e9m digit\u00e1ln\u00edm trhu.<br><br><strong>Modul 3 &#8211; Evropsk\u00e9 pr\u00e1vo zpracov\u00e1n\u00ed dat I<\/strong><br><strong><em>JUDr. Vladan R\u00e1mi\u0161, Ph.D., JUDr. Jana Soukupov\u00e1<\/em><\/strong><br>V tomto modulu bude hlavn\u00ed pozornost zam\u011b\u0159ena na p\u0159ehled z\u00e1kladn\u00edch p\u0159edpis\u016f upravuj\u00edc\u00edch zpracov\u00e1n\u00ed osobn\u00edch \u00fadaj\u016f v r\u00e1mci EU. Pozornost bude nejprve v\u011bnov\u00e1na jak pojet\u00ed pr\u00e1va na ochranu osobn\u00edch \u00fadaj\u016f jako z\u00e1kladn\u00edho pr\u00e1va, tak jeho pojet\u00ed jako projevu pr\u00e1va na informa\u010dn\u00ed sebeur\u010den\u00ed ve smyslu n\u011bmeck\u00e9 nauky a jej\u00edho p\u0159esahu do \u010desk\u00e9 a evropsk\u00e9 pr\u00e1vn\u00ed praxe. V dal\u0161\u00ed \u010d\u00e1sti budou \u00fa\u010dastn\u00edci sezn\u00e1meni s p\u0159ehledem hlavn\u00edch pr\u00e1vn\u00edch p\u0159edpis\u016f zab\u00fdvaj\u00edc\u00edch se zpracov\u00e1n\u00ed osobn\u00edch \u00fadaj\u016f a v\u00fdvojem pr\u00e1vn\u00ed \u00fapravy a v\u00fdchodisek pro jej\u00ed p\u0159ijet\u00ed. Zab\u00fdvat se budeme i konceptem poskytnut\u00ed mo\u017enosti zpracov\u00e1vat osobn\u00ed \u00fadaje jako protipln\u011bn\u00ed za poskytnut\u00ed  zbo\u017e\u00ed \u010di slu\u017eeb a p\u0159esahem \u00fapravy v r\u00e1mci spot\u0159ebitelsk\u00e9ho pr\u00e1va. N\u00e1sledn\u011b bude v\u00fdklad zam\u011b\u0159en na pochopen\u00ed vazeb a souvislost\u00ed mezi jednotliv\u00fdmi pr\u00e1vn\u00edmi p\u0159edpisy a jejich dopadem na praxi.<br><br><strong>Modul 4 &#8211; N\u00e1rodn\u00ed pr\u00e1vo ochrany dat<\/strong><br><em>Mgr. Franti\u0161ek Nonnemann<\/em><br>V tomto modulu se poslucha\u010di sezn\u00e1m\u00ed s \u010deskou pr\u00e1vn\u00ed \u00fapravou pro zpracov\u00e1n\u00ed osobn\u00edch \u00fadaj\u016f a souvisej\u00edc\u00edmi p\u0159edpisy. Jak s obecn\u00fdmi, jako je z\u00e1kon o zpracov\u00e1n\u00ed osobn\u00edch \u00fadaj\u016f, ob\u010dansk\u00fd z\u00e1kon\u00edk, z\u00e1kon\u00edk pr\u00e1ce, trestn\u00ed z\u00e1kon\u00edk atd., tak vybran\u00fdmi p\u0159\u00edklady sektorov\u00e9 regulace, kter\u00e1 pravidla pro zpracov\u00e1n\u00ed dat up\u0159es\u0148uje p\u0159i \u010dinnosti v n\u011bkter\u00fdch odv\u011btv\u00edch, nap\u0159. finan\u010dn\u00ed sektor, poskytov\u00e1n\u00ed zdravotn\u00edch slu\u017eeb, ve\u0159ejn\u00e1 spr\u00e1va a samospr\u00e1va atd. Modul se bude d\u00e1le zab\u00fdvat praktick\u00fdmi ot\u00e1zkami aplikace obecn\u00e9ho na\u0159\u00edzen\u00ed o ochran\u011b osobn\u00edch \u00fadaj\u016f (GDPR) a \u010desk\u00e9 pr\u00e1vn\u00ed \u00fapravy, jejich vztahu, specifik\u016fm \u010desk\u00e9 \u00fapravy a n\u011bkter\u00fdm v\u00fdkladov\u00fdm nejasnostem a probl\u00e9m\u016fm. Dal\u0161\u00edm t\u00e9matem bude postaven\u00ed, pravomoci a \u010dinnost dozorov\u00e9ho \u00fa\u0159adu, \u00da\u0159adu pro ochranu osobn\u00edch \u00fadaj\u016f. V t\u00e9to \u010d\u00e1sti se bude v\u00fdklad zab\u00fdvat jak legislativn\u00edm uchopen\u00edm postaven\u00ed a role \u00fa\u0159adu, jeho<br>kompetenc\u00edm, po\u017eadavk\u016fm na nez\u00e1vislost atd., ale tak\u00e9 praktick\u00fdm poznatk\u016fm z v\u00fdkonu dozoru, a\u0165 u\u017e ve form\u011b kontroly, spr\u00e1vn\u00edho \u0159\u00edzen\u00ed nebo dal\u0161\u00edch aktivit \u00fa\u0159adu.<br><br><strong>Modul 5 &#8211; Evropsk\u00e9 pr\u00e1vo zpracov\u00e1n\u00ed dat II<\/strong><br><em><strong>JUDr. Vladan R\u00e1mi\u0161, Ph.D., JUDr. Jana Soukupov\u00e1<\/strong><\/em><br>V tomto modulu bude pozornost v\u011bnov\u00e1na Obecn\u00e9mu na\u0159\u00edzen\u00ed o ochran\u011b osobn\u00edch \u00fadaj\u016f. Nejprve budou vysv\u011btleny z\u00e1kladn\u00ed z\u00e1sady zpracov\u00e1n\u00ed \u00fadaj\u016f, a to v kontextu jak historick\u00e9ho, tak aktu\u00e1ln\u00edho v\u00fdvoje. N\u00e1sledn\u011b bude referov\u00e1no o hlavn\u00edch institutech obecn\u00e9ho na\u0159\u00edzen\u00ed v\u010d. m\u00e9n\u011b zn\u00e1m\u00fdch aspekt\u016f jejich aplikace. Zab\u00fdvat se budeme tak\u00e9 v\u00fdjimkami z obecn\u00fdch pravidel p\u0159edpokl\u00e1dan\u00fdmi v obecn\u00e9m na\u0159\u00edzen\u00ed, postaven\u00edm a prax\u00ed dozorov\u00fdch org\u00e1n\u016f a \u00fapravou p\u0159ed\u00e1v\u00e1n\u00ed osobn\u00edch \u00fadaj\u016f mimo EU\/EHS. N\u00e1sledn\u011b budou zhodnoceny kl\u00ed\u010dov\u00e9 rozsudky Soudn\u00edho dvora EU a pokyny Evropsk\u00e9ho svoru pro ochranu osobn\u00edch \u00fadaj\u016f.<br><br><strong>Modul 6 &#8211; Kybernetick\u00e1 bezpe\u010dnost<\/strong><br><strong><em>Mgr. Franti\u0161ek Nonnemann, JUDr. Bc. Zden\u011bk Ku\u010dera, Ph.D., JUDr. Ing. Jind\u0159ich Kal\u00ed\u0161ek, Ph.D.<\/em><\/strong><br>V r\u00e1mci toho modulu bude v\u00fdklad zam\u011b\u0159en na po\u017eadavky na zabezpe\u010den\u00ed osobn\u00edch \u00fadaj\u016f dle obecn\u00e9ho na\u0159\u00edzen\u00ed o ochran\u011b osobn\u00edch \u00fadaj\u016f (GDPR). GDPR formuluje po\u017eadavky na zabezpe\u010den\u00ed dat obecn\u011b, p\u0159i aplikaci p\u0159\u00edstupu zalo\u017een\u00e9ho na riziku (risk-based approach). V\u00fdklad se proto bude zab\u00fdvat t\u00edm, jak obecn\u00e1 pravidla GDPR aplikovat, jak\u00e1 rizika zohlednit a jak zajistit a dokumentovat<br>dostate\u010dnou m\u00edru zabezpe\u010den\u00ed osobn\u00edch \u00fadaj\u016f. Modul se bude d\u00e1le zab\u00fdvat po\u017eadavky na \u0159\u00edzen\u00ed p\u0159\u00edpad\u016f poru\u0161en\u00ed zabezpe\u010den\u00ed osobn\u00edch \u00fadaj\u016f. Nastaven\u00ed procesu pro jejich identifikaci, vyhodnocen\u00ed, \u0159e\u0161en\u00ed a oznamov\u00e1n\u00ed dozorov\u00e9mu \u00fa\u0159adu a subjekt\u016fm \u00fadaj\u016f. V t\u00e9to \u010d\u00e1sti bude probr\u00e1na i role pov\u011b\u0159ence pro ochranu osobn\u00edch \u00fadaj\u016f p\u0159i \u0159\u00edzen\u00ed poru\u0161en\u00ed zabezpe\u010den\u00ed osobn\u00edch \u00fadaj\u016f a povinnosti spr\u00e1vce ve vztahu ke zpracovateli osobn\u00edch \u00fadaj\u016f. Zab\u00fdvat se budeme i vztahem k n\u011bkter\u00fdm dal\u0161\u00edm regulac\u00edm upravuj\u00edc\u00edm pravidla pro \u0159\u00edzen\u00ed kybernetick\u00fdch bezpe\u010dnostn\u00edch incident\u016f, typicky pr\u00e1vn\u00ed \u00faprav\u011b kybernetick\u00e9 bezpe\u010dnosti a bezpe\u010dnosti v oblasti platebn\u00edho styku, jejich vztahu a zasazen\u00ed do celkov\u00e9ho compliance syst\u00e9mu. Uplatn\u011bn\u00ed pravidel pro \u0159\u00edzen\u00ed poru\u0161en\u00ed zabezpe\u010den\u00ed osobn\u00edch \u00fadaj\u016f p\u0159i vyu\u017eit\u00ed dodavatel\u016f, zpracovatel\u016f dat, a aplika\u010dn\u00ed probl\u00e9my budou probr\u00e1ny s vyu\u017eit\u00edm skute\u010dn\u00fdm p\u0159\u00edpad\u016f \u00fanik\u016f dat a rozhodovac\u00ed praxe \u010desk\u00e9ho i zahrani\u010dn\u00edch dozorov\u00fdch \u00fa\u0159ad\u016f.<br><br><strong>Modul 7 &#8211; Praxe pov\u011b\u0159ence<\/strong><br><strong><em>JUDr. Ing. Jind\u0159ich Kal\u00ed\u0161ek, Ph.D.<\/em><\/strong><br>Hlavn\u00edm c\u00edlem modulu je sezn\u00e1mit studenty s pr\u00e1vn\u00edm ukotven\u00edm a praktick\u00fdmi aspekty v\u00fdkonu role pov\u011b\u0159ence pro ochranu osobn\u00edch \u00fadaj\u016f (DPO) dle Obecn\u00e9ho na\u0159\u00edzen\u00ed o ochran\u011b osobn\u00edch \u00fadaj\u016f (GDPR). Dal\u0161\u00edmi c\u00edli modulu jsou p\u0159estaven\u00ed okruh\u016f znalost\u00ed a rozvoj dovednost\u00ed, kter\u00e9 si mus\u00ed DPO osvojit pro efektivn\u00ed vykon\u00e1v\u00e1n\u00ed sv\u00fdch povinnost\u00ed, a mo\u017enost aplikovat z\u00edskan\u00e9 teoretick\u00e9 poznatky na re\u00e1ln\u00e9 situace t\u00fdkaj\u00edc\u00ed se ochrany osobn\u00edch \u00fadaj\u016f.<br><br><strong>Modul bude pokr\u00fdvat \u010dty\u0159i oblasti:<\/strong><br>Vymezen\u00ed role, \u00fakol\u016f a povinnost\u00ed pov\u011b\u0159ence pro ochranu osobn\u00edch \u00fadaj\u016f (DPO), ve kter\u00e9 se studenti sezn\u00e1m\u00ed s obsahem role DPO, jeho \u00fakoly, pr\u00e1vn\u00edmi povinnostmi a odpov\u011bdnost\u00ed, jako\u017e i s jeho vztahy v\u016f\u010di organizaci, ve kter\u00e9 p\u016fsob\u00ed, subjekt\u016fm \u00fadaj\u016f a dal\u0161\u00edm osob\u00e1m anga\u017eovan\u00fdm ve zpracov\u00e1n\u00ed osobn\u00edch \u00fadaj\u016f. Praktick\u00e9 aspekty v\u00fdkonu role DPO, p\u0159edev\u0161\u00edm jeho zapojen\u00ed do pl\u00e1nov\u00e1n\u00ed, koordinace a implementace programu ochrany osobn\u00edch \u00fadaj\u016f v organizaci, komunikac\u00ed a vy\u0159izov\u00e1n\u00ed pr\u00e1v subjekt\u016f \u00fadaj\u016f, prov\u00e1d\u011bn\u00ed audit\u016f a hodnocen\u00ed dopad\u016f na ochranu osobn\u00edch \u00fadaj\u016f (DPIA) a sou\u010dinnost\u00ed s org\u00e1ny dozoru. Aplikaci teoretick\u00fdch znalost\u00ed na re\u00e1ln\u00e9 situace v oblasti zpracov\u00e1n\u00ed a ochrany osobn\u00edch \u00fadaj\u016f, p\u0159i kter\u00e9 si studenti na p\u0159\u00edpadech z praxe osvoj\u00ed z\u00e1kladn\u00ed metody pr\u00e1ce DPO, vyzkou\u0161\u00ed \u0159e\u0161en\u00ed konkr\u00e9tn\u00edch probl\u00e9m\u016f a v\u00fdzev v oblasti ochrany a zabezpe\u010den\u00ed osobn\u00edch \u00fadaj\u016f, budou diskutovat o mo\u017enostech \u0159e\u0161en\u00ed t\u011bchto situac\u00edch, n\u00e1vrz\u00edch na zlep\u0161en\u00ed a doporu\u010den\u00edch pro efektivn\u00ed v\u00fdkon \u010dinnosti DPO. Z\u00e1v\u011bre\u010dn\u00e9 ov\u011b\u0159en\u00ed z\u00edskan\u00fdch teoretick\u00fdch znalost\u00ed a praktick\u00fdch dovednost\u00ed v oblasti v\u00fdkonu role DPO na p\u0159\u00edpadov\u00e9 studii anebo simulaci jednoduch\u00e9ho p\u0159\u00edkladu z praxe pov\u011b\u0159ence (oboje zpracov\u00e1van\u00e9 ve skupin\u00e1ch). V r\u00e1mci modulu budou krom p\u0159edn\u00e1\u0161ky s praktick\u00fdmi p\u0159\u00edklady vyu\u017eity i interaktivn\u00ed metody v\u00fduky a pr\u00e1ce se studenty, zejm\u00e9na diskuze a skupinov\u00e9 aktivity, pr\u00e1ce s odbornou literaturou a pr\u00e1vn\u00edmi p\u0159edpisy a anal\u00fdza p\u0159\u00edpadov\u00fdch studi\u00ed \u010di simulace p\u0159\u00edpad\u016f z praxe.<br><br><strong>Modul 8 &#8211; Zpracov\u00e1n\u00ed dat v e-commerce a marketingu<\/strong><br><strong><em>JUDr. Vladan R\u00e1mi\u0161, Ph.D., JUDr. Bc. Zden\u011bk Ku\u010dera, Ph.D.<\/em><\/strong><br>V r\u00e1mci tohoto modulu budou p\u0159edstaveny praktick\u00e9 ot\u00e1zky ochrany dat v e-commerce a marketingu. Zam\u011b\u0159\u00edme se prvn\u011b na pr\u00e1vn\u00ed z\u00e1klady zpracov\u00e1n\u00ed a dostate\u010dn\u00e9 komunikov\u00e1n\u00ed subjekt\u016f \u00fadaj\u016f, k\u00fdm jsou \u00fadaje zpracov\u00e1v\u00e1ny. Pozornost bude v\u011bnov\u00e1na i vzor\u016fm souhlas\u016f se zpracov\u00e1n\u00edm osobn\u00edch \u00fadaj\u016f vydan\u00fdch mezin\u00e1rodn\u00edmi organizacemi (nap\u0159. IAB). Prostor bude v\u011bnov\u00e1n i nov\u00fdm form\u00e1m marketingu na internetu, jako je behavior\u00e1ln\u00ed reklama, \u010di RTB.<br>Sou\u010d\u00e1st\u00ed modulu bude t\u00e9\u017e analyzov\u00e1n\u00ed spot\u0159ebitelsk\u00fdch sout\u011b\u017e\u00ed, direct marketingu (e-mailing, sms), nebo marketingu na soci\u00e1ln\u00edch s\u00edt\u00edch z pohledu GDPR, z\u00e1k. 480\/2004 Sb., DSA a ePrivacy regulace.<br><br><strong>Projekt I<\/strong><br><strong><em>JUDr. Ing. Jind\u0159ich Kal\u00ed\u0161ek, Ph.D., JUDr. Jana Soukupov\u00e1<\/em><\/strong><br>Zpracov\u00e1n\u00ed modelov\u00e9ho p\u0159\u00edkladu tradi\u010dn\u00ed metodou (nap\u0159. vytvo\u0159en\u00ed z\u00e1sad zpracov\u00e1n\u00ed \u00fadaj\u016f v organizaci, anal\u00fdza zpracov\u00e1n\u00ed neosobn\u00edch dat v ur\u010dit\u00e9m segmentu, apod.)<br><br><strong>Modul 9 &#8211; Evropsk\u00e9 pr\u00e1vo zpracov\u00e1n\u00ed dat III<\/strong><br><strong><em>JUDr. Vladan R\u00e1mi\u0161, Ph.D., JUDr. Ing. Jind\u0159ich Kal\u00ed\u0161ek, Ph.D., JUDr. Bc. Zden\u011bk Ku\u010dera, Ph.D., JUDr. Jana Soukupov\u00e1<\/em><\/strong><br>V r\u00e1mci tohoto modulu se sezn\u00e1m\u00edme s aktu\u00e1ln\u011b p\u0159ijat\u00fdmi \u010di projedn\u00e1van\u00fdmi p\u0159edpisy zab\u00fdvaj\u00edc\u00edmi se zpracov\u00e1n\u00edm osobn\u00edch \u010di neosobn\u00edch \u00fadaj\u016f. Velk\u00e1 pozornost bude v\u011bnov\u00e1na vz\u00e1jemn\u00e9mu vztahu t\u011bchto p\u0159edpis\u016f a jejich n\u00e1vaznosti na Obecn\u00e9 na\u0159\u00edzen\u00ed o ochran\u011b osobn\u00edch \u00fadaj\u016f a dal\u0161\u00ed existuj\u00edc\u00ed pr\u00e1vn\u00ed p\u0159edpisy. Zab\u00fdvat se budeme zejm\u00e9na t\u011bmito p\u0159edpisy: Na\u0159\u00edzen\u00edm o um\u011bl\u00e9 inteligenci, Aktem o spr\u00e1v\u011b dat, Aktem o datech, Na\u0159\u00edzen\u00edm o digit\u00e1ln\u00edch trz\u00edch, Na\u0159\u00edzen\u00edm o digit\u00e1ln\u00edch slu\u017eb\u00e1ch a dal\u0161\u00edmi p\u0159edpisy.<br><br><strong>Modul 10 &#8211; Zpracov\u00e1n\u00ed dat v bankovnictv\u00ed a finan\u010dnictv\u00ed<br><em>Mgr. Franti\u0161ek Nonnemann<\/em><\/strong><br>P\u0159i poskytov\u00e1n\u00ed a zprost\u0159edkov\u00e1n\u00ed finan\u010dn\u00edch produkt\u016f spot\u0159ebitel\u016fm doch\u00e1z\u00ed k rozs\u00e1hl\u00e9mu zpracov\u00e1n\u00ed jejich osobn\u00edch \u00fadaj\u016f, ale i \u00fadaj\u016f dal\u0161\u00edch osob. Tato oblast z\u00e1rove\u0148 podl\u00e9h\u00e1 velmi komplexn\u00ed regulaci, kter\u00e1 upravuje \u0159adu specifik a dodate\u010dn\u00fdch povinnost\u00ed mj. p\u0159i z\u00edsk\u00e1v\u00e1n\u00ed, zpracov\u00e1n\u00ed a ochran\u011b osobn\u00edch \u00fadaj\u016f. Tento modul se proto bude zab\u00fdvat pr\u00e1v\u011b zpracov\u00e1n\u00edm, vyu\u017eit\u00edm a ochranou dat na finan\u010dn\u00edm trhu a specifick\u00fdm po\u017eadavk\u016fm na finan\u010dn\u00ed instituce.<br>Probr\u00e1ny budou hlavn\u00ed sektorov\u00e9 regulace, zejm\u00e9na z oblasti p\u0159edch\u00e1zen\u00ed legalizace v\u00fdnos\u016f z trestn\u00e9 \u010dinnosti a financov\u00e1n\u00ed terorismu (AML\/CFT), pravidel pro ochranu bankovn\u00edho tajemstv\u00ed, ov\u011b\u0159ov\u00e1n\u00ed \u00fav\u011bruschopnosti, v\u010detn\u011b pravidel pro \u010dinnost \u00fav\u011brov\u00fdch a dlu\u017enick\u00fdch registr\u016f, a dal\u0161\u00ed. Pravidla pro zpracov\u00e1n\u00ed a ochranu dat ve finan\u010dn\u00edm sektoru budou zasazena i do celkov\u00e9ho kontextu \u0159\u00edzen\u00ed rizik finan\u010dn\u00edch instituc\u00ed. A\u0165 u\u017e z pohledu jejich vlastn\u00ed \u010dinnosti, tak i p\u0159i typick\u00fdch situac\u00edch, kdy jsou osobn\u00ed \u00fadaje sd\u00edleny s dal\u0161\u00edmi subjekty \u2013 dodavateli (zpracovateli osobn\u00edch \u00fadaj\u016f) s p\u0159esahem do specifick\u00fdch pravidel pro outsourcing na finan\u010dn\u00edm trhu, dal\u0161\u00edmi poskytovateli finan\u010dn\u00edch produkt\u016f (nap\u0159. prost\u0159ednictv\u00edm \u00fav\u011brov\u00fdch a dlu\u017enick\u00fdch registr\u016f) \u010di spolupracuj\u00edc\u00edmi subjekty, zprost\u0159edkovateli. V tomto kontextu bude diskutov\u00e1no postaven\u00ed, role a odpov\u011bdnost v\u0161ech zapojen\u00fdch subjekt\u016f za pln\u011bn\u00ed povinnost\u00ed podle obecn\u00e9ho na\u0159\u00edzen\u00ed o ochran\u011b osobn\u00edch \u00fadaj\u016f (GDPR) a za zabezpe\u010den\u00ed dat.<br><br><strong>Modul 11 \u2013 Zpracov\u00e1n\u00ed dat ve ve\u0159ejn\u00e9 spr\u00e1v\u011b a pracovn\u011bpr\u00e1vn\u00edch vztaz\u00edch<\/strong><br><strong><em>Mgr. Franti\u0161ek Nonnemann, JUDr. Ing. Jind\u0159ich Kal\u00ed\u0161ek, Ph.D., JUDr. Bc. Zden\u011bk Ku\u010dera, Ph.D.<\/em><\/strong><br>Hlavn\u00edmi c\u00edli modulu je sezn\u00e1mit studenty s pr\u00e1vn\u00ed \u00fapravou, po\u017eadavky a omezen\u00edmi p\u0159i zpracov\u00e1n\u00ed, ochran\u011b a zabezpe\u010den\u00ed osobn\u00edch \u00fadaj\u016f v pracovn\u011bpr\u00e1vn\u00edch vztaz\u00edch a p\u0159i jejich zpracov\u00e1n\u00ed ve ve\u0159ejn\u00e9 spr\u00e1v\u011b a ve\u0159ejnopr\u00e1vn\u00edmi organizacemi. Dal\u0161\u00edmi c\u00edli modulu jsou osvojen\u00ed a rozvoj praktick\u00fdch dovednost\u00ed a princip\u016f spr\u00e1vn\u00e9ho zach\u00e1zen\u00ed s osobn\u00edmi \u00fadaji p\u0159i person\u00e1ln\u00ed pr\u00e1ci a p\u0159i v\u00fdkonu \u00fakol\u016f ve\u0159ejn\u00e9 spr\u00e1vy a samospr\u00e1vy, jako\u017e i umo\u017en\u011bn\u00ed student\u016fm aplikovat teoretick\u00e9 znalosti na konkr\u00e9tn\u00ed p\u0159\u00edklady z praxe.<br><br><strong>Modul bude pokr\u00fdvat n\u00e1sleduj\u00edc\u00ed oblasti:<\/strong><br>Zpracov\u00e1n\u00ed, ochrana a zabezpe\u010den\u00ed osobn\u00edch \u00fadaj\u016f v pracovn\u011bpr\u00e1vn\u00edch vztaz\u00edch, jej\u00edm\u017e p\u0159edm\u011btem bude vymezen\u00ed kategori\u00ed osobn\u00edch \u00fadaj\u016f, kter\u00e9 jsou v pracovn\u011bpr\u00e1vn\u00edch vztaz\u00edch zpracov\u00e1v\u00e1ny, a jejich klasifikace, sezn\u00e1men\u00ed s pr\u00e1vn\u00edmi p\u0159edpisy t\u00fdkaj\u00edc\u00edmi se ochrany osobn\u00edch \u00fadaj\u016f v pracovn\u011bpr\u00e1vn\u00edch vztaz\u00edch (zejm. GDPR, z\u00e1kon o zpracov\u00e1n\u00ed osobn\u00edch \u00fadaj\u016f, z\u00e1kon\u00edk pr\u00e1ce, z\u00e1kon o zam\u011bstnanosti a dal\u0161\u00ed p\u0159edpisy na poli pracovn\u00edho pr\u00e1va a pr\u00e1va soci\u00e1ln\u00edho zabezpe\u010den\u00ed, kter\u00e9 zpracov\u00e1n\u00ed osobn\u00edch \u00fadaj\u016f ovliv\u0148uj\u00ed), specifick\u00fdm postaven\u00edm zam\u011bstnanc\u016f coby subjekt\u016f \u00fadaj\u016f a z\u00e1kon o ochran\u011b osobn\u00edch \u00fadaj\u016f) a pr\u00e1vy a povinnostmi zam\u011bstnavatele a zam\u011bstnance v oblasti ochrany osobn\u00edch \u00fadaj\u016f. <br>Specifika zpracov\u00e1n\u00ed osobn\u00edch \u00fadaj\u016f v pracovn\u00edm prost\u0159ed\u00ed, kter\u00e1 se zam\u011b\u0159\u00ed na konkr\u00e9tn\u00ed dopady zvl\u00e1\u0161tn\u00ed \u00fapravy pracovn\u011bpr\u00e1vn\u00edch vztah\u016f do proces\u016f a evidenc\u00ed nezbytn\u00fdch pro zpracov\u00e1n\u00ed osobn\u00edch \u00fadaj\u016f zam\u011bstnanc\u016f a osob v obdobn\u00e9m postaven\u00ed. Budou diskutov\u00e1ny zp\u016fsoby zpracov\u00e1n\u00ed osobn\u00edch \u00fadaj\u016f v pracovn\u00edm prost\u0159ed\u00ed (nap\u0159. p\u0159i n\u00e1boru nov\u00fdch zam\u011bstnanc\u016f, veden\u00ed person\u00e1ln\u00ed agendy, monitorov\u00e1n\u00ed zam\u011bstnanc\u016f a jejich pracovn\u00edho v\u00fdkonu), omezen\u00ed a povinnosti v oblasti zpracov\u00e1n\u00ed osobn\u00edch \u00fadaj\u016f v pracovn\u00edm prost\u0159ed\u00ed (nap\u0159. z\u00e1sada minim\u00e1ln\u00edho zpracov\u00e1n\u00ed, z\u00e1sada \u00fa\u010delov\u00e9ho omezen\u00ed zpracov\u00e1n\u00ed, pou\u017eitelnost souhlasu subjektu \u00fadaj\u016f apod.).<br>Praktick\u00e9 aspekty ochrany osobn\u00edch \u00fadaj\u016f v pracovn\u011bpr\u00e1vn\u00edch vztaz\u00edch, ve kter\u00e9 se studenti na anal\u00fdze vybran\u00fdch p\u0159\u00edklad\u016f z praxe a diskusi o konkr\u00e9tn\u00edch probl\u00e9mech sezn\u00e1m\u00ed s etick\u00fdmi a pr\u00e1vn\u00edmi ot\u00e1zkami souvisej\u00edc\u00edmi s ochranou osobn\u00edch \u00fadaj\u016f v pracovn\u00edm prost\u0159ed\u00ed (nap\u0159. ot\u00e1zky soukrom\u00ed na pracovi\u0161ti a monitoringu zam\u011bstnanc\u016f, zpracov\u00e1n\u00ed osobn\u00edch \u00fadaj\u016f p\u0159\u00edbuzn\u00fdch zam\u011bstnance a dal\u0161\u00edch t\u0159et\u00edch osob, vyu\u017e\u00edv\u00e1n\u00ed osobn\u00edch \u00fadaj\u016f zam\u011bstnance pro jin\u00e9 \u00fa\u010dely zam\u011bstnavatele apod.). Zpracov\u00e1n\u00ed, ochrana a zabezpe\u010den\u00ed osobn\u00edch \u00fadaj\u016f ve ve\u0159ejn\u00e9 spr\u00e1v\u011b a ve\u0159ejnopr\u00e1vn\u00edmi organizacemi (org\u00e1ny ve\u0159ejn\u00e9 spr\u00e1vy i samospr\u00e1vy), jej\u00edm\u017e p\u0159edm\u011btem bude sezn\u00e1men\u00ed se specifiky tohoto obs\u00e1hl\u00e9ho systematick\u00e9ho zpracov\u00e1n\u00ed (z\u00e1sada z\u00e1konnosti a omezen\u00ed zp\u016fsobil\u00fdch pr\u00e1vn\u00edch titul\u016f ke zpracov\u00e1n\u00ed osobn\u00edch \u00fadaj\u016f, ve\u0159ejnopr\u00e1vn\u00ed povaha zpracov\u00e1n\u00ed a jeho limity, p\u0159enositelnost zpracov\u00e1van\u00fdch osobn\u00edch \u00fadaj\u016f mezi agendami, vybran\u00e9 konkr\u00e9tn\u00ed p\u0159\u00edklady zpracov\u00e1n\u00ed osobn\u00edch \u00fadaj\u016f org\u00e1ny ve\u0159ejn\u00e9 spr\u00e1vy i samospr\u00e1vy, anal\u00fdza zn\u00e1m\u00fdch probl\u00e9m\u016f souvisej\u00edc\u00edch se zpracov\u00e1n\u00edm osobn\u00edch \u00fadaj\u016f \u2013 problematika sd\u00edlen\u00ed osobn\u00edch \u00fadaj\u016f mezi org\u00e1ny, nahl\u00ed\u017een\u00ed do spis\u016f a realizace pr\u00e1v subjekt\u016f \u00fadaj\u016f, doru\u010dov\u00e1n\u00ed a n\u00e1hradn\u00edho doru\u010dov\u00e1n\u00ed atd.), sezn\u00e1men\u00ed s pr\u00e1vn\u00edmi p\u0159edpisy t\u00fdkaj\u00edc\u00edmi se zpracov\u00e1n\u00ed a ochrany osobn\u00edch \u00fadaj\u016f p\u0159i ve\u0159ejnopr\u00e1vn\u00edm zpracov\u00e1n\u00ed (zejm. spr\u00e1vn\u00ed \u0159\u00e1d a dal\u0161\u00ed p\u0159edpisy na poli spr\u00e1vn\u00edho pr\u00e1va a procedury, kter\u00e9 zpracov\u00e1n\u00ed osobn\u00edch \u00fadaj\u016f ovliv\u0148uj\u00ed), specifick\u00fdm postaven\u00edm zam\u011bstnanc\u016f a slu\u017eebn\u00edch zam\u011bstnanc\u016f a pr\u00e1vy a povinnostmi ve\u0159ejnopr\u00e1vn\u00edch osob v oblasti ochrany a zabezpe\u010den\u00ed osobn\u00edch \u00fadaj\u016f. Specifika zpracov\u00e1n\u00ed osobn\u00edch \u00fadaj\u016f v r\u00e1mci ve\u0159ejn\u00e9 spr\u00e1vy, samospr\u00e1vy a ve\u0159ejnopr\u00e1vn\u00edch organizac\u00ed, v n\u00ed\u017e se zam\u011b\u0159\u00edme na konkr\u00e9tn\u00ed dopady ve\u0159ejnopr\u00e1vn\u00edch p\u0159edpis\u016f do vybran\u00fdch proces\u016f a evidenc\u00ed osobn\u00edch \u00fadaj\u016f, jako\u017e i na n\u011bkter\u00e1 konkr\u00e9tn\u00ed, zvl\u00e1\u0161\u0165 v\u00fdznamn\u00e1 zpracov\u00e1n\u00ed osobn\u00edch \u00fadaj\u016f (nap\u0159. veden\u00ed agend a spr\u00e1va agendov\u00fdch syst\u00e9m\u016f, z\u00e1kladn\u00ed registry a souvisej\u00edc\u00ed evidence, problematika voleb a s\u010d\u00edt\u00e1n\u00ed lidu apod.).  Z\u00e1v\u011bre\u010dn\u00e9 ov\u011b\u0159en\u00ed z\u00edskan\u00fdch teoretick\u00fdch znalost\u00ed a v r\u00e1mci ve\u0159ejn\u00e9 spr\u00e1vy, samospr\u00e1vy a ve\u0159ejnopr\u00e1vn\u00edch organizac\u00ed na p\u0159\u00edpadov\u00fdch studi\u00edch a\/nebo simulaci jednoduch\u00e9ho p\u0159\u00edkladu z praxe (oboje zpracov\u00e1van\u00e9 ve skupin\u00e1ch).<br><br><strong>Modul 12 &#8211; Zpracov\u00e1n\u00ed dat ve zdravotnictv\u00ed<br><em>Mgr. Igor Pie\u0161<\/em><\/strong><br>Tento modul se bude zab\u00fdvat zpracov\u00e1n\u00edm, vyu\u017eit\u00edm a ochranou dat v r\u00e1mci zdravotnictv\u00ed se zam\u011b\u0159en\u00edm jak na poskytovatele zdravotn\u00edch slu\u017eeb, tak na v\u00fdrobce zdravotnick\u00fdch prost\u0159edk\u016f a l\u00e9\u010div\u00fdch p\u0159\u00edpravk\u016f. V neposledn\u00ed \u0159ad\u011b se pak modul zam\u011b\u0159\u00ed i na pacienty, kte\u0159\u00ed jsou nositeli pr\u00e1v ke sv\u00fdm osobn\u00edm \u00fadaj\u016fm. V n\u00e1vaznosti na v\u00fdvoj p\u0159ijet\u00ed regulace pak bude p\u0159edm\u011btem modulu i specifick\u00e1 unijn\u00ed regulace, nap\u0159. EHDS. Probr\u00e1ny budou hlavn\u00ed sektorov\u00e9 regulace, zejm\u00e9na z oblasti v\u00fdvoje l\u00e9k\u016f a zdravotnick\u00fdch prost\u0159edk\u016f, poskytov\u00e1n\u00ed zdravotnic\u00edch slu\u017eeb a poskytov\u00e1n\u00ed digit\u00e1ln\u00edch slu\u017eeb, kter\u00e9 souvisej\u00ed s osobn\u00edmi \u00fadaji o zdrav\u00ed. Vztah regulace ochrany \u00fadaj\u016f bude pak vysv\u011btlen i s ohledem na dal\u0161\u00ed sektorovou regulaci.<br>V r\u00e1mci modulu budou diskutov\u00e1ny modelov\u00e9 situace a dopad regulace na konkr\u00e9tn\u00ed situace, nap\u0159. p\u0159ed\u00e1v\u00e1n\u00ed osobn\u00edch \u00fadaj\u016f do zahrani\u010d\u00ed, zapojen\u00ed t\u0159et\u00edch stran p\u0159i poskytov\u00e1n\u00ed slu\u017eeb (datov\u00e1 centra,<br>poskytovatel\u00e9 v\u00fdpo\u010detn\u00ed kapacity, konzultanti) nebo poru\u0161en\u00ed zabezpe\u010den\u00ed osobn\u00edch \u00fadaj\u016f.<br><br><strong>Modul 13 &#8211; Diserta\u010dn\u00ed semin\u00e1\u0159<\/strong><br><strong><em>JUDr. Mgr. Michal Urban, Ph.D.<\/em><\/strong><br>V r\u00e1mci tohoto modulu maj\u00ed studenti z\u00edskat podporu proto, jak napsat kvalitn\u00ed z\u00e1v\u011bre\u010dnou pr\u00e1ci. Ujasn\u00ed si v n\u011bm d\u016fvody, pro\u010d tuto pr\u00e1ci vlastn\u011b zpracov\u00e1vaj\u00ed, zmapuj\u00ed, jak\u00e9 svoje d\u0159\u00edv\u011bj\u0161\u00ed studijn\u00ed a pracovn\u00ed zku\u0161enosti mohou ve sv\u00e9 pr\u00e1ci z\u00faro\u010dit, vyberou, zp\u0159esn\u00ed \u010di je\u0161t\u011b o n\u011bco l\u00e9pe uchop\u00ed vybran\u00e9 t\u00e9ma a z\u00edskaj\u00ed podporu v tom, jak pr\u00e1ci zpracovat co do obsahu i formy. Sou\u010d\u00e1st\u00ed semin\u00e1\u0159e bude mo\u017enost prezentovat z\u00e1kladn\u00ed teze sv\u00e9 pr\u00e1ce \u010di ji\u017e vznikl\u00e9 \u010d\u00e1sti t\u00e9to pr\u00e1ce a obdr\u017eet na n\u011b zp\u011btnou vazbu.<br><br><strong>Projekt II<\/strong><br><strong><em>JUDr. Ing. Jind\u0159ich Kal\u00ed\u0161ek, Ph.D., JUDr. Jana Soukupov\u00e1<\/em><\/strong><br>Zpracov\u00e1n\u00ed modelov\u00e9ho p\u0159\u00edkladu metodou LegalTech<br><br>Absolvov\u00e1n\u00ed LL.M. kurzu bude&nbsp;<strong>\u010ceskou advok\u00e1tn\u00ed komorou<\/strong>&nbsp;uzn\u00e1no jako absolvov\u00e1n\u00ed povinn\u011b voliteln\u00fdch semin\u00e1\u0159\u016f pro advok\u00e1tn\u00ed koncipienty, nebo budou p\u0159izn\u00e1ny kredity&nbsp; pro advok\u00e1ty \u00fa\u010dastn\u00edc\u00ed se projektu&nbsp;Dal\u0161\u00edho vzd\u011bl\u00e1v\u00e1n\u00ed advok\u00e1t\u016f.<br><strong> <\/strong><\/p><\/div><\/div>\n<\/div>\n\n\n\n<div class=\"wp-block-gutentor-m7-tab gutentor-module-tabs-content gm-tc-ad8f44\">\n<p class=\"has-black-color has-text-color has-link-color wp-elements-786668b7cc18d91a9db86642fe4a6f35\"><strong>Programy LL.M.<\/strong><br>Mgr. Jitka Rendlov\u00e1<br>Mgr. Kate\u0159ina Sv\u00edtilov\u00e1<\/p>\n\n\n\n<p class=\"has-black-color has-text-color has-link-color wp-elements-6f8d5b2d877fc5c8c16fc184512e19b0\">Pr\u00e1vnick\u00e1 fakulta<br>n\u00e1m. Curieov\u00fdch 7, Praha 1<br><br><strong>E-mail:&nbsp;<\/strong>llmcz@prf.cuni.cz<strong><br>Telefon:&nbsp;<\/strong>+420&nbsp;221&nbsp;005&nbsp;511<\/p>\n<\/div>\n<\/div><\/div><\/div><\/section>\n<\/div><\/div>\n\n\n\n<div id=\"col-gmcc3803\" class=\"wp-block-gutentor-m4-col col-gmcc3803 gutentor-single-column  grid-lg-4 grid-md-12 grid-12\"><div id=\"section-gmcc3803\" class=\"section-gmcc3803 gutentor-col-wrap\">\n<section id=\"gmaae7be8\" class=\"wp-block-gutentor-m3 section-gmaae7be8 gutentor-module gutentor-container-cover has-color-bg has-custom-bg\"><div class=\"grid-container\">\n<div id=\"section-g667b49\" class=\"wp-block-gutentor-e7 section-g667b49 gutentor-element gutentor-element-list text-align-left-desktop text-align-left-tablet text-align-left-mobile\"><ul class=\"grid-row gutentor-grid-item-wrap list-indicator-icon\"><li class=\"gutentor-list-item grid-lg-12 grid-md-12 grid-12 gutentor-rm-col-space\"><span class=\"gutentor-single-item gutentor-single-item-0\"><span class=\"gutentor-list-item-wrap g-s-list-wrap\"><span class=\"gutentor-single-list-item-icon\"><i class=\"list-item-icon far fa-clock\"><\/i><\/span><span class=\"gutentor-list-item\"><p class=\"gutentor-single-item-title\">Doba trv\u00e1n\u00ed: 4 semestry<\/p><\/span><\/span><\/span><\/li><\/ul><\/div>\n\n\n\n<div id=\"section-g6ccb3d\" class=\"wp-block-gutentor-e7 section-g6ccb3d gutentor-element gutentor-element-list text-align-left-desktop text-align-left-tablet text-align-left-mobile\"><ul class=\"grid-row gutentor-grid-item-wrap list-indicator-icon\"><li class=\"gutentor-list-item grid-lg-12 grid-md-12 grid-12 gutentor-rm-col-space\"><span class=\"gutentor-single-item gutentor-single-item-0\"><span class=\"gutentor-list-item-wrap g-s-list-wrap\"><span class=\"gutentor-single-list-item-icon\"><i class=\"list-item-icon far fa-file\"><\/i><\/span><span class=\"gutentor-list-item\"><p class=\"gutentor-single-item-title\">V\u00fduka prob\u00edh\u00e1 v kombinovan\u00e9 podob\u011b<\/p><\/span><\/span><\/span><\/li><\/ul><\/div>\n\n\n\n<div id=\"section-g1a9f84\" class=\"wp-block-gutentor-e7 section-g1a9f84 gutentor-element gutentor-element-list text-align-left-desktop text-align-left-tablet text-align-left-mobile\"><ul class=\"grid-row gutentor-grid-item-wrap list-indicator-icon\"><li class=\"gutentor-list-item grid-lg-12 grid-md-12 grid-12 gutentor-rm-col-space\"><span class=\"gutentor-single-item gutentor-single-item-0\"><span class=\"gutentor-list-item-wrap g-s-list-wrap\"><span class=\"gutentor-single-list-item-icon\"><i class=\"list-item-icon fas fa-money-bill\"><\/i><\/span><span class=\"gutentor-list-item\"><p class=\"gutentor-single-item-title\">Kurzovn\u00e9 za program LL.M. je stanoveno na<strong> 179 500 K\u010d<\/strong><\/p><\/span><\/span><\/span><\/li><li class=\"gutentor-list-item grid-lg-12 grid-md-12 grid-12 gutentor-rm-col-space\"><span class=\"gutentor-single-item gutentor-single-item-1\"><span class=\"gutentor-list-item-wrap g-s-list-wrap g-s-list-i-icon\"><span class=\"gutentor-single-list-item-icon\"><i class=\"list-item-icon fas fa-desktop\"><\/i><\/span><span class=\"gutentor-list-item\"><p class=\"gutentor-single-item-title\">Term\u00edn pod\u00e1n\u00ed p\u0159ihl\u00e1\u0161ky:<br>od 1. 5. do 15. 8. 2026<\/p><\/span><\/span><\/span><\/li><\/ul><\/div>\n<\/div><\/section>\n\n\n\n<div id=\"section-g79eb61\" class=\"wp-block-gutentor-e2 section-g79eb61 gutentor-element gutentor-element-button g-pos-r-desktop g-pos-r-tablet g-pos-r-mobile button-align-center-desktop button-align-center-tablet button-align-center-mobile\"><span class=\"gutentor-button-wrap\"><a class=\"gutentor-button gutentor-block-button gutentor-icon-hide\" href=\"https:\/\/is.cuni.cz\/studium\/prijimacky\/index.php?id=936c90bd02ab3f11597ebf3259ad8976&amp;tid=&amp;do=detail_kurz&amp;cid=11554\"><i class=\"gutentor-button-icon fas fa-book\"><\/i><span>P\u0159ihl\u00e1sit se<\/span><\/a><\/span><\/div>\n<\/div><\/div>\n<\/div><\/div><\/section>\n\n\n\n<section id=\"gmb862dbc\" class=\"wp-block-gutentor-m4 alignfull section-gmb862dbc gutentor-module gutentor-advanced-columns gutentor-equal-column-height\"><div class=\"grid-container\"><div class=\"grid-row\">\n<div id=\"col-gmf1c862\" class=\"wp-block-gutentor-m4-col col-gmf1c862 gutentor-single-column  grid-lg-12 grid-md-12 grid-12 gutentor-rm-col-space\"><div id=\"section-gmf1c862\" class=\"section-gmf1c862 gutentor-col-wrap has-image-bg has-custom-bg has-gutentor-overlay\">\n<div id=\"section-g9ded0b\" class=\"wp-block-gutentor-e1 section-g9ded0b gutentor-element gutentor-element-advanced-text text-align-center-desktop text-align-center-tablet text-align-center-mobile\"><div class=\"gutentor-text-wrap\"><p class=\"gutentor-text\">M\u00e1te z\u00e1jem o jin\u00fd kurz?<br>Kontaktuje n\u00e1s a p\u0159iprav\u00edme pro v\u00e1s kurz na kl\u00ed\u010d<\/p><\/div><\/div>\n\n\n\n<div id=\"section-g433390\" class=\"wp-block-gutentor-e2 section-g433390 gutentor-element gutentor-element-button button-align-center-desktop button-align-center-tablet button-align-center-mobile\"><span class=\"gutentor-button-wrap\"><a class=\"gutentor-button gutentor-block-button gutentor-icon-hide\" href=\"https:\/\/law.prf.cuni.cz\/juridikum\/kontakty\/\"><i class=\"gutentor-button-icon fas fa-book\"><\/i><span>Kontakty<\/span><\/a><\/span><\/div>\n\n\n\n<p><\/p>\n<\/div><\/div>\n<\/div><\/div><\/section>\n","protected":false},"excerpt":{"rendered":"","protected":false},"author":2,"featured_media":0,"parent":0,"menu_order":0,"comment_status":"closed","ping_status":"closed","template":"template-gutentor-full-width.php","meta":{"_monsterinsights_skip_tracking":false,"_monsterinsights_sitenote_active":false,"_monsterinsights_sitenote_note":"","_monsterinsights_sitenote_category":0,"_kadence_starter_templates_imported_post":false,"footnotes":""},"class_list":["post-2026","page","type-page","status-publish","hentry"],"aioseo_notices":[],"_links":{"self":[{"href":"https:\/\/law.prf.cuni.cz\/juridikum\/wp-json\/wp\/v2\/pages\/2026","targetHints":{"allow":["GET"]}}],"collection":[{"href":"https:\/\/law.prf.cuni.cz\/juridikum\/wp-json\/wp\/v2\/pages"}],"about":[{"href":"https:\/\/law.prf.cuni.cz\/juridikum\/wp-json\/wp\/v2\/types\/page"}],"author":[{"embeddable":true,"href":"https:\/\/law.prf.cuni.cz\/juridikum\/wp-json\/wp\/v2\/users\/2"}],"replies":[{"embeddable":true,"href":"https:\/\/law.prf.cuni.cz\/juridikum\/wp-json\/wp\/v2\/comments?post=2026"}],"version-history":[{"count":78,"href":"https:\/\/law.prf.cuni.cz\/juridikum\/wp-json\/wp\/v2\/pages\/2026\/revisions"}],"predecessor-version":[{"id":4150,"href":"https:\/\/law.prf.cuni.cz\/juridikum\/wp-json\/wp\/v2\/pages\/2026\/revisions\/4150"}],"wp:attachment":[{"href":"https:\/\/law.prf.cuni.cz\/juridikum\/wp-json\/wp\/v2\/media?parent=2026"}],"curies":[{"name":"wp","href":"https:\/\/api.w.org\/{rel}","templated":true}]}}