{"id":1258,"date":"2022-09-18T18:23:45","date_gmt":"2022-09-18T16:23:45","guid":{"rendered":"https:\/\/law.prf.cuni.cz\/juridikum\/?page_id=1258"},"modified":"2026-04-24T14:08:26","modified_gmt":"2026-04-24T12:08:26","slug":"didaktika-prava-i","status":"publish","type":"page","link":"https:\/\/law.prf.cuni.cz\/juridikum\/didaktika-prava-i\/","title":{"rendered":"Didaktika pr\u00e1va I"},"content":{"rendered":"\n<section id=\"gme114ae1\" class=\"wp-block-gutentor-m3 section-gme114ae1 gutentor-module gutentor-container-cover\"><div class=\"grid-container\">\n<div id=\"section-ge80b12\" class=\"wp-block-gutentor-e1 section-ge80b12 gutentor-element gutentor-element-advanced-text text-align-left-desktop text-align-left-tablet text-align-center-mobile\"><div class=\"gutentor-text-wrap\"><h2 class=\"gutentor-text\">Didaktika pr\u00e1va I<\/h2><\/div><\/div>\n<\/div><\/section>\n\n\n\n<section id=\"gm3cc656b\" class=\"wp-block-gutentor-m4 section-gm3cc656b gutentor-module gutentor-advanced-columns\"><div class=\"grid-container\"><div class=\"grid-row\">\n<div id=\"col-gma1bd21\" class=\"wp-block-gutentor-m4-col col-gma1bd21 gutentor-single-column  grid-lg-8 grid-md-12 grid-12\"><div id=\"section-gma1bd21\" class=\"section-gma1bd21 gutentor-col-wrap\">\n<section id=\"section-4b81e05f-77fd-4e29-b2f8-f05ddf293237\" class=\"wp-block-gutentor-image-slider gutentor-section gutentor-image-slider imageSlider-template1\"><div class=\"gutentor-grid-item-wrap\"><div class=\"gutentor-slider-wrapper\" data-dots=\"false\" data-arrows=\"false\" data-infinite=\"false\" data-nextarrow=\"fas fa-angle-right\" data-prevarrow=\"fas fa-angle-left\" data-autoplay=\"false\" data-autoplayspeed=\"5000\" data-fade=\"false\" data-speed=\"3000\"><div class=\"gutentor-slider-item\"><div class=\"gutentor-single-item gutentor-single-item-0\"><div class=\"gutentor-single-item-wrap\"><div class=\"gutentor-single-item-image-box\"><div class=\"gutentor-bg-image\"><\/div><\/div><\/div><\/div><\/div><div class=\"gutentor-slider-item\"><div class=\"gutentor-single-item gutentor-single-item-1\"><div class=\"gutentor-single-item-wrap\"><div class=\"gutentor-single-item-image-box\"><div class=\"gutentor-bg-image\"><\/div><\/div><\/div><\/div><\/div><div class=\"gutentor-slider-item\"><div class=\"gutentor-single-item gutentor-single-item-2\"><div class=\"gutentor-single-item-wrap\"><div class=\"gutentor-single-item-image-box\"><div class=\"gutentor-bg-image\"><\/div><\/div><\/div><\/div><\/div><\/div><\/div><\/section>\n\n\n\n<section id=\"9d9066\" class=\"section-9d9066 gutentor-module gutentor-module-tabs gutentor-tabs-layout-horizontal gutentor-tabs-pos-top\"><div class=\"grid-container\"><div class=\"gutentor-module-tabs-wrap gutentor-tabs-style-outline\" data-id=\"9d9066\"><div class=\"gutentor-module-tabs-nav text-align-left-desktop\"><span class=\"gutentor-module-tabs-item gm-tt-9d9066 gutentor-tabs-nav-active\"><span class=\"gutentor-module-tabs-title\">P\u0159ehled<\/span><\/span><span class=\"gutentor-module-tabs-item gm-tt-9d9066\"><span class=\"gutentor-module-tabs-title\">Anotace<\/span><\/span><span class=\"gutentor-module-tabs-item gm-tt-9d9066\"><span class=\"gutentor-module-tabs-title\">Lektor<\/span><\/span><\/div><div class=\"gutentor-module-tabs-body\">\n<div class=\"wp-block-gutentor-m7-tab gutentor-module-tabs-content gm-tc-9d9066 gutentor-tabs-content-active\">\n<div id=\"section-g74cef1\" class=\"wp-block-gutentor-e1 section-g74cef1 gutentor-element gutentor-element-advanced-text text-align-left-desktop text-align-left-tablet text-align-left-mobile\"><div class=\"gutentor-text-wrap\"><a class=\"gutentor-element-advanced-text-link\" href=\"#\"><h4 class=\"gutentor-text\">Didaktika pr\u00e1va I<\/h4><\/a><\/div><\/div>\n\n\n\n<div id=\"section-g830b0e\" class=\"wp-block-gutentor-e1 section-g830b0e gutentor-element gutentor-element-advanced-text text-align-left-desktop text-align-left-tablet text-align-left-mobile\"><div class=\"gutentor-text-wrap\"><p class=\"gutentor-text\">Kurz didaktiky pr\u00e1va nab\u00edz\u00ed \u00fa\u010dastn\u00edk\u016fm pomoc p\u0159i hled\u00e1n\u00ed zp\u016fsob\u016f, jak efektivn\u011b u\u010dit pr\u00e1vo. Co \u010din\u00ed v\u00fduku pr\u00e1va obzvl\u00e1\u0161t\u011b slo\u017eitou a jak tyto obt\u00ed\u017ee p\u0159ekon\u00e1vat? Jak propojovat pr\u00e1vo funguj\u00edc\u00ed ve sv\u011bt\u011b s hodinami, kde se pr\u00e1vu v\u011bnujeme? Jak vzbuzovat ve studentech v\u011bt\u0161\u00ed z\u00e1jem o pr\u00e1vo? Z\u202fjak\u00fdch v\u00fdukov\u00fdch materi\u00e1l\u016f vych\u00e1zet, kter\u00e9 se osv\u011bd\u010duj\u00ed v praxi, kde lze naj\u00edt dob\u0159e sestaven\u00e9 pl\u00e1ny hodin okam\u017eit\u011b pou\u017eiteln\u00e9 ve v\u00fduce? Do jak\u00fdch projekt\u016f, kter\u00e9\u202fv\u00e1m pomohou u\u010dit pr\u00e1vo je\u0161t\u011b o n\u011bco l\u00e9pe, je mo\u017en\u00e9 zapojit va\u0161i t\u0159\u00eddu \u010di \u0161kolu?&nbsp;<br><br><\/p><\/div><\/div>\n\n\n\n<div id=\"section-g5df4fa\" class=\"wp-block-gutentor-e1 section-g5df4fa gutentor-element gutentor-element-advanced-text text-align-left-desktop text-align-left-tablet text-align-left-mobile\"><div class=\"gutentor-text-wrap\"><a class=\"gutentor-element-advanced-text-link\" href=\"#\"><h4 class=\"gutentor-text\"><\/h4><\/a><\/div><\/div>\n<\/div>\n\n\n\n<div class=\"wp-block-gutentor-m7-tab gutentor-module-tabs-content gm-tc-9d9066\">\n<div id=\"section-gf529e9\" class=\"wp-block-gutentor-e1 section-gf529e9 gutentor-element gutentor-element-advanced-text text-align-left-desktop text-align-left-tablet text-align-left-mobile\"><div class=\"gutentor-text-wrap\"><a class=\"gutentor-element-advanced-text-link\" href=\"#\"><h4 class=\"gutentor-text\">Charakteristika programu:<\/h4><\/a><\/div><\/div>\n\n\n\n<div id=\"section-g755d83\" class=\"wp-block-gutentor-e1 section-g755d83 gutentor-element gutentor-element-advanced-text text-align-left-desktop text-align-left-tablet text-align-left-mobile\"><div class=\"gutentor-text-wrap\"><p class=\"gutentor-text\">Kurz didaktiky pr\u00e1va nab\u00edz\u00ed \u00fa\u010dastn\u00edk\u016fm pomoc p\u0159i hled\u00e1n\u00ed zp\u016fsob\u016f, jak efektivn\u011b u\u010dit pr\u00e1vo. Co \u010din\u00ed v\u00fduku pr\u00e1va obzvl\u00e1\u0161t\u011b slo\u017eitou a jak tyto obt\u00ed\u017ee p\u0159ekon\u00e1vat? Jak propojovat pr\u00e1vo funguj\u00edc\u00ed ve sv\u011bt\u011b s hodinami, kde se pr\u00e1vu v\u011bnujeme? Jak vzbuzovat ve studentech v\u011bt\u0161\u00ed z\u00e1jem o pr\u00e1vo? Z\u202fjak\u00fdch v\u00fdukov\u00fdch materi\u00e1l\u016f vych\u00e1zet, kter\u00e9 se osv\u011bd\u010duj\u00ed v praxi, kde lze naj\u00edt dob\u0159e sestaven\u00e9 pl\u00e1ny hodin okam\u017eit\u011b pou\u017eiteln\u00e9 ve v\u00fduce? Do jak\u00fdch projekt\u016f, kter\u00e9\u202fv\u00e1m pomohou u\u010dit pr\u00e1vo je\u0161t\u011b o n\u011bco l\u00e9pe, je mo\u017en\u00e9 zapojit va\u0161i t\u0159\u00eddu \u010di \u0161kolu?&nbsp;<br><br><strong>Kurz prob\u00edh\u00e1 prim\u00e1rn\u011b prezen\u010dn\u00ed formou, v od\u016fvodn\u011bn\u00fdch a neodkladn\u00fdch p\u0159\u00edpadech v\u0161ak bude umo\u017en\u011bno p\u0159ipojen\u00ed p\u0159es ZOOM<\/strong><br><\/p><\/div><\/div>\n\n\n\n<div id=\"section-gfd150c\" class=\"wp-block-gutentor-e1 section-gfd150c gutentor-element gutentor-element-advanced-text text-align-left-desktop text-align-left-tablet text-align-left-mobile\"><div class=\"gutentor-text-wrap\"><a class=\"gutentor-element-advanced-text-link\" href=\"#\"><h4 class=\"gutentor-text\">\u010casov\u00fd a obsahov\u00fd pl\u00e1n programu:<\/h4><\/a><\/div><\/div>\n\n\n\n<div id=\"section-g07b460\" class=\"wp-block-gutentor-e1 section-g07b460 gutentor-element gutentor-element-advanced-text text-align-left-desktop text-align-left-tablet text-align-left-mobile\"><div class=\"gutentor-text-wrap\"><p class=\"gutentor-text\">Z\u00e1kladn\u00edm c\u00edlem programu je zv\u00fd\u0161it metodologickou vybavenost \u00fa\u010dastn\u00edk\u016f k v\u00fduce pr\u00e1va, tak\u017ee odejdou z kurzu vybaveni \u0159adou aktiviza\u010dn\u00edch technik a metod vhodn\u00fdch pro v\u00fduku pr\u00e1va, stejn\u011b jako pos\u00edlen\u00fdm u\u010ditelsk\u00fdm sebev\u011bdom\u00edm. Ned\u00edlnou sou\u010d\u00e1st\u00ed programu bude n\u00e1cvik a rozbor vybran\u00fdch metod a aktivit.<br><br><strong>Obsahov\u00e1 n\u00e1pl\u0148 kurzu:<\/strong><br>&#8211; aktivity a metody vhodn\u00e9 k v\u00fduce pr\u00e1va<br>&#8211; tipy na konkr\u00e9tn\u00ed osv\u011bd\u010den\u00e9 v\u00fdukov\u00e9 materi\u00e1ly<br>&#8211; simulovan\u00e9 soudy<br>&#8211; zodpov\u011bzen\u00ed ot\u00e1zek \u00fa\u010dastn\u00edk\u016f<\/p><\/div><\/div>\n\n\n\n<div id=\"section-g276343\" class=\"wp-block-gutentor-e1 section-g276343 gutentor-element gutentor-element-advanced-text text-align-left-desktop text-align-left-tablet text-align-left-mobile\"><div class=\"gutentor-text-wrap\"><a class=\"gutentor-element-advanced-text-link\" href=\"#\"><h4 class=\"gutentor-text\">P\u0159edn\u00e1\u0161ej\u00edc\u00ed a m\u00edsto<\/h4><\/a><\/div><\/div>\n\n\n\n<div id=\"section-gf9e713\" class=\"wp-block-gutentor-e1 section-gf9e713 gutentor-element gutentor-element-advanced-text text-align-left-desktop text-align-left-tablet text-align-left-mobile\"><div class=\"gutentor-text-wrap\"><p class=\"gutentor-text\"><strong>Garant kurzu:<\/strong> JUDr. Mgr. Michal Urban, Ph.D.<br><strong>Pracovi\u0161t\u011b zaji\u0161\u0165uj\u00edc\u00ed uskute\u010dn\u011bn\u00ed<\/strong>: Katedra pr\u00e1vn\u00edch dovednost\u00ed<br><strong>M\u00edsto kon\u00e1n\u00ed:<\/strong> Pr\u00e1vnick\u00e1 fakulta, n\u00e1m. Curieov\u00fdch 7, 116 40 Praha 1<\/p><\/div><\/div>\n\n\n\n<div id=\"section-gadf64b\" class=\"wp-block-gutentor-e1 section-gadf64b gutentor-element gutentor-element-advanced-text text-align-left-desktop text-align-left-tablet text-align-left-mobile\"><div class=\"gutentor-text-wrap\"><a class=\"gutentor-element-advanced-text-link\" href=\"#\"><h4 class=\"gutentor-text\">Term\u00edn a d\u00e9lka<\/h4><\/a><\/div><\/div>\n\n\n\n<div id=\"section-gdb863c\" class=\"wp-block-gutentor-e1 section-gdb863c gutentor-element gutentor-element-advanced-text text-align-left-desktop text-align-left-tablet text-align-left-mobile\"><div class=\"gutentor-text-wrap\"><p class=\"gutentor-text\"><strong>Otev\u00edr\u00e1n v akad. roce:<\/strong> 2025\/2026<br><strong>Zah\u00e1jen\u00ed: <\/strong>letn\u00ed semestr, duben<br><strong>D\u00e9lka programu (v semestrech\/kr\u00e1tkodob\u00fd): <\/strong>Kr\u00e1tkodob\u00e9<br><strong>Rozsah: <\/strong>4 hodiny<br><strong>Datum uskute\u010dn\u011bn\u00ed:<\/strong> 28. 4. 2026 <\/p><\/div><\/div>\n\n\n\n<div id=\"section-g55d492\" class=\"wp-block-gutentor-e1 section-g55d492 gutentor-element gutentor-element-advanced-text text-align-left-desktop text-align-left-tablet text-align-left-mobile\"><div class=\"gutentor-text-wrap\"><a class=\"gutentor-element-advanced-text-link\" href=\"#\"><h4 class=\"gutentor-text\">Poplatky a financov\u00e1n\u00ed<\/h4><\/a><\/div><\/div>\n\n\n\n<div id=\"section-gb265f9\" class=\"wp-block-gutentor-e1 section-gb265f9 gutentor-element gutentor-element-advanced-text text-align-left-desktop text-align-left-tablet text-align-left-mobile\"><div class=\"gutentor-text-wrap\"><p class=\"gutentor-text\"><strong>V\u00fd\u0161e \u00faplaty:<\/strong> Cena: 1 950 K\u010d \/ kurz<br><strong>SLEVA&nbsp;<\/strong>pro zam\u011bstnance a studenty UK ve v\u00fd\u0161i&nbsp;<strong>20 %<\/strong><br><\/p><\/div><\/div>\n\n\n\n<div id=\"section-gc5e4b7\" class=\"wp-block-gutentor-e1 section-gc5e4b7 gutentor-element gutentor-element-advanced-text text-align-left-desktop text-align-left-tablet text-align-left-mobile\"><div class=\"gutentor-text-wrap\"><a class=\"gutentor-element-advanced-text-link\" href=\"#\"><h4 class=\"gutentor-text\">P\u0159ihl\u00e1\u0161ka<\/h4><\/a><\/div><\/div>\n\n\n\n<div id=\"section-g16a2ad\" class=\"wp-block-gutentor-e1 section-g16a2ad gutentor-element gutentor-element-advanced-text text-align-left-desktop text-align-left-tablet text-align-left-mobile\"><div class=\"gutentor-text-wrap\"><p class=\"gutentor-text\"><strong>Adresa pro doru\u010den\u00ed p\u0159ihl\u00e1\u0161ky: <\/strong>Pr\u00e1vnick\u00e1 fakulta , n\u00e1m. Curieov\u00fdch 7, Praha 1<br><strong>Pracovi\u0161t\u011b, kam doru\u010dit p\u0159ihl\u00e1\u0161ku: <\/strong>Odd\u011blen\u00ed celo\u017eivotn\u00edho vzd\u011bl\u00e1v\u00e1n\u00ed<br><strong>Kontaktn\u00ed osoba: <\/strong>Bc. Julie Miklovi\u010dov\u00e1<br><strong>E-mail:<\/strong> juridikum@prf.cuni.cz<br><strong>Telefon:<\/strong> 221 005 504<br><strong>Term\u00edn pod\u00e1n\u00ed p\u0159ihl\u00e1\u0161ky:<\/strong> 16. 3. &#8211; 20. 4. 2026<\/p><\/div><\/div>\n\n\n\n<p><\/p>\n<\/div>\n\n\n\n<div class=\"wp-block-gutentor-m7-tab gutentor-module-tabs-content gm-tc-9d9066\">\n<section id=\"gmcbde212\" class=\"wp-block-gutentor-m2 section-gmcbde212 gutentor-module gutentor-dynamic-columns\"><div class=\"grid-container gutentor-rm-ct-space\"><div class=\"grid-row\">\n<div id=\"col-gm42780b\" class=\"wp-block-gutentor-m2-col col-gm42780b gutentor-module gutentor-dynamic-single-column grid-lg-12 grid-md-12 grid-12\"><div id=\"section-gm42780b\" class=\"section-gm42780b gutentor-single-col has-color-bg has-custom-bg\">\n<section id=\"gm6d1c269\" class=\"wp-block-gutentor-m4 section-gm6d1c269 gutentor-module gutentor-advanced-columns\"><div class=\"grid-container gutentor-rm-ct-space\"><div class=\"grid-row\">\n<div id=\"col-gmb5337f\" class=\"wp-block-gutentor-m4-col col-gmb5337f gutentor-single-column  grid-lg-5 grid-md-12 grid-12\"><div id=\"section-gmb5337f\" class=\"section-gmb5337f gutentor-col-wrap\">\n<div id=\"section-gdfd581\" class=\"wp-block-gutentor-e6 section-gdfd581 gutentor-element gutentor-element-image gutentor-enabled-width text-align-center-desktop\"><div class=\"gutentor-element-image-box\"><div class=\"gutentor-image-thumb\"><img decoding=\"async\" class=\"normal-image\" src=\"https:\/\/law.prf.cuni.cz\/juridikum\/wp-content\/uploads\/sites\/4\/2022\/09\/Urban.png\" \/><\/div><\/div><\/div>\n<\/div><\/div>\n\n\n\n<div id=\"col-gm5b4a3f\" class=\"wp-block-gutentor-m4-col col-gm5b4a3f gutentor-single-column  grid-lg-7 grid-md-12 grid-12\"><div id=\"section-gm5b4a3f\" class=\"section-gm5b4a3f gutentor-col-wrap\">\n<div id=\"section-g1c916b\" class=\"wp-block-gutentor-e1 section-g1c916b gutentor-element gutentor-element-advanced-text text-align-left-desktop text-align-center-tablet text-align-center-mobile\"><div class=\"gutentor-text-wrap\"><a class=\"gutentor-element-advanced-text-link\" href=\"#\"><h4 class=\"gutentor-text\">JUDr. Mgr. Michal Urban, Ph.D.<\/h4><\/a><\/div><\/div>\n\n\n\n<div id=\"section-g4fd287\" class=\"wp-block-gutentor-e1 section-g4fd287 gutentor-element gutentor-element-advanced-text text-align-left-desktop text-align-center-tablet text-align-center-mobile\"><div class=\"gutentor-text-wrap\"><p class=\"gutentor-text\">Odborn\u00fd asistent<\/p><\/div><\/div>\n\n\n\n<div id=\"section-g992fdc\" class=\"wp-block-gutentor-e1 section-g992fdc gutentor-element gutentor-element-advanced-text text-align-left-desktop text-align-center-tablet text-align-center-mobile\"><div class=\"gutentor-text-wrap\"><p class=\"gutentor-text\">JUDr. Mgr. Michal Urban, Ph.D. vystudoval pr\u00e1va na Pr\u00e1vnick\u00e9 fakult\u011b Univerzity Karlovy a spole\u010densk\u00e9 v\u011bdy na Pedagogick\u00e9 fakult\u011b UK. V roce 2009 na pra\u017esk\u00fdch pr\u00e1vech zalo\u017eil program Street Law. V sou\u010dasn\u00e9 dob\u011b p\u016fsob\u00ed jako \u010dlen kolegia d\u011bkana Pr\u00e1vnick\u00e9 fakulty UK a na Pr\u00e1vnick\u00e9 fakult\u011b je tak\u00e9 vedouc\u00edm centra pr\u00e1vn\u00edch dovednost\u00ed. Ve sv\u00e9 praxi se v\u011bnuje pr\u00e1vnick\u00e9mu vzd\u011bl\u00e1v\u00e1n\u00ed, didaktice pr\u00e1va a tak\u00e9 pr\u00e1vn\u00ed sociologii.<br><\/p><\/div><\/div>\n<\/div><\/div>\n<\/div><\/div><\/section>\n\n\n\n<div id=\"section-g89437a\" class=\"wp-block-gutentor-e2 section-g89437a gutentor-element gutentor-element-button button-align-center-desktop\"><span class=\"gutentor-button-wrap\"><a class=\"gutentor-button gutentor-block-button gutentor-icon-hide\" href=\"https:\/\/www.prf.cuni.cz\/detail-cloveka\/211727\"><i class=\"gutentor-button-icon fas fa-book\"><\/i><span>V\u00edce o lektorovi zde<\/span><\/a><\/span><\/div>\n<\/div><\/div>\n<\/div><\/div><\/section>\n<\/div>\n<\/div><\/div><\/div><\/section>\n<\/div><\/div>\n\n\n\n<div id=\"col-gm6b2a62\" class=\"wp-block-gutentor-m4-col col-gm6b2a62 gutentor-single-column  grid-lg-4 grid-md-12 grid-12\"><div id=\"section-gm6b2a62\" class=\"section-gm6b2a62 gutentor-col-wrap\">\n<section id=\"gm1d9d488\" class=\"wp-block-gutentor-m3 section-gm1d9d488 gutentor-module gutentor-container-cover has-color-bg has-custom-bg\"><div class=\"grid-container\">\n<div id=\"section-g083fa4\" class=\"wp-block-gutentor-e7 section-g083fa4 gutentor-element gutentor-element-list text-align-left-desktop text-align-left-tablet text-align-left-mobile\"><ul class=\"grid-row gutentor-grid-item-wrap list-indicator-icon\"><li class=\"gutentor-list-item grid-lg-12 grid-md-12 grid-12 gutentor-rm-col-space\"><span class=\"gutentor-single-item gutentor-single-item-0\"><span class=\"gutentor-list-item-wrap g-s-list-wrap\"><span class=\"gutentor-single-list-item-icon\"><i class=\"list-item-icon far fa-clock\"><\/i><\/span><span class=\"gutentor-list-item\"><p class=\"gutentor-single-item-title\">28. 4. 2026<\/p><\/span><\/span><\/span><\/li><\/ul><\/div>\n\n\n\n<div id=\"section-g246f14\" class=\"wp-block-gutentor-e7 section-g246f14 gutentor-element gutentor-element-list text-align-left-desktop text-align-left-tablet text-align-left-mobile\"><ul class=\"grid-row gutentor-grid-item-wrap list-indicator-icon\"><li class=\"gutentor-list-item grid-lg-12 grid-md-12 grid-12 gutentor-rm-col-space\"><span class=\"gutentor-single-item gutentor-single-item-0\"><span class=\"gutentor-list-item-wrap g-s-list-wrap\"><span class=\"gutentor-single-list-item-icon\"><i class=\"list-item-icon fas fa-user-friends\"><\/i><\/span><span class=\"gutentor-list-item\"><p class=\"gutentor-single-item-title\">14:00 &#8211; 18:00 hodin<\/p><\/span><\/span><\/span><\/li><\/ul><\/div>\n\n\n\n<div id=\"section-g2e8dc0\" class=\"wp-block-gutentor-e7 section-g2e8dc0 gutentor-element gutentor-element-list text-align-left-desktop text-align-left-tablet text-align-left-mobile\"><ul class=\"grid-row gutentor-grid-item-wrap list-indicator-icon\"><li class=\"gutentor-list-item grid-lg-12 grid-md-12 grid-12 gutentor-rm-col-space\"><span class=\"gutentor-single-item gutentor-single-item-0\"><span class=\"gutentor-list-item-wrap g-s-list-wrap\"><span class=\"gutentor-single-list-item-icon\"><i class=\"list-item-icon far fa-file\"><\/i><\/span><span class=\"gutentor-list-item\"><p class=\"gutentor-single-item-title\">Certifikace:<br>osv\u011bd\u010den\u00ed o absolvov\u00e1n\u00ed programu<\/p><\/span><\/span><\/span><\/li><\/ul><\/div>\n\n\n\n<div id=\"section-gec1a84\" class=\"wp-block-gutentor-e7 section-gec1a84 gutentor-element gutentor-element-list text-align-left-desktop text-align-left-tablet text-align-left-mobile\"><ul class=\"grid-row gutentor-grid-item-wrap list-indicator-icon\"><li class=\"gutentor-list-item grid-lg-12 grid-md-12 grid-12 gutentor-rm-col-space\"><span class=\"gutentor-single-item gutentor-single-item-0\"><span class=\"gutentor-list-item-wrap g-s-list-wrap\"><span class=\"gutentor-single-list-item-icon\"><i class=\"list-item-icon fas fa-address-card\"><\/i><\/span><span class=\"gutentor-list-item\"><p class=\"gutentor-single-item-title\">Kurz prezen\u010dn\u011b\/<br>online<br><\/p><\/span><\/span><\/span><\/li><\/ul><\/div>\n\n\n\n<div id=\"section-g1b841b\" class=\"wp-block-gutentor-e7 section-g1b841b gutentor-element gutentor-element-list text-align-left-desktop text-align-left-tablet text-align-left-mobile\"><ul class=\"grid-row gutentor-grid-item-wrap list-indicator-icon\"><li class=\"gutentor-list-item grid-lg-12 grid-md-12 grid-12 gutentor-rm-col-space\"><span class=\"gutentor-single-item gutentor-single-item-0\"><span class=\"gutentor-list-item-wrap g-s-list-wrap\"><span class=\"gutentor-single-list-item-icon\"><i class=\"list-item-icon far fa-check-square\"><\/i><\/span><span class=\"gutentor-list-item\"><p class=\"gutentor-single-item-title\">Cena: <br>1950 K\u010d \/ kurz<br><br>SLEVA pro zam\u011bstnance a studenty UK ve v\u00fd\u0161i 20 %<\/p><\/span><\/span><\/span><\/li><\/ul><\/div>\n<\/div><\/section>\n\n\n\n<div id=\"section-g138ea2\" class=\"wp-block-gutentor-e2 section-g138ea2 gutentor-element gutentor-element-button g-pos-r-desktop g-pos-r-tablet g-pos-r-mobile button-align-center-desktop button-align-center-tablet button-align-center-mobile\"><span class=\"gutentor-button-wrap\"><a class=\"gutentor-button gutentor-block-button gutentor-icon-hide\" href=\"https:\/\/is.cuni.cz\/studium\/prijimacky\/index.php?do=detail_kurz&amp;cid=12735\"><i class=\"gutentor-button-icon fas fa-book\"><\/i><span>P\u0159ihla\u0161ov\u00e1n\u00ed<\/span><\/a><\/span><\/div>\n<\/div><\/div>\n<\/div><\/div><\/section>\n\n\n\n<section id=\"gm24c2608\" class=\"wp-block-gutentor-m4 alignfull section-gm24c2608 gutentor-module gutentor-advanced-columns gutentor-equal-column-height\"><div class=\"grid-container\"><div class=\"grid-row\">\n<div id=\"col-gm9e91c1\" class=\"wp-block-gutentor-m4-col col-gm9e91c1 gutentor-single-column  grid-lg-12 grid-md-12 grid-12 gutentor-rm-col-space\"><div id=\"section-gm9e91c1\" class=\"section-gm9e91c1 gutentor-col-wrap has-image-bg has-custom-bg has-gutentor-overlay\">\n<div id=\"section-g3c8599\" class=\"wp-block-gutentor-e1 section-g3c8599 gutentor-element gutentor-element-advanced-text text-align-center-desktop text-align-center-tablet text-align-center-mobile\"><div class=\"gutentor-text-wrap\"><p class=\"gutentor-text\">M\u00e1te z\u00e1jem o jin\u00fd kurz?<br>Kontaktuje n\u00e1s a p\u0159iprav\u00edme pro v\u00e1s kurz na kl\u00ed\u010d<\/p><\/div><\/div>\n\n\n\n<div id=\"section-gbeef1f\" class=\"wp-block-gutentor-e2 section-gbeef1f gutentor-element gutentor-element-button button-align-center-desktop button-align-center-tablet button-align-center-mobile\"><span class=\"gutentor-button-wrap\"><a class=\"gutentor-button gutentor-block-button gutentor-icon-hide\" href=\"https:\/\/law.prf.cuni.cz\/juridikum\/kontakty\/\"><i class=\"gutentor-button-icon fas fa-book\"><\/i><span>Kontakty<\/span><\/a><\/span><\/div>\n\n\n\n<p><\/p>\n<\/div><\/div>\n<\/div><\/div><\/section>\n","protected":false},"excerpt":{"rendered":"","protected":false},"author":2,"featured_media":0,"parent":0,"menu_order":0,"comment_status":"closed","ping_status":"closed","template":"template-gutentor-full-width.php","meta":{"_monsterinsights_skip_tracking":false,"_monsterinsights_sitenote_active":false,"_monsterinsights_sitenote_note":"","_monsterinsights_sitenote_category":0,"_kadence_starter_templates_imported_post":false,"footnotes":""},"class_list":["post-1258","page","type-page","status-publish","hentry"],"aioseo_notices":[],"_links":{"self":[{"href":"https:\/\/law.prf.cuni.cz\/juridikum\/wp-json\/wp\/v2\/pages\/1258","targetHints":{"allow":["GET"]}}],"collection":[{"href":"https:\/\/law.prf.cuni.cz\/juridikum\/wp-json\/wp\/v2\/pages"}],"about":[{"href":"https:\/\/law.prf.cuni.cz\/juridikum\/wp-json\/wp\/v2\/types\/page"}],"author":[{"embeddable":true,"href":"https:\/\/law.prf.cuni.cz\/juridikum\/wp-json\/wp\/v2\/users\/2"}],"replies":[{"embeddable":true,"href":"https:\/\/law.prf.cuni.cz\/juridikum\/wp-json\/wp\/v2\/comments?post=1258"}],"version-history":[{"count":38,"href":"https:\/\/law.prf.cuni.cz\/juridikum\/wp-json\/wp\/v2\/pages\/1258\/revisions"}],"predecessor-version":[{"id":4192,"href":"https:\/\/law.prf.cuni.cz\/juridikum\/wp-json\/wp\/v2\/pages\/1258\/revisions\/4192"}],"wp:attachment":[{"href":"https:\/\/law.prf.cuni.cz\/juridikum\/wp-json\/wp\/v2\/media?parent=1258"}],"curies":[{"name":"wp","href":"https:\/\/api.w.org\/{rel}","templated":true}]}}