{"id":2,"date":"2023-11-17T21:46:31","date_gmt":"2023-11-17T20:46:31","guid":{"rendered":"https:\/\/law.prf.cuni.cz\/revitalizace\/?page_id=2"},"modified":"2026-03-18T11:55:20","modified_gmt":"2026-03-18T10:55:20","slug":"aktuality","status":"publish","type":"page","link":"https:\/\/law.prf.cuni.cz\/fakulta-dvanula\/aktuality\/","title":{"rendered":"Aktuality"},"content":{"rendered":"\n<section id=\"gm5fa2ed4\" class=\"wp-block-gutentor-m4 section-gm5fa2ed4 gutentor-module gutentor-advanced-columns\"><div class=\"grid-container\"><div class=\"grid-row\">\n<div id=\"col-gma0b19f\" class=\"wp-block-gutentor-m4-col col-gma0b19f gutentor-single-column  grid-lg-12 grid-md-12 grid-12\"><div id=\"section-gma0b19f\" class=\"section-gma0b19f gutentor-col-wrap\">\n<section id=\"gmf4ab462\" class=\"wp-block-gutentor-m3 section-gmf4ab462 gutentor-module gutentor-container-cover\"><div class=\"grid-container\">\n<div id=\"section-g39f6a7\" class=\"wp-block-gutentor-e1 section-g39f6a7 gutentor-element gutentor-element-advanced-text text-align-left-desktop text-align-center-tablet text-align-center-mobile\"><div class=\"gutentor-text-wrap\"><p class=\"gutentor-text\">UD\u00c1LOSTI<\/p><\/div><\/div>\n\n\n\n<div class=\"wp-block-columns is-layout-flex wp-container-core-columns-is-layout-1 wp-block-columns-is-layout-flex\">\n<div class=\"wp-block-column is-layout-flow wp-block-column-is-layout-flow\" style=\"flex-basis:100%\">\n<section id=\"section-9e3fd515-2d1c-4f43-b23e-18368cb48224\" class=\"wp-block-gutentor-accordion gutentor-section gutentor-accordion-wrapper accordion-template1\"><div class=\"grid-container\"><div class=\"gutentor-block-header\"><div class=\"gutentor-section-title text-center\"><h2 class=\"gutentor-title\"><\/h2><\/div><\/div><div class=\"grid-row gutentor-grid-item-wrap\"><div class=\"grid-md-12\"><div class=\"gutentor-accordion-wrap\"><div class=\"gutentor-single-item gutentor-single-item-0\"><div class=\"gutentor-single-item-wrap\"><div class=\"gutentor-accordion-heading\"><i class=\"gutentor-accordion-icon open-icon fas fa-chevron-right\"><\/i><i class=\"gutentor-accordion-icon close-icon fas fa-minus\"><\/i><h3 class=\"gutentor-single-item-title\">Prob\u011bhlo setk\u00e1n\u00ed Rady projektu fakulta 2.0<\/h3><\/div><div class=\"gutentor-accordion-body\"><p class=\"gutentor-single-item-desc\">Ve \u010dtvrtek 5. 3. 2026 se v\u00a0budov\u011b fakulty se\u0161li \u010dlenov\u00e9 a \u010dlenky Rady projektu Revitalizace budovy PF UK \u2013 fakulta 2.0. \u00da\u010delem setk\u00e1n\u00ed bylo p\u0159edstaven\u00ed dosavadn\u00edch aktivit a n\u00e1stin dal\u0161\u00edho sm\u011b\u0159ov\u00e1n\u00ed, v\u010detn\u011b informov\u00e1n\u00ed o pr\u016fb\u011bhu aktu\u00e1ln\u00edch prac\u00ed na oprav\u011b fas\u00e1dy a v\u00fdm\u011bn\u011b a repasi oken.<br>Rada projektu fakulta 2.0 sdru\u017euje osobnosti, kter\u00e9 poskytuj\u00ed z\u00e1\u0161titu na\u0161emu sna\u017een\u00ed na \u00farovni mate\u0159sk\u00e9 univerzity nebo z\u00fa\u010dastn\u011bn\u00fdch instituc\u00ed, p\u0159\u00edpadn\u011b jsou to lid\u00e9, jejich\u017e cenn\u00e9 zku\u0161enosti a expertizy projektu pom\u00e1haj\u00ed.<\/p><\/div><\/div><\/div><\/div><div class=\"gutentor-accordion-wrap\"><div class=\"gutentor-single-item gutentor-single-item-1\"><div class=\"gutentor-single-item-wrap\"><div class=\"gutentor-accordion-heading\"><i class=\"gutentor-accordion-icon open-icon fas fa-chevron-right\"><\/i><i class=\"gutentor-accordion-icon close-icon fas fa-minus\"><\/i><h3 class=\"gutentor-single-item-title\">P\u00e1tek 13. Za minutu dvan\u00e1ct. <\/h3><\/div><div class=\"gutentor-accordion-body\"><p class=\"gutentor-single-item-desc\">Symbolicky v\u00a0p\u00e1tek t\u0159in\u00e1ct\u00e9ho za minutu dvan\u00e1ct nasadili d\u011bkan Radim Boh\u00e1\u010d a prod\u011bkanka V\u011bra Honuskov\u00e1 na hlavy ochrann\u00e9 helmy, aby zah\u00e1jili druhou f\u00e1zi revitalizace budovy Pr\u00e1vnick\u00e9 fakulty. <br><a href=\"https:\/\/www.prf.cuni.cz\/aktuality\/dekan-radim-bohac-symbolicky-zahajil-druhou-fazi-revitalizace-fakulty-fasada-a-okna\" target=\"_blank\" rel=\"noopener\" title=\"\">v\u00edce<\/a><\/p><\/div><\/div><\/div><\/div><div class=\"gutentor-accordion-wrap\"><div class=\"gutentor-single-item gutentor-single-item-2\"><div class=\"gutentor-single-item-wrap\"><div class=\"gutentor-accordion-heading\"><i class=\"gutentor-accordion-icon open-icon fas fa-chevron-right\"><\/i><i class=\"gutentor-accordion-icon close-icon fas fa-minus\"><\/i><h3 class=\"gutentor-single-item-title\">V\u00fdstava o historii budovy Pr\u00e1vnick\u00e9 fakulty UK<\/h3><\/div><div class=\"gutentor-accordion-body\"><p class=\"gutentor-single-item-desc\">V \u201eBaz\u00e9nu\u201c je do 11. 4. instalov\u00e1na <a href=\"https:\/\/law.prf.cuni.cz\/fakulta-dvanula\/galerie-5\/\" target=\"_blank\" rel=\"noopener\" title=\"expozice Pr\u00e1vnick\u00e1 fakulta UK v b\u011bhu \u010dasu\">expozice Pr\u00e1vnick\u00e1 fakulta UK v b\u011bhu \u010dasu<\/a>. V\u00fdstava p\u0159edstavuje budovu \u0161koly od prvotn\u00edho st\u00e1dia, kdy se jej\u00ed podoba rodila prost\u0159ednictv\u00edm kreseb v hlav\u011b prof. Jana Kot\u011bry. Dohledat se poda\u0159ilo i fotografie bloku \u010d. IV asana\u010dn\u00edho obvodu na n\u00e1b\u0159e\u017e\u00ed, v jeho\u017e sousedstv\u00ed byl pozd\u011bji postaven most Svatopluka \u010cecha a kter\u00fd byl pro budovu pr\u00e1vnick\u00e9 fakulty vyhrazen. M\u016f\u017eeme tedy vid\u011bt tehdy je\u0161t\u011b pr\u00e1zdn\u00fd prostor, kter\u00fd obch\u00e1z\u00ed skupina postav \u2013 snad z\u00e1stupc\u016f univerzity \u010di dot\u010den\u00fdch \u00fa\u0159ad\u016f, patrn\u011b na obhl\u00eddce m\u00edsta budouc\u00ed stavby, ale tak\u00e9 staveni\u0161t\u011b samotn\u00e9 v\u010detn\u011b d\u011bln\u00edk\u016f, kte\u0159\u00ed se na budov\u00e1n\u00ed nov\u00e9 \u0161koly pod\u00edleli.<br><br>\u010cernob\u00edl\u00e1 s\u00e9rie fotografi\u00ed z d\u00edlny Grafick\u00e9ho z\u00e1vodu Jan \u0160tenc, kter\u00e1 tvo\u0159\u00ed j\u00e1dro v\u00fdstavy, zachycuje d\u00edky propracovan\u00fdm kompozic\u00edm novostavbu coby harmonick\u00fd prostor, jeho\u017e dokonale geometrick\u00e9 \u010dlen\u011bn\u00ed v kombinaci se sv\u011btlem d\u00e1v\u00e1 vyniknout stylov\u00e9 \u010distot\u011b, eleganci a majest\u00e1tnosti, a p\u0159itom ve v\u00fdsledku p\u016fsob\u00ed a\u017e poeticky.<br><br>Kresby Jana Kot\u011bry i zmi\u0148ovan\u00e9 fotografie ze 30. let poch\u00e1zej\u00ed z archivu UK, z\u00e1v\u011br v\u00fdstavy pat\u0159\u00ed barevn\u00fdm fotografi\u00edm Marka Vane\u0161e, kter\u00e9 zachycuj\u00ed sou\u010dasnou podobu budovy v\u010detn\u011b nov\u011b rekonstruovan\u00fdch prostor kav\u00e1rny a relaxa\u010dn\u00ed z\u00f3ny nebo posluch\u00e1rny \u010d. 120.<br>Na v\u00fdstavu, kterou p\u0159ipravilo odd\u011blen\u00ed strategick\u00e9ho rozvoje ve spolupr\u00e1ci s odd\u011blen\u00edm komunikace v r\u00e1mci projektu Revitalizace budovy PF UK \u2013 fakulta 2.0, jste srde\u010dn\u011b zv\u00e1ni.<br><br><\/p><\/div><\/div><\/div><\/div><div class=\"gutentor-accordion-wrap\"><div class=\"gutentor-single-item gutentor-single-item-3\"><div class=\"gutentor-single-item-wrap\"><div class=\"gutentor-accordion-heading\"><i class=\"gutentor-accordion-icon open-icon fas fa-chevron-right\"><\/i><i class=\"gutentor-accordion-icon close-icon fas fa-minus\"><\/i><h3 class=\"gutentor-single-item-title\">Z\u00e1znam rozhovoru se studentem Vojtou Turnerem o specifick\u00fdch pot\u0159eb\u00e1ch<\/h3><\/div><div class=\"gutentor-accordion-body\"><p class=\"gutentor-single-item-desc\">Hostem dal\u0161\u00edho d\u00edlu <a href=\"https:\/\/www.youtube.com\/watch?v=QfKJzqzp6j4\" target=\"_blank\" rel=\"noopener\" title=\"\"><strong>podcastu<\/strong> <strong>zPr\u00e1va<\/strong><\/a> byl student 1. ro\u010dn\u00edku na\u0161\u00ed fakulty Vojta Turner. Kate\u0159ina Balarinov\u00e1 se ho ptala na jeho zku\u0161enosti s\u00a0orientac\u00ed a pohybem po budov\u011b Pr\u00e1vnick\u00e9 fakulty UK s\u00a0ohledem na specifick\u00e9 pot\u0159eby vypl\u00fdvaj\u00edc\u00ed z\u00a0jeho zdravotn\u00edho omezen\u00ed. Dostalo se i na dal\u0161\u00ed, \u201ev\u0161ednodenn\u00ed\u201c t\u00e9mata &#8211; na\u00a0bari\u00e9ry v\u00a0prostoru i komunikaci nebo na to, \u017ee vylet\u011bt z\u00a0\u201e\u0158\u00edmana\u201c pat\u0159\u00ed k\u00a0v\u011bci. <\/p><\/div><\/div><\/div><\/div><div class=\"gutentor-accordion-wrap\"><div class=\"gutentor-single-item gutentor-single-item-4\"><div class=\"gutentor-single-item-wrap\"><div class=\"gutentor-accordion-heading\"><i class=\"gutentor-accordion-icon open-icon fas fa-chevron-right\"><\/i><i class=\"gutentor-accordion-icon close-icon fas fa-minus\"><\/i><h3 class=\"gutentor-single-item-title\">Prezentace k udr\u017eiteln\u00e9mu rozvoji <\/h3><\/div><div class=\"gutentor-accordion-body\"><p class=\"gutentor-single-item-desc\"><strong><a href=\"https:\/\/www.prf.cuni.cz\/sites\/default\/files\/uploads\/files\/04_PF_UR_C%CC%8Cerychova%CC%81.pdf\" title=\"UDR\u017dITELN\u00dd ROZVOJ na Pr\u00e1vnick\u00e9 fakult\u011b UK\">UDR\u017dITELN\u00dd ROZVOJ na Pr\u00e1vnick\u00e9 fakult\u011b UK<\/a><\/strong><br><br><strong><a href=\"https:\/\/www.prf.cuni.cz\/sites\/default\/files\/uploads\/files\/05_RUK_OV_GIS_KooKooUR_20241031.pdf\" title=\"Geografick\u00fd informa\u010dn\u00ed syst\u00e9m\">Geografick\u00fd informa\u010dn\u00ed syst\u00e9m<\/a><\/strong><br><strong><br><a href=\"https:\/\/www.prf.cuni.cz\/sites\/default\/files\/uploads\/files\/03_Prezentace_KooKooUR_Impact%20Rankings_31-10-2024.pdf\" title=\"THE ImpactRankings\">THE Impact Rankings<\/a><br><br><a href=\"https:\/\/www.prf.cuni.cz\/sites\/default\/files\/uploads\/files\/02_KooKooUR_rijen_2024.pdf\" title=\"Setk\u00e1n\u00ed Koordin\u00e1tor\u016f Koordin\u00e1torek Udr\u017eiteln\u00e9ho rozvoje\">Setk\u00e1n\u00ed Koordin\u00e1tor\u016f Koordin\u00e1torek Udr\u017eiteln\u00e9ho rozvoje<\/a><br><br><a href=\"https:\/\/www.prf.cuni.cz\/sites\/default\/files\/uploads\/files\/Zapis_KooKooUR_rijen_2024.pdf\" title=\"\">Zelen\u00e9 dovednosti na UK<\/a><\/strong><br>\u00a0<br>\u00a0<\/p><\/div><\/div><\/div><\/div><div class=\"gutentor-accordion-wrap\"><div class=\"gutentor-single-item gutentor-single-item-5\"><div class=\"gutentor-single-item-wrap\"><div class=\"gutentor-accordion-heading\"><i class=\"gutentor-accordion-icon open-icon fas fa-chevron-right\"><\/i><i class=\"gutentor-accordion-icon close-icon fas fa-minus\"><\/i><h3 class=\"gutentor-single-item-title\">Ohl\u00e9dnut\u00ed za Dnem udr\u017eiteln\u00e9ho rozvoje na PF UK<\/h3><\/div><div class=\"gutentor-accordion-body\"><p class=\"gutentor-single-item-desc\"><strong>V \u00fater\u00fd 8. 10. 2024 se pr\u00e1vnick\u00e1 fakulta p\u0159ipojila k Evropsk\u00e9mu t\u00fddnu udr\u017eiteln\u00e9ho rozvoje formou aktivit, kter\u00e9 se letos vztahovaly k t\u00e9mat\u016fm odpad\u016f, re-use a cirkul\u00e1rn\u00ed ekonomiky.<\/strong><br><br>V atriu prob\u011bhl swap o\u0161acen\u00ed a studijn\u00edch materi\u00e1l\u016f a b\u011bhem cel\u00e9ho dne tu byla prom\u00edt\u00e1na report\u00e1\u017e z <strong><a href=\"https:\/\/reuseusti.cz\/\" target=\"_blank\" rel=\"noopener\" title=\"\">ReUse-CEntra \u00dast\u00ed nad Labem<\/a><\/strong> spolu se spoty s environment\u00e1ln\u00ed tematikou, kter\u00e9 podle sv\u00fdch n\u00e1m\u011bt\u016f nato\u010dili studenti a studentky ve spolupr\u00e1ci s odd\u011blen\u00edm komunikace. Do t\u00e9to aktivity se zapojil i d\u011bkan fakulty Radim Boh\u00e1\u010d coby aktivn\u00ed propag\u00e1tor cyklodopravy.<br><br>Odborn\u00fd program, na jeho\u017e p\u0159\u00edprav\u011b se vyjma d\u00e1le zm\u00edn\u011bn\u00fdch p\u0159edn\u00e1\u0161ej\u00edc\u00edch pod\u00edleli \u010dlenov\u00e9 <strong><a href=\"https:\/\/www.prf.cuni.cz\/171\/katedra-prava-zivotniho-prostredi\" title=\"\">Katedry pr\u00e1va \u017eivotn\u00edho prost\u0159ed\u00ed<\/a><\/strong> <strong>Vojt\u011bch Stejskal<\/strong>, <strong>Jakub Straka<\/strong> a <strong>Piero Orlandin<\/strong>, zahrnoval p\u0159edn\u00e1\u0161ku na t\u00e9ma <em>Aktu\u00e1ln\u00ed ot\u00e1zky pr\u00e1vn\u00ed \u00fapravy ob\u011bhov\u00e9ho hospod\u00e1\u0159stv\u00ed <\/em><strong>Jana Mar\u0161\u00e1ka<\/strong> z Ministerstva \u017eivotn\u00edho prost\u0159ed\u00ed ve spolupr\u00e1ci s <strong>Michalem Sobotkou<\/strong>, a tak\u00e9 besedu s <strong>Karolinou \u017d\u00e1kovskou<\/strong> o re-use centrech a souvisej\u00edc\u00edch pr\u00e1vn\u00edch i praktick\u00fdch ot\u00e1zk\u00e1ch, kter\u00e1 navazovala na ji\u017e zm\u00edn\u011bnou report\u00e1\u017e prom\u00edtanou v baz\u00e9nu.<br><br>Fakultn\u00ed p\u00e1ternoster poslou\u017eil jako kulisa <em>\u201cCirkuluj\u00edc\u00edho workshopu s prvky re-use\u201d<\/em>&#8211; konceptu\u00e1ln\u00ed instalace v\u00fdtvarn\u00edka <strong><a href=\"http:\/\/www.janturner.info\/\" target=\"_blank\" rel=\"noopener\" title=\"\">Jana Turnera<\/a><\/strong>. Toto d\u00edlo bylo zalo\u017een\u00e9 na h\u0159e s normativn\u00edm jazykem, um\u011blec z\u00e1rove\u0148 vyu\u017eil star\u00e9 Sb\u00edrky z\u00e1kon\u016f, knihy, kter\u00e9 v d\u016fsledk\u016f digitalizace p\u0159edpis\u016f v podstat\u011b ztratily svou funkci, a kter\u00e9 v pr\u016fb\u011bhu dne d\u00edky v\u0161em, kdo se zapojili, cirkulovaly p\u00e1ternosterem.<br><br>D\u011bkan fakulty Radim Boh\u00e1\u010d se setkal se z\u00e1stupci spole\u010dnosti <strong><a href=\"https:\/\/www.balanceclub.cz\/cs\/\" target=\"_blank\" rel=\"noopener\" title=\"\">Balance Club Brumlovka, a.s.<\/a><\/strong>, <strong>Martinem Ungrem<\/strong>, <strong>Petrou Tyrpeklovou<\/strong> a <strong>Barborou Kovandovou<\/strong> a pod\u011bkoval jim jm\u00e9nem fakulty za vst\u0159\u00edcnost a velkorysost p\u0159i prodeji 39 pou\u017eit\u00fdch \u010daloun\u011bn\u00fdch sed\u00e1k\u016f. V souladu s univerzitn\u00ed strategi\u00ed udr\u017eiteln\u00fdch n\u00e1kup\u016f a podpory re-use tak fakulta z\u00edskala za symbolickou cenu mobili\u00e1\u0159, kter\u00fd sv\u00fdm minimalistick\u00e9m designem vhodn\u011b koresponduje s prostorem atria, a nav\u00edc se poda\u0159ilo nav\u00fd\u0161it kapacitu m\u00edst k sezen\u00ed ve spole\u010dn\u00fdch prostor\u00e1ch. Pozv\u00e1n\u00ed na akci p\u0159ijala a programu se z\u00fa\u010dastnila tak\u00e9 <strong>Nikola Rusov\u00e1<\/strong>, mana\u017eerka udr\u017eiteln\u00e9ho rozvoje na UK.<br><br>K dispozici byly nov\u00e9 a opakovan\u011b pou\u017eiteln\u00e9 kel\u00edmky na k\u00e1vu a tak\u00e9 l\u00e1hve na vodu s logem fakulta 2.0, jejich\u017e prodej podpo\u0159il jak intern\u00ed projekt revitalizace budovy, tak snahy o omezen\u00ed produkce odpadu na fakult\u011b.<br><br>Den udr\u017eiteln\u00e9ho rozvoje organizovalo fakultn\u00ed odd\u011blen\u00ed strategick\u00e9ho rozvoje, jeho\u017e vedouc\u00ed Pavla \u010cerychov\u00e1 je z\u00e1rove\u0148 koordin\u00e1torkou udr\u017eiteln\u00e9ho rozvoje na PF UK.<\/p><\/div><\/div><\/div><\/div><div class=\"gutentor-accordion-wrap\"><div class=\"gutentor-single-item gutentor-single-item-6\"><div class=\"gutentor-single-item-wrap\"><div class=\"gutentor-accordion-heading\"><i class=\"gutentor-accordion-icon open-icon fas fa-chevron-right\"><\/i><i class=\"gutentor-accordion-icon close-icon fas fa-minus\"><\/i><h3 class=\"gutentor-single-item-title\">Z\u00e1znam rozhovoru s PhDr. Michalem Patrn\u00fdm, autorem stavebn\u011b-historick\u00e9ho pr\u016fzkumu.<\/h3><\/div><div class=\"gutentor-accordion-body\"><p class=\"gutentor-single-item-desc\">Hostem fakultn\u00edho\u00a0<a href=\"https:\/\/www.youtube.com\/watch?v=vtqi91bYM50&amp;list=PLaAC9FU2V9TT4FcCkKuKmyW2_wriwVBMy&amp;index=1\" target=\"_blank\" rel=\"noopener\" title=\"\"><strong>Podcastu zPr\u00e1va<\/strong><\/a> byl historik um\u011bn\u00ed PhDr. Michal Patrn\u00fd, kter\u00fd je autorem stavebn\u011b historick\u00e9ho pr\u016fzkumu budovy Pr\u00e1vnick\u00e9 fakulty UK. Rozhovor s\u00a0n\u00edm vedla Kate\u0159ina Balarinov\u00e1 a dozv\u00edte se z n\u011bj, k\u00a0\u010demu stavebn\u011b-historick\u00fd pr\u016fzkum slou\u017e\u00ed, a hlavn\u011b jak\u00e1 byla geneze vzniku stavby, kter\u00e1 je u\u017e t\u00e9m\u011b\u0159 sto let kulisou a z\u00e1zem\u00edm pro v\u00fduku a studium pr\u00e1va. Jak se k\u00a0navrhov\u00e1n\u00ed dostal Jan Kot\u011bra? \u0160lo v\u0161echno hladce? Kde se tu vzal Ladislav Macho\u0148 a co pro fakultu znamenalo jeho anga\u017em\u00e1? A pro\u010d si na\u0161\u00ed budovy cenit? V\u0161echny tyto a dal\u0161\u00ed ot\u00e1zky PhDr. Patrn\u00fd zodpov\u011bd\u011bl, a nav\u00edc se rozvypr\u00e1v\u011bl i o tom, jak to na fakult\u011b vypadalo 17. listopadu 1939. Nenechte si to uj\u00edt.<br><\/p><\/div><\/div><\/div><\/div><div class=\"gutentor-accordion-wrap\"><div class=\"gutentor-single-item gutentor-single-item-7\"><div class=\"gutentor-single-item-wrap\"><div class=\"gutentor-accordion-heading\"><i class=\"gutentor-accordion-icon open-icon fas fa-chevron-right\"><\/i><i class=\"gutentor-accordion-icon close-icon fas fa-minus\"><\/i><h3 class=\"gutentor-single-item-title\">Vyhodnocen\u00ed ankety \u201cJakou fakultu chcete?\u201d<\/h3><\/div><div class=\"gutentor-accordion-body\"><p class=\"gutentor-single-item-desc\">C\u00edlem \u0161et\u0159en\u00ed, kter\u00e9 prob\u011bhlo v obdob\u00ed 13. 11. 2023 \u2013 31. 12. prost\u0159ednictv\u00edm online n\u00e1stroje<br>Microsoft Forms, bylo z\u00edskat podklad pro zad\u00e1n\u00ed revitalizace budovy. <br><br>Chceme revitalizaci pojmout koncep\u010dn\u011b, proto jako jeden z podklad\u016f zji\u0161\u0165ujeme, jak jsou u\u017eivatel\u00e9 budovy Pr\u00e1vnick\u00e9 fakulty UK spokojeni se stavem fakultn\u00edho z\u00e1zem\u00ed. Spokojenost n\u00e1s zaj\u00edmala jak z hlediska u\u017e\u00edvany\u0301ch prostor\u016f, tak i jejich vybaven\u00ed.<br><br>Okruhy ot\u00e1zek byly stanoveny pro t\u0159i skupiny osob: studuj\u00edc\u00ed, akademi\u010dt\u00ed pracovn\u00edci<br>a pracovnice a technicko-hospod\u00e1\u0159\u0161t\u00ed pracovn\u00edci a pracovnice. V n\u00e1vaznosti na specifika<br>t\u011bchto skupin se ot\u00e1zky li\u0161ily.<br><br><strong>Vyhodnocen\u00ed ankety<\/strong> naleznete <strong><a href=\"https:\/\/www.prf.cuni.cz\/sites\/default\/files\/uploads\/files\/Vyhodnoceni%CC%81i_ankety.pdf\" target=\"_blank\" rel=\"noopener\" title=\"ZDE\">ZDE<\/a><\/strong><\/p><\/div><\/div><\/div><\/div><div class=\"gutentor-accordion-wrap\"><div class=\"gutentor-single-item gutentor-single-item-8\"><div class=\"gutentor-single-item-wrap\"><div class=\"gutentor-accordion-heading\"><i class=\"gutentor-accordion-icon open-icon fas fa-chevron-right\"><\/i><i class=\"gutentor-accordion-icon close-icon fas fa-minus\"><\/i><h3 class=\"gutentor-single-item-title\">Projekt <a href=\"https:\/\/www.instagram.com\/fakulta_2.0\/#\">fakulta 2.0<\/a> na soci\u00e1ln\u00edch s\u00edt\u00edch<\/h3><\/div><div class=\"gutentor-accordion-body\"><p class=\"gutentor-single-item-desc\">Sledujte n\u00e1\u0161 profil <strong>@fakulta_2.0<\/strong> a m\u011bjte jako prvn\u00ed p\u0159ehled o v\u0161em, co pro v\u00e1s p\u0159ipravujeme. Zve\u0159ej\u0148ovat budeme nejen zaj\u00edmav\u00e9 fotky, ale i pozv\u00e1nky, p\u0159ehledy a mnoho dal\u0161\u00edho!<br><br><img loading=\"lazy\" decoding=\"async\" width=\"600\" height=\"600\" class=\"wp-image-1513\" style=\"width: 100px\" src=\"https:\/\/law.prf.cuni.cz\/fakulta-dvanula\/wp-content\/uploads\/sites\/20\/2024\/02\/profil-kopie-1.png\" alt=\"\"><br><br><\/p><\/div><\/div><\/div><\/div><div class=\"gutentor-accordion-wrap\"><div class=\"gutentor-single-item gutentor-single-item-9\"><div class=\"gutentor-single-item-wrap\"><div class=\"gutentor-accordion-heading\"><i class=\"gutentor-accordion-icon open-icon fas fa-chevron-right\"><\/i><i class=\"gutentor-accordion-icon close-icon fas fa-minus\"><\/i><h3 class=\"gutentor-single-item-title\">M\u00e1me nov\u00e9 hrne\u010dky!<\/h3><\/div><div class=\"gutentor-accordion-body\"><p class=\"gutentor-single-item-desc\">M\u00e1me pro v\u00e1s kr\u00e1snou <strong>limitku kel\u00edmk\u016f na k\u00e1vu<\/strong> jako prvn\u00ed vla\u0161tovku na\u0161ich snah o sn\u00ed\u017een\u00ed mno\u017estv\u00ed odpadu. Cena bude v\u00edc ne\u017e p\u0159\u00edzniv\u00e1 a vzpom\u00ednky na fakultn\u00ed chill out s p\u0159\u00e1teli si m\u016f\u017eete s sebou nosit u\u017e nav\u017edy.<br><br><img loading=\"lazy\" decoding=\"async\" width=\"1080\" height=\"1080\" class=\"wp-image-1502\" style=\"width: 300px\" src=\"https:\/\/law.prf.cuni.cz\/fakulta-dvanula\/wp-content\/uploads\/sites\/20\/2024\/02\/Kopie-na\u0301vrhu-Kopie-na\u0301vrhu-Kopie-na\u0301vrhu-Kopie-na\u0301vrhu-Kopie-na\u0301vrhu-Kopie-na\u0301vrhu-Pr\u030cidat-nadpis-Your-Story-Pr\u030ci\u0301spe\u030cvek-na-Instagramu-2.png\" alt=\"\"><br><\/p><\/div><\/div><\/div><\/div><div class=\"gutentor-accordion-wrap\"><div class=\"gutentor-single-item gutentor-single-item-10\"><div class=\"gutentor-single-item-wrap\"><div class=\"gutentor-accordion-heading\"><i class=\"gutentor-accordion-icon open-icon fas fa-chevron-right\"><\/i><i class=\"gutentor-accordion-icon close-icon fas fa-minus\"><\/i><h3 class=\"gutentor-single-item-title\">Pozv\u00e1nka na otev\u0159en\u00ed rekonstruovan\u00e9 relaxa\u010dn\u00ed z\u00f3ny a prostoru kav\u00e1rny<\/h3><\/div><div class=\"gutentor-accordion-body\"><p class=\"gutentor-single-item-desc\">V\u00e1\u017een\u00e9 kolegyn\u011b, v\u00e1\u017een\u00ed kolegov\u00e9,<br>\u00a0<br>p\u0159ijm\u011bte na\u0161e pozv\u00e1n\u00ed k otev\u0159en\u00ed renovovan\u00e9 fakultn\u00ed kav\u00e1rny a nov\u00e9 relaxa\u010dn\u00ed z\u00f3ny v p\u0159\u00edzem\u00ed fakulty. M\u011bli jsme tento krok v pl\u00e1nu (dokonce i v tom strategick\u00e9m pro roky 2021\u20132025), proto\u017ee chceme zajistit v\u0161em, co na fakult\u011b p\u016fsob\u00ed, co nejlep\u0161\u00ed z\u00e1zem\u00ed ke studiu, v\u00fduce, b\u00e1d\u00e1n\u00ed a pr\u00e1ci obecn\u011b. A oddych k tomuto z\u00e1zem\u00ed neodmysliteln\u011b pat\u0159\u00ed.<br>\u00a0<br>Ke spolupr\u00e1ci v projektu rekonstrukce kav\u00e1rny a relaxa\u010dn\u00ed z\u00f3ny jsme z \u0159ady do\u0161l\u00fdch nab\u00eddek vybrali architektonick\u00e9 studio \u010cty\u0159i st\u011bny, s.r.o., kter\u00e9 se specializuje na n\u00e1vrhy interi\u00e9r\u016f a\u00a0reziden\u010dn\u00edch objekt\u016f. Z\u00e1m\u011brem autorek a autor\u016f nov\u00e9ho pojet\u00ed zmi\u0148ovan\u00fdch prostor bylo nav\u00e1zat na\u00a0p\u016fvodn\u00ed architekturu co do prvk\u016f, detail\u016f i materi\u00e1l\u016f, tak, aby v\u00fdsledkem byla modern\u011b a sv\u011b\u017ee p\u016fsob\u00edc\u00ed kav\u00e1rna, co\u017e se, jak douf\u00e1me, poda\u0159ilo. Vznikl tu nov\u00fd, reprezentativn\u00ed prostor, kter\u00fd nab\u00edz\u00ed r\u016fznorod\u00e9 vyu\u017eit\u00ed. Jedna z jeho \u010d\u00e1st\u00ed je v\u011bnov\u00e1na n\u00e1padit\u011b stup\u0148ovit\u011b \u0159e\u0161en\u00e9 \u201etich\u00e9\u201c studovn\u011b, je zde tak\u00e9 \u010d\u00edt\u00e1rna s\u00a0pohodln\u00fdm m\u011bkk\u00fdm posezen\u00edm v\u00a0k\u0159eslech nebo na \u010daloun\u011bn\u00e9m n\u00e1bytku. Kav\u00e1rnu osv\u011b\u017eil nov\u00fd barov\u00fd pult, modern\u00ed kav\u00e1rensk\u00e9 stoly a\u00a0\u017eidle. Ty byly v\u00a0kombinaci s\u00a0\u010daloun\u011bn\u00fdm n\u00e1bytkem zvoleny tak, aby se doc\u00edlilo v\u011bt\u0161\u00ed intimity a lep\u0161\u00ed akustiky prostoru.\u00a0<br>\u00a0<br>Srde\u010dn\u011b si v\u00e1s proto dovolujeme pozvat: zastavte se v \u00fater\u00fd <strong>20.  2.<\/strong> v <strong>17<\/strong> hodin v\u00a0kav\u00e1rn\u011b Coffee Break na \u0161\u00e1lek k\u00e1vy a drobn\u00e9 ob\u010derstven\u00ed spojen\u00e9 se slavnostn\u00edm otev\u0159en\u00edm relaxa\u010dn\u00ed z\u00f3ny a kav\u00e1rny v nov\u00e9m h\u00e1vu. P\u0159i t\u00e9to p\u0159\u00edle\u017eitosti budou tak\u00e9 vylosov\u00e1ni t\u0159i respondenti ankety \u201cJakou chcete fakultu?\u201d\u00a0<br><br>Prof. JUDr. Radim Boh\u00e1\u010d, Ph. D.,<br><em>d\u011bkan fakulty<\/em><br><br>JUDr. V\u011bra Honuskov\u00e1, Ph.D.,<br><em>prod\u011bkanka pro rozvoj fakulty<\/em><br><br><br><img loading=\"lazy\" decoding=\"async\" width=\"595\" height=\"281\" class=\"wp-image-1196\" style=\"width: 900px\" src=\"https:\/\/law.prf.cuni.cz\/fakulta-dvanula\/wp-content\/uploads\/sites\/20\/2024\/02\/20.2.pozvanka_I-1.png\" alt=\"\"><br><br><\/p><\/div><\/div><\/div><\/div><\/div><\/div><\/div><\/section>\n<\/div>\n<\/div>\n<\/div><\/section>\n\n\n\n<section id=\"gm6048318\" class=\"wp-block-gutentor-m3 section-gm6048318 gutentor-module gutentor-container-cover\"><div class=\"grid-container\"><div class=\"wp-block-image\">\n<figure class=\"alignright size-full is-resized\"><img loading=\"lazy\" decoding=\"async\" width=\"1250\" height=\"1250\" src=\"https:\/\/law.prf.cuni.cz\/fakulta-dvanula\/wp-content\/uploads\/sites\/20\/2024\/02\/obr-1.png\" alt=\"\" class=\"wp-image-432\" style=\"aspect-ratio:1;width:228px;height:auto\" \/><\/figure><\/div><\/div><\/section>\n<\/div><\/div>\n<\/div><\/div><\/section>\n","protected":false},"excerpt":{"rendered":"","protected":false},"author":2,"featured_media":0,"parent":0,"menu_order":0,"comment_status":"closed","ping_status":"closed","template":"template-gutentor-full-width.php","meta":{"_monsterinsights_skip_tracking":false,"_monsterinsights_sitenote_active":false,"_monsterinsights_sitenote_note":"","_monsterinsights_sitenote_category":0,"_kadence_starter_templates_imported_post":false,"footnotes":""},"class_list":["post-2","page","type-page","status-publish","hentry"],"aioseo_notices":[],"_links":{"self":[{"href":"https:\/\/law.prf.cuni.cz\/fakulta-dvanula\/wp-json\/wp\/v2\/pages\/2","targetHints":{"allow":["GET"]}}],"collection":[{"href":"https:\/\/law.prf.cuni.cz\/fakulta-dvanula\/wp-json\/wp\/v2\/pages"}],"about":[{"href":"https:\/\/law.prf.cuni.cz\/fakulta-dvanula\/wp-json\/wp\/v2\/types\/page"}],"author":[{"embeddable":true,"href":"https:\/\/law.prf.cuni.cz\/fakulta-dvanula\/wp-json\/wp\/v2\/users\/2"}],"replies":[{"embeddable":true,"href":"https:\/\/law.prf.cuni.cz\/fakulta-dvanula\/wp-json\/wp\/v2\/comments?post=2"}],"version-history":[{"count":97,"href":"https:\/\/law.prf.cuni.cz\/fakulta-dvanula\/wp-json\/wp\/v2\/pages\/2\/revisions"}],"predecessor-version":[{"id":2855,"href":"https:\/\/law.prf.cuni.cz\/fakulta-dvanula\/wp-json\/wp\/v2\/pages\/2\/revisions\/2855"}],"wp:attachment":[{"href":"https:\/\/law.prf.cuni.cz\/fakulta-dvanula\/wp-json\/wp\/v2\/media?parent=2"}],"curies":[{"name":"wp","href":"https:\/\/api.w.org\/{rel}","templated":true}]}}